{"id":54745,"date":"2019-10-03T08:59:24","date_gmt":"2019-10-03T08:59:24","guid":{"rendered":"https:\/\/activecitizensfund.ro\/?page_id=54745"},"modified":"2021-09-01T09:57:00","modified_gmt":"2021-09-01T06:57:00","slug":"trillenials","status":"publish","type":"page","link":"https:\/\/activecitizensfund.ro\/en\/trillenials\/","title":{"rendered":"MANIF3STrillenial"},"content":{"rendered":"<div class=\"wpb-content-wrapper\"><div class=\"vc_row wpb_row vc_row-fluid dt-default\" style=\"margin-top: 0px;margin-bottom: 0px\"><div class=\"wpb_column vc_column_container vc_col-sm-12\"><div class=\"vc_column-inner\"><div class=\"wpb_wrapper\"><div class=\"vc_row wpb_row vc_inner vc_row-fluid\"><div class=\"wpb_column vc_column_container vc_col-sm-3\"><div class=\"vc_column-inner\"><div class=\"wpb_wrapper\">\n\t<div  class=\"wpb_single_image wpb_content_element vc_align_left\">\n\t\t\n\t\t<figure class=\"wpb_wrapper vc_figure\">\n\t\t\t<div class=\"vc_single_image-wrapper   vc_box_border_grey\"><img decoding=\"async\" class=\"vc_single_image-img\" src=\"https:\/\/activecitizensfund.ro\/wp-content\/uploads\/2019\/10\/Bord-01-266x470.png\" width=\"266\" height=\"470\" alt=\"Bord-01\" title=\"Bord-01\" loading=\"lazy\"  data-dt-location=\"https:\/\/activecitizensfund.ro\/en\/trillenials\/bord-01\/\" \/><\/div>\n\t\t<\/figure>\n\t<\/div>\n<\/div><\/div><\/div><div class=\"wpb_column vc_column_container vc_col-sm-9\"><div class=\"vc_column-inner\"><div class=\"wpb_wrapper\"><div id=\"ultimate-heading-828469ee33fb41249\" class=\"uvc-heading ult-adjust-bottom-margin ultimate-heading-828469ee33fb41249 uvc-557 prgr3 uvc-heading-default-font-sizes\" data-hspacer=\"no_spacer\"  data-halign=\"left\" style=\"text-align:left\"><div class=\"uvc-heading-spacer no_spacer\" style=\"top\"><\/div><div class=\"uvc-main-heading ult-responsive\"  data-ultimate-target='.uvc-heading.ultimate-heading-828469ee33fb41249 h1'  data-responsive-json-new='{\"font-size\":\"\",\"line-height\":\"\"}' ><h1 style=\"font-weight:bold;color:#b13323;\">MANIF3STrillenial<\/h1><\/div><\/div><div class=\"vc_empty_space\"   style=\"height: 32px\"><span class=\"vc_empty_space_inner\"><\/span><\/div>\n\t<div class=\"wpb_text_column wpb_content_element\" >\n\t\t<div class=\"wpb_wrapper\">\n\t\t\t<p>We hear around us how the social, economic and environmental situation is degrading, how politics no longer represent us, how systems no longer work, how people are no longer engaged. We want to live in a civilized country but we can find no other solution than to emigrate. What is there to do? <strong>What are WE going to do?<\/strong><\/p>\n\n\t\t<\/div>\n\t<\/div>\n<div class=\"vc_empty_space\"   style=\"height: 32px\"><span class=\"vc_empty_space_inner\"><\/span><\/div>\n\t<div class=\"wpb_text_column wpb_content_element\" >\n\t\t<div class=\"wpb_wrapper\">\n\t\t\t<p>From the experience of the last 25 years, we know that part of the <strong>solution<\/strong> lies in <strong>the power of the civil society<\/strong>. Power given by <strong>organizations capable<\/strong> of representing the rights and interests of people and <strong>by active citizens, involved and prepared<\/strong> <strong>to change<\/strong> realities we face for the better, both for them and their communities. And the most motivated and capable of making a stronger civil society are the <strong>young people!<\/strong><\/p>\n\n\t\t<\/div>\n\t<\/div>\n<div class=\"vc_empty_space\"   style=\"height: 32px\"><span class=\"vc_empty_space_inner\"><\/span><\/div>\n\t<div class=\"wpb_text_column wpb_content_element\" >\n\t\t<div class=\"wpb_wrapper\">\n\t\t\t<p>We call these young people <strong>#trillenials<\/strong> - the generation of young people engaged in the civi space that will bring the third sector - the civil society sector - to the next level. For these young people <strong>we forged<\/strong> <strong>Program3<\/strong> - a movement, a school, a space for learning, for motivation, connection and practice that will contribute to the continuous development of the Romanian civil society and not only.<\/p>\n\n\t\t<\/div>\n\t<\/div>\n<\/div><\/div><\/div><\/div><div class=\"vc_row wpb_row vc_inner vc_row-fluid\"><div class=\"wpb_column vc_column_container vc_col-sm-12\"><div class=\"vc_column-inner\"><div class=\"wpb_wrapper\"><div class=\"vc_empty_space\"   style=\"height: 50px\"><span class=\"vc_empty_space_inner\"><\/span><\/div><div id=\"ultimate-heading-893669ee33fb41c4f\" class=\"uvc-heading ult-adjust-bottom-margin ultimate-heading-893669ee33fb41c4f uvc-439 prgr3 uvc-heading-default-font-sizes\" data-hspacer=\"no_spacer\"  data-halign=\"left\" style=\"text-align:left\"><div class=\"uvc-heading-spacer no_spacer\" style=\"top\"><\/div><div class=\"uvc-main-heading ult-responsive\"  data-ultimate-target='.uvc-heading.ultimate-heading-893669ee33fb41c4f h4'  data-responsive-json-new='{\"font-size\":\"\",\"line-height\":\"\"}' ><h4 style=\"font-weight:bold;color:#b13323;\">The Program3 proposes an approach based on 3 principles:<\/h4><\/div><\/div><div class=\"vc_empty_space\"   style=\"height: 32px\"><span class=\"vc_empty_space_inner\"><\/span><\/div><div class=\"standard-arrow list-divider bullet-top\"><ul>\n<li class=\"prgr3list\"><strong>Radical learning through paradigm shift<\/strong> - we learn from the past and present, propose new approaches, connect to new trends and change the world on the basis of sound principles of democracy, rule of law and human rights for all.<\/li>\n<li class=\"prgr3list\"><strong>Ceci n`est pas du leadership<\/strong> - on the principle that the map is not the territory, leadership is not the goal. The #trillenials generation goes beyond influencer-follower duality and <strong>does things.<\/strong>.<\/li>\n<li class=\"prgr3list\"><strong>We take it personally and we do it together<\/strong> - we care, we are constantly involved in our own learning process, with our mind, body and heart, we allow ourselves to make mistakes, we bring networking and cooperation exponential to third and we learn to collaborate with an ego on snooze.<\/li>\n<\/ul>\n<\/div><div class=\"vc_empty_space\"   style=\"height: 32px\"><span class=\"vc_empty_space_inner\"><\/span><\/div>\n\t<div class=\"wpb_text_column wpb_content_element\" >\n\t\t<div class=\"wpb_wrapper\">\n\t\t\t<p>The society in which you want to live is not an ideal, it is a reality.<\/p>\n<p><strong>#haide<\/strong> build this reality.<\/p>\n<p><strong>#haide<\/strong> make the civil society stronger, together.<\/p>\n<p><strong>#haide<\/strong> get started with the Program3!<\/p>\n\n\t\t<\/div>\n\t<\/div>\n<div class=\"vc_empty_space\"   style=\"height: 60px\"><span class=\"vc_empty_space_inner\"><\/span><\/div><\/div><\/div><\/div><\/div><\/div><\/div><\/div><\/div><div class=\"vc_row wpb_row vc_row-fluid dt-default\" style=\"margin-top: 0px;margin-bottom: 0px\"><div class=\"wpb_column vc_column_container vc_col-sm-12\"><div class=\"vc_column-inner\"><div class=\"wpb_wrapper\">\n\t<div class=\"wpb_text_column wpb_content_element\" >\n\t\t<div class=\"wpb_wrapper\">\n\t\t\t<p style=\"font-weight: 400;\">The Program3 is a long-term learning program for current and future young people involved in the third sector\/ the civil society sector, a school for those who want to contribute to the development of civil society in Romania and beyond.<\/p>\n\n\t\t<\/div>\n\t<\/div>\n<div class=\"vc_empty_space\"   style=\"height: 32px\"><span class=\"vc_empty_space_inner\"><\/span><\/div><div id=\"ultimate-heading-53669ee33fb42bcb\" class=\"uvc-heading ult-adjust-bottom-margin ultimate-heading-53669ee33fb42bcb uvc-5060  uvc-heading-default-font-sizes\" data-hspacer=\"no_spacer\"  data-halign=\"left\" style=\"text-align:left\"><div class=\"uvc-heading-spacer no_spacer\" style=\"top\"><\/div><div class=\"uvc-main-heading ult-responsive\"  data-ultimate-target='.uvc-heading.ultimate-heading-53669ee33fb42bcb h4'  data-responsive-json-new='{\"font-size\":\"\",\"line-height\":\"\"}' ><h4 style=\"--font-weight:theme;\">Why is there a need for the Program3?<\/h4><\/div><div class=\"uvc-sub-heading ult-responsive\"  data-ultimate-target='.uvc-heading.ultimate-heading-53669ee33fb42bcb .uvc-sub-heading '  data-responsive-json-new='{\"font-size\":\"\",\"line-height\":\"\"}'  style=\"font-weight:normal;\"><\/p>\n<ul>\n<li class=\"m_-9215268401154842957MsoListParagraph\">According to the latest Romanian studies, there are not enough new people working for the third sector, even though the interest for getting involved in civic actions has increased;<u><\/u><u><\/u><\/li>\n<li class=\"m_-9215268401154842957MsoListParagraph\"><u><\/u>While most employees in the NGO sector are between 25 and 34 years old, most leaders in the sector have been involved in managing the organisations for more than 8 years, so there is a need for new generations;<u><\/u><u><\/u><\/li>\n<li class=\"m_-9215268401154842957MsoListParagraph\"><u><\/u>Such a program dedicated to the people involved in the civil society does not exist in this form in Romania; we need a format that brings together people interested in developing the third sector through new approaches, while learning from professionals in the field.<\/li>\n<\/ul>\n<p><\/div><\/div><div class=\"vc_empty_space\"   style=\"height: 32px\"><span class=\"vc_empty_space_inner\"><\/span><\/div><div id=\"ultimate-heading-138169ee33fb42cf7\" class=\"uvc-heading ult-adjust-bottom-margin ultimate-heading-138169ee33fb42cf7 uvc-7355  uvc-heading-default-font-sizes\" data-hspacer=\"no_spacer\"  data-halign=\"left\" style=\"text-align:left\"><div class=\"uvc-heading-spacer no_spacer\" style=\"top\"><\/div><div class=\"uvc-main-heading ult-responsive\"  data-ultimate-target='.uvc-heading.ultimate-heading-138169ee33fb42cf7 h4'  data-responsive-json-new='{\"font-size\":\"\",\"line-height\":\"\"}' ><h4 style=\"--font-weight:theme;\">Who can be part of the Program3?<\/h4><\/div><div class=\"uvc-sub-heading ult-responsive\"  data-ultimate-target='.uvc-heading.ultimate-heading-138169ee33fb42cf7 .uvc-sub-heading '  data-responsive-json-new='{\"font-size\":\"\",\"line-height\":\"\"}'  style=\"font-weight:normal;\"><\/p>\n<p style=\"font-weight: 400;\">From our perspective #trillenials are those young people who are at least 18 years old, who know some things about civil society and about working in and NGO, but they do not necessarily have much practice in the field. They are interested in social, civic topics, even if they do not master them. They have volunteered and are willing to become more involved in associative structures, but they still do not have enough experience to deal with NGO issues. They have not yet found their place in the NGO sector, but they do not want to give it up. Maybe they flirted with the idea of entrepreneurship and realized that, in fact, the NGO is the new start-up.<\/p>\n<p><\/div><\/div><div class=\"vc_empty_space\"   style=\"height: 32px\"><span class=\"vc_empty_space_inner\"><\/span><\/div><div id=\"ultimate-heading-162369ee33fb42dff\" class=\"uvc-heading ult-adjust-bottom-margin ultimate-heading-162369ee33fb42dff uvc-2098  uvc-heading-default-font-sizes\" data-hspacer=\"no_spacer\"  data-halign=\"left\" style=\"text-align:left\"><div class=\"uvc-heading-spacer no_spacer\" style=\"top\"><\/div><div class=\"uvc-main-heading ult-responsive\"  data-ultimate-target='.uvc-heading.ultimate-heading-162369ee33fb42dff h4'  data-responsive-json-new='{\"font-size\":\"\",\"line-height\":\"\"}' ><h4 style=\"--font-weight:theme;\">What happens in the Program3?<\/h4><\/div><div class=\"uvc-sub-heading ult-responsive\"  data-ultimate-target='.uvc-heading.ultimate-heading-162369ee33fb42dff .uvc-sub-heading '  data-responsive-json-new='{\"font-size\":\"\",\"line-height\":\"\"}'  style=\"font-weight:normal;\"><\/p>\n<p style=\"font-weight: 400;\">Program3 proposes a one year learning process, structured in two semesters with a predefined curriculum, to which is added a customized learning process, according to the needs and interests of each trillenial, as follows:<\/p>\n<p><\/div><\/div><div class=\"vc_empty_space\"   style=\"height: 32px\"><span class=\"vc_empty_space_inner\"><\/span><\/div><div class=\"standard-arrow list-divider bullet-top\"><ul>\n<li>\n<p style=\"font-weight: 400;\">The first semester will be dedicated to the technical contents of working in an NGO with introduction to NGOs and development of essential working skills in NGOs.<\/p>\n<\/li>\n<li>\n<p style=\"font-weight: 400;\">The second semester will be dedicated to the thematic contents related to the involvement of the community at local level through community development, techniques and methods of public participation, projects in the benefit of the community.<\/p>\n<\/li>\n<\/ul>\n<\/div><div class=\"vc_empty_space\"   style=\"height: 32px\"><span class=\"vc_empty_space_inner\"><\/span><\/div><div id=\"uvc-type-wrap-3243\"  data-ultimate-target='#uvc-type-wrap-3243'  data-responsive-json-new='{\"font-size\":\"\",\"line-height\":\"\"}'  class=\"uvc-type-wrap  ult-adjust-bottom-margin ult-responsive  uvc-type-align-left  uvc-wrap-409448632169ee33fb43070\" style=\"text-align:left;\"><span  data-ultimate-target='#uvc-type-wrap-3243 .mycustfancy'  data-responsive-json-new='{\"font-size\":\"\",\"line-height\":\"\"}'  class=\"ultimate-ticker-prefix mycustfancy ult-responsive\" style=\"font-weight:bold;color:#00997a; text-transform: unset;\">Program3 is<\/span><div id=\"vticker-409448632169ee33fb43070\"  data-ultimate-target=\"&#039;#uvc-type-wrap-3243&#039;\"  data-responsive-json-new=\"&#039;{&quot;font-size&quot;:&quot;&quot;,&quot;line-height&quot;:&quot;&quot;}&#039;\"  class=\"ultimate-vticker ticker\" style=\"color:#00997a; font-weight:bold; text-transform: unset;\"><ul><li style=\"&quot;opacity:1&quot;\">is a product developed within the project \"Developing Youth NGO Leadership\".<\/li><li style=\"&quot;opacity:0&quot;\">funded by the Active Citizens Fund Romania.<\/li><li style=\"&quot;opacity:0&quot;\">part of the SEE and Norwegian Grants 2014 - 2021.<\/li><li style=\"&quot;opacity:0&quot;\">implemented in the consortium formed by the Civil Society Development Foundation, the Resource Center for Roma Communities and Frivillighet Norge.<\/li><\/ul><\/div><script type=\"text\/javascript\">\n\t\t\t\t\t\tjQuery(function($){\n\t\t\t\t\t\t\t$(document).ready(function(){\n\t\t\t\t\t\t\t\tif( typeof jQuery(\"#vticker-409448632169ee33fb43070\").easyTicker == \"function\"){\n\t\t\t\t\t\t\t\t\t$(\"#vticker-409448632169ee33fb43070\").find(\"li\").css(\"opacity\",\"1\");\n\t\t\t\t\t\t\t\t\t\n\t\t\t\t\t\t\t\t\t$(\"#vticker-409448632169ee33fb43070\").easyTicker({\n\t\t\t\t\t\t\t\t\t\tdirection: \"up\",\n\t\t\t\t\t\t\t\t\t\teasing: \"swing\",\n\t\t\t\t\t\t\t\t\t\tspeed: \"200\",\n\t\t\t\t\t\t\t\t\t\tinterval: \"3000\",\n\t\t\t\t\t\t\t\t\t\theight: \"auto\",\n\t\t\t\t\t\t\t\t\t\tvisible: \"1\",\n\t\t\t\t\t\t\t\t\t\tmousePause: \"0\",\n\t\t\t\t\t\t\t\t\t\tcontrols: {\n\t\t\t\t\t\t\t\t\t\t\tup: \"\",\n\t\t\t\t\t\t\t\t\t\t\tdown: \"\",\n\t\t\t\t\t\t\t\t\t\t\ttoggle: \"\",\n\t\t\t\t\t\t\t\t\t\t\tplayText: \"Play\",\n\t\t\t\t\t\t\t\t\t\t\tstopText: \"Stop\"\n\t\t\t\t\t\t\t\t\t\t}\n\t\t\t\t\t\t\t\t\t});\n\t\t\t\t\t\t\t\t}\n\t\t\t\t\t\t\t});\n\t\t\t\t\t\t});\n\t\t\t\t\t<\/script><\/div><div class=\"vc_empty_space\"   style=\"height: 50px\"><span class=\"vc_empty_space_inner\"><\/span><\/div>\n\t<div class=\"wpb_text_column wpb_content_element\" >\n\t\t<div class=\"wpb_wrapper\">\n\t\t\t<p style=\"font-weight: 400;\">Pentru \u00eentreb\u0103ri sau clarific\u0103ri, nu ezita s\u0103 ne contactezi:<\/p>\n\n\t\t<\/div>\n\t<\/div>\n<div class=\"vc_empty_space\"   style=\"height: 32px\"><span class=\"vc_empty_space_inner\"><\/span><\/div><div class=\"vc_row wpb_row vc_inner vc_row-fluid\"><div class=\"wpb_column vc_column_container vc_col-sm-4\"><div class=\"vc_column-inner\"><div class=\"wpb_wrapper\">\n\t<div class=\"wpb_text_column wpb_content_element\" >\n\t\t<div class=\"wpb_wrapper\">\n\t\t\t<p style=\"font-weight: 400;\"><strong>Vlad Dumitrescu<\/strong><\/p>\n<p style=\"font-weight: 400;\">The Civil Society Development Foundation<\/p>\n<p style=\"font-weight: 400;\">Tel: 0745.122.191<\/p>\n<p style=\"font-weight: 400;\">E-mail:\u00a0<a href=\"mailto:vlad.dumitrescu@fdsc.ro\">vlad.dumitrescu@fdsc.ro<\/a><\/p>\n\n\t\t<\/div>\n\t<\/div>\n<\/div><\/div><\/div><div class=\"wpb_column vc_column_container vc_col-sm-4\"><div class=\"vc_column-inner\"><div class=\"wpb_wrapper\">\n\t<div class=\"wpb_text_column wpb_content_element\" >\n\t\t<div class=\"wpb_wrapper\">\n\t\t\t<p style=\"font-weight: 400;\"><strong>Robert Matei<\/strong><\/p>\n<p style=\"font-weight: 400;\">Resource Center for Roma Communities<br \/>\n<a href=\"mailto:robert.matei@romacenter.ro\">robert.matei@romacenter.ro<\/a><\/p>\n\n\t\t<\/div>\n\t<\/div>\n<\/div><\/div><\/div><div class=\"wpb_column vc_column_container vc_col-sm-4\"><div class=\"vc_column-inner\"><div class=\"wpb_wrapper\">\n\t<div class=\"wpb_text_column wpb_content_element\" >\n\t\t<div class=\"wpb_wrapper\">\n\t\t\t<p style=\"font-weight: 400;\"><strong>Marte Oraug Skogtr\u00f8<\/strong><\/p>\n<p style=\"font-weight: 400;\">Frivillighet Norge<\/p>\n<p style=\"font-weight: 400;\"><a href=\"mailto:marte@frivillighetnorge.no\">marte@frivillighetnorge.no<\/a><\/p>\n\n\t\t<\/div>\n\t<\/div>\n<\/div><\/div><\/div><\/div><div class=\"vc_empty_space\"   style=\"height: 32px\"><span class=\"vc_empty_space_inner\"><\/span><\/div><\/div><\/div><\/div><\/div><section data-vc-full-width=\"true\" data-vc-full-width-init=\"false\" class=\"vc_section vc_custom_1570105649581 vc_section-has-fill\"><div class=\"vc_row wpb_row vc_row-fluid dt-default\" style=\"margin-top: 0px;margin-bottom: 0px\"><div class=\"wpb_column vc_column_container vc_col-sm-12\"><div class=\"vc_column-inner\"><div class=\"wpb_wrapper\"><\/div><\/div><\/div><\/div><div class=\"vc_row wpb_row vc_row-fluid dt-default\" style=\"margin-top: 0px;margin-bottom: 0px\"><div class=\"wpb_column vc_column_container vc_col-sm-3\"><div class=\"vc_column-inner\"><div class=\"wpb_wrapper\">\n\t<div  class=\"wpb_single_image wpb_content_element vc_align_center\">\n\t\t\n\t\t<figure class=\"wpb_wrapper vc_figure\">\n\t\t\t<div class=\"vc_single_image-wrapper   vc_box_border_grey\"><img loading=\"lazy\" decoding=\"async\" width=\"1366\" height=\"1366\" src=\"https:\/\/activecitizensfund.ro\/wp-content\/uploads\/2019\/10\/All-logos-11-01.png\" class=\"vc_single_image-img attachment-full\" alt=\"\" title=\"All-logos-11-01\" srcset=\"https:\/\/activecitizensfund.ro\/wp-content\/uploads\/2019\/10\/All-logos-11-01.png 1366w, https:\/\/activecitizensfund.ro\/wp-content\/uploads\/2019\/10\/All-logos-11-01-150x150.png 150w, https:\/\/activecitizensfund.ro\/wp-content\/uploads\/2019\/10\/All-logos-11-01-300x300.png 300w, https:\/\/activecitizensfund.ro\/wp-content\/uploads\/2019\/10\/All-logos-11-01-768x768.png 768w, https:\/\/activecitizensfund.ro\/wp-content\/uploads\/2019\/10\/All-logos-11-01-1024x1024.png 1024w, https:\/\/activecitizensfund.ro\/wp-content\/uploads\/2019\/10\/All-logos-11-01-600x600.png 600w, https:\/\/activecitizensfund.ro\/wp-content\/uploads\/2019\/10\/All-logos-11-01-200x200.png 200w\" sizes=\"auto, (max-width: 1366px) 100vw, 1366px\"  data-dt-location=\"https:\/\/activecitizensfund.ro\/en\/apel1-programul3\/all-logos-11-01\/\" \/><\/div>\n\t\t<\/figure>\n\t<\/div>\n<\/div><\/div><\/div><div class=\"wpb_column vc_column_container vc_col-sm-3\"><div class=\"vc_column-inner\"><div class=\"wpb_wrapper\">\n\t<div  class=\"wpb_single_image wpb_content_element vc_align_center\">\n\t\t\n\t\t<figure class=\"wpb_wrapper vc_figure\">\n\t\t\t<a href=\"http:\/\/www.fdsc.ro\" target=\"_blank\"  class=\"vc_single_image-wrapper   vc_box_border_grey rollover\"   ><img loading=\"lazy\" decoding=\"async\" width=\"1366\" height=\"1366\" src=\"https:\/\/activecitizensfund.ro\/wp-content\/uploads\/2019\/05\/All-Logos-01.png\" class=\"vc_single_image-img attachment-full\" alt=\"\" title=\"All Logos-01\" srcset=\"https:\/\/activecitizensfund.ro\/wp-content\/uploads\/2019\/05\/All-Logos-01.png 1366w, https:\/\/activecitizensfund.ro\/wp-content\/uploads\/2019\/05\/All-Logos-01-150x150.png 150w, https:\/\/activecitizensfund.ro\/wp-content\/uploads\/2019\/05\/All-Logos-01-300x300.png 300w, https:\/\/activecitizensfund.ro\/wp-content\/uploads\/2019\/05\/All-Logos-01-768x768.png 768w, https:\/\/activecitizensfund.ro\/wp-content\/uploads\/2019\/05\/All-Logos-01-1024x1024.png 1024w, https:\/\/activecitizensfund.ro\/wp-content\/uploads\/2019\/05\/All-Logos-01-600x600.png 600w, https:\/\/activecitizensfund.ro\/wp-content\/uploads\/2019\/05\/All-Logos-01-200x200.png 200w\" sizes=\"auto, (max-width: 1366px) 100vw, 1366px\"  data-dt-location=\"https:\/\/activecitizensfund.ro\/en\/forum-2019\/all-logos-01\/\" \/><\/a>\n\t\t<\/figure>\n\t<\/div>\n<\/div><\/div><\/div><div class=\"wpb_column vc_column_container vc_col-sm-3\"><div class=\"vc_column-inner\"><div class=\"wpb_wrapper\">\n\t<div  class=\"wpb_single_image wpb_content_element vc_align_center\">\n\t\t\n\t\t<figure class=\"wpb_wrapper vc_figure\">\n\t\t\t<a href=\"http:\/\/www.romacenter.ro\" target=\"_blank\"  class=\"vc_single_image-wrapper   vc_box_border_grey rollover\"   ><img loading=\"lazy\" decoding=\"async\" width=\"1366\" height=\"1366\" src=\"https:\/\/activecitizensfund.ro\/wp-content\/uploads\/2019\/05\/All-Logos-03.png\" class=\"vc_single_image-img attachment-full\" alt=\"\" title=\"All Logos-03\" srcset=\"https:\/\/activecitizensfund.ro\/wp-content\/uploads\/2019\/05\/All-Logos-03.png 1366w, https:\/\/activecitizensfund.ro\/wp-content\/uploads\/2019\/05\/All-Logos-03-150x150.png 150w, https:\/\/activecitizensfund.ro\/wp-content\/uploads\/2019\/05\/All-Logos-03-300x300.png 300w, https:\/\/activecitizensfund.ro\/wp-content\/uploads\/2019\/05\/All-Logos-03-768x768.png 768w, https:\/\/activecitizensfund.ro\/wp-content\/uploads\/2019\/05\/All-Logos-03-1024x1024.png 1024w, https:\/\/activecitizensfund.ro\/wp-content\/uploads\/2019\/05\/All-Logos-03-600x600.png 600w, https:\/\/activecitizensfund.ro\/wp-content\/uploads\/2019\/05\/All-Logos-03-200x200.png 200w\" sizes=\"auto, (max-width: 1366px) 100vw, 1366px\"  data-dt-location=\"https:\/\/activecitizensfund.ro\/en\/forum-2019\/all-logos-03\/\" \/><\/a>\n\t\t<\/figure>\n\t<\/div>\n<\/div><\/div><\/div><div class=\"wpb_column vc_column_container vc_col-sm-3\"><div class=\"vc_column-inner\"><div class=\"wpb_wrapper\">\n\t<div  class=\"wpb_single_image wpb_content_element vc_align_center\">\n\t\t\n\t\t<figure class=\"wpb_wrapper vc_figure\">\n\t\t\t<a href=\"https:\/\/www.frivillighetnorge.no\/no\/english\/\" target=\"_blank\"  class=\"vc_single_image-wrapper   vc_box_border_grey rollover\"   ><img loading=\"lazy\" decoding=\"async\" width=\"1366\" height=\"1366\" src=\"https:\/\/activecitizensfund.ro\/wp-content\/uploads\/2021\/09\/Norge_logo-01.png\" class=\"vc_single_image-img attachment-full\" alt=\"\" title=\"Norge_logo-01\" srcset=\"https:\/\/activecitizensfund.ro\/wp-content\/uploads\/2021\/09\/Norge_logo-01.png 1366w, https:\/\/activecitizensfund.ro\/wp-content\/uploads\/2021\/09\/Norge_logo-01-300x300.png 300w, https:\/\/activecitizensfund.ro\/wp-content\/uploads\/2021\/09\/Norge_logo-01-1024x1024.png 1024w, https:\/\/activecitizensfund.ro\/wp-content\/uploads\/2021\/09\/Norge_logo-01-150x150.png 150w, https:\/\/activecitizensfund.ro\/wp-content\/uploads\/2021\/09\/Norge_logo-01-768x768.png 768w, https:\/\/activecitizensfund.ro\/wp-content\/uploads\/2021\/09\/Norge_logo-01-12x12.png 12w\" sizes=\"auto, (max-width: 1366px) 100vw, 1366px\"  data-dt-location=\"https:\/\/activecitizensfund.ro\/en\/trillenials\/norge_logo-01-2\/\" \/><\/a>\n\t\t<\/figure>\n\t<\/div>\n<\/div><\/div><\/div><\/div><\/section><div class=\"vc_row-full-width vc_clearfix\"><\/div>\n<\/div>","protected":false},"excerpt":{"rendered":"<p>MANIF3STrillenial Auzim \u00een jurul nostru cum situa\u021bia social\u0103, economic\u0103 \u0219i mediul se degradeaz\u0103, cum politica nu ne mai reprezint\u0103, cum sistemele nu mai func\u021bioneaz\u0103, cum oamenii nu se mai implic\u0103. Vrem s\u0103 tr\u0103im \u00eentr-o \u201e\u021bar\u0103 ca afar\u0103\u201d dar nu mai g\u0103sim alt\u0103 solu\u021bie dec\u00e2t cea de a emigra. Ce facem? Ce NE facem? Din experien\u021ba&hellip;<\/p>","protected":false},"author":1,"featured_media":0,"parent":0,"menu_order":0,"comment_status":"closed","ping_status":"closed","template":"","meta":{"footnotes":""},"class_list":["post-54745","page","type-page","status-publish","hentry","description-off"],"_links":{"self":[{"href":"https:\/\/activecitizensfund.ro\/en\/wp-json\/wp\/v2\/pages\/54745","targetHints":{"allow":["GET"]}}],"collection":[{"href":"https:\/\/activecitizensfund.ro\/en\/wp-json\/wp\/v2\/pages"}],"about":[{"href":"https:\/\/activecitizensfund.ro\/en\/wp-json\/wp\/v2\/types\/page"}],"author":[{"embeddable":true,"href":"https:\/\/activecitizensfund.ro\/en\/wp-json\/wp\/v2\/users\/1"}],"replies":[{"embeddable":true,"href":"https:\/\/activecitizensfund.ro\/en\/wp-json\/wp\/v2\/comments?post=54745"}],"version-history":[{"count":35,"href":"https:\/\/activecitizensfund.ro\/en\/wp-json\/wp\/v2\/pages\/54745\/revisions"}],"predecessor-version":[{"id":57013,"href":"https:\/\/activecitizensfund.ro\/en\/wp-json\/wp\/v2\/pages\/54745\/revisions\/57013"}],"wp:attachment":[{"href":"https:\/\/activecitizensfund.ro\/en\/wp-json\/wp\/v2\/media?parent=54745"}],"curies":[{"name":"wp","href":"https:\/\/api.w.org\/{rel}","templated":true}]}}