{"id":55567,"date":"2020-03-18T16:13:18","date_gmt":"2020-03-18T14:13:18","guid":{"rendered":"https:\/\/activecitizensfund.ro\/?page_id=55567"},"modified":"2021-05-12T20:01:50","modified_gmt":"2021-05-12T17:01:50","slug":"apeluri-inchise","status":"publish","type":"page","link":"https:\/\/activecitizensfund.ro\/en\/apeluri-inchise\/","title":{"rendered":"Closed calls"},"content":{"rendered":"<div class=\"wpb-content-wrapper\"><div class=\"vc_row wpb_row vc_row-fluid dt-default\" style=\"margin-top: 0px;margin-bottom: 0px\"><div class=\"wpb_column vc_column_container vc_col-sm-12\"><div class=\"vc_column-inner\"><div class=\"wpb_wrapper\"><div class=\"vc_tta-container\" data-vc-action=\"collapseAll\"><div class=\"vc_general vc_tta vc_tta-accordion vc_tta-color-pink vc_tta-style-classic vc_tta-shape-square vc_tta-o-shape-group vc_tta-controls-align-default vc_tta-o-all-clickable  darkredacc wpb_animate_when_almost_visible wpb_fadeInDown fadeInDown\"><div class=\"vc_tta-panels-container\"><div class=\"vc_tta-panels\"><div class=\"vc_tta-panel darkred\" id=\"1620722738199-864072bf-b02f\" data-vc-content=\".vc_tta-panel-body\"><div class=\"vc_tta-panel-heading\"><h4 class=\"vc_tta-panel-title vc_tta-controls-icon-position-left\"><a href=\"#1620722738199-864072bf-b02f\" data-vc-accordion data-vc-container=\".vc_tta-container\"><span class=\"vc_tta-title-text\">CLARIFIC\u0102RI<\/span><i class=\"vc_tta-controls-icon vc_tta-controls-icon-plus\"><\/i><\/a><\/h4><\/div><div class=\"vc_tta-panel-body\"><h4 style=\"color: #dd3333;text-align: left\" class=\"vc_custom_heading vc_do_custom_heading\" >To the attention of the Applicants - Clarifications regarding the Annex\n2a - Project budget, Correlations+Limitations worksheet<\/h4><div class=\"vc_empty_space\"   style=\"height: 16px\"><span class=\"vc_empty_space_inner\"><\/span><\/div><div class=\"standard-arrow list-divider bullet-top\"><ul>\n<li><span style=\"color: #dd3333;\"><strong>For all the Calls (from #1 to #8) <\/strong>\u2013 In case the total value of the budget (grant + co-financing) exceeds the maximum amount allowed for the selected type of grant, please <strong>DO NOT<\/strong> take into account the message <strong><em>The maximum amount allowed for the selected type of grant you want to apply is exceeded, <\/em><\/strong>if all other messages are<strong><em> \u201cOK\u201d, <\/em><\/strong>in the Correlations+Limitations worksheet<strong><em>.<\/em><\/strong><\/span><\/li>\n<li><span style=\"color: #dd3333;\"><strong>For the Call #3 and Call #5 \u2013 <\/strong>In case a <strong>strategic grant<\/strong>is selected, please <strong>DO NOT<\/strong> take into account the message <strong><em>The maximum grant amount allowed is exceeded. Please correct the budget<\/em><\/strong> that appears in the Correlations + Limitations worksheet, in the section \"Organizational development costs\". The formula from the centralizer takes into consideration a maximum 20% of organizational development costs from the total eligible project costs, which is not valid in the case of strategic grants, according to the Guidelines for Applicants for the two calls.<\/span><\/li>\n<li><span style=\"color: #dd3333;\"><strong>For<\/strong> <strong>the Call #8 \u2013 <\/strong>In case a <strong>large grant<\/strong>is selected, please <strong>DO NOT<\/strong> take into account the messages that appear in the Correlations + Limitations worksheet, in the sections \"Framing in the nominal ceilings for the type of grant requested\", \"Framing in the allowed duration for the type of grant requested \u201dand\u201c Correct Selection of the Call Number\u201d<\/span><\/li>\n<\/ul>\n<\/div><\/div><\/div><\/div><\/div><\/div><\/div><div class=\"vc_empty_space\"   style=\"height: 32px\"><span class=\"vc_empty_space_inner\"><\/span><\/div><\/div><\/div><\/div><\/div><div class=\"vc_row wpb_row vc_row-fluid dt-default\" style=\"margin-top: 0px;margin-bottom: 0px\"><div class=\"wpb_column vc_column_container vc_col-sm-12\"><div class=\"vc_column-inner\"><div class=\"wpb_wrapper\"><style type=\"text\/css\" data-type=\"the7_shortcodes-inline-css\">.blog-shortcode.blog-masonry-shortcode-id-e0d98abe083900835c6fa810c29a7447.dividers-on.classic-layout-list article {\n  padding-top: 0;\n}\n.blog-shortcode.blog-masonry-shortcode-id-e0d98abe083900835c6fa810c29a7447.dividers-on.classic-layout-list article:first-of-type {\n  margin-top: 0;\n  padding-top: 0;\n}\n.blog-shortcode.blog-masonry-shortcode-id-e0d98abe083900835c6fa810c29a7447.classic-layout-list.mode-list .post-entry-content {\n  width: calc(100% - );\n}\n.blog-shortcode.blog-masonry-shortcode-id-e0d98abe083900835c6fa810c29a7447.classic-layout-list.mode-list .no-img .post-entry-content {\n  width: 100%;\n}\n.blog-shortcode.blog-masonry-shortcode-id-e0d98abe083900835c6fa810c29a7447 .filter-bg-decoration .filter-categories a.act {\n  color: #fff;\n}\n.blog-shortcode.blog-masonry-shortcode-id-e0d98abe083900835c6fa810c29a7447:not(.mode-masonry) article:first-of-type,\n.blog-shortcode.blog-masonry-shortcode-id-e0d98abe083900835c6fa810c29a7447:not(.mode-masonry) article.visible.first:not(.product) {\n  margin-top: 0;\n}\n.blog-shortcode.blog-masonry-shortcode-id-e0d98abe083900835c6fa810c29a7447.dividers-on:not(.mode-masonry) article {\n  margin-top: 0;\n}\n.blog-shortcode.blog-masonry-shortcode-id-e0d98abe083900835c6fa810c29a7447.dividers-on:not(.mode-masonry) article:first-of-type,\n.blog-shortcode.blog-masonry-shortcode-id-e0d98abe083900835c6fa810c29a7447.dividers-on:not(.mode-masonry) article.visible.first:not(.product) {\n  margin-top: 0;\n  padding-top: 0;\n}\n.blog-shortcode.blog-masonry-shortcode-id-e0d98abe083900835c6fa810c29a7447 .post-thumbnail-wrap {\n  padding: 0px 0px 0px 0px;\n}\n.blog-shortcode.blog-masonry-shortcode-id-e0d98abe083900835c6fa810c29a7447.enable-bg-rollover .post-thumbnail-rollover:after {\n  background: -webkit-linear-gradient();\n  background: linear-gradient();\n}\n.blog-shortcode.blog-masonry-shortcode-id-e0d98abe083900835c6fa810c29a7447 .gallery-zoom-ico {\n  width: 44px;\n  height: 44px;\n  line-height: 44px;\n  border-radius: 100px;\n  margin: -22px 0 0 -22px;\n  border-width: 0px;\n  color: #ffffff;\n}\n.bottom-overlap-layout-list.blog-shortcode.blog-masonry-shortcode-id-e0d98abe083900835c6fa810c29a7447 .gallery-zoom-ico {\n  margin-top: -72px;\n}\n.gradient-overlay-layout-list.blog-shortcode.blog-masonry-shortcode-id-e0d98abe083900835c6fa810c29a7447 .gallery-zoom-ico,\n.content-rollover-layout-list.blog-shortcode.blog-masonry-shortcode-id-e0d98abe083900835c6fa810c29a7447 .gallery-zoom-ico {\n  margin: 0 0 10px;\n}\n.content-align-center.gradient-overlay-layout-list.blog-shortcode.blog-masonry-shortcode-id-e0d98abe083900835c6fa810c29a7447 .gallery-zoom-ico,\n.content-align-center.content-rollover-layout-list.blog-shortcode.blog-masonry-shortcode-id-e0d98abe083900835c6fa810c29a7447 .gallery-zoom-ico {\n  margin: 0 auto 10px;\n}\n.dt-icon-bg-on.blog-shortcode.blog-masonry-shortcode-id-e0d98abe083900835c6fa810c29a7447 .gallery-zoom-ico {\n  background: rgba(255,255,255,0.3);\n  box-shadow: none;\n}\n.blog-shortcode.blog-masonry-shortcode-id-e0d98abe083900835c6fa810c29a7447 .gallery-zoom-ico > span,\n.blog-shortcode.blog-masonry-shortcode-id-e0d98abe083900835c6fa810c29a7447 .gallery-zoom-ico:before {\n  font-size: 32px;\n  line-height: 44px;\n}\n.blog-shortcode.blog-masonry-shortcode-id-e0d98abe083900835c6fa810c29a7447 .gallery-zoom-ico > span,\n.blog-shortcode.blog-masonry-shortcode-id-e0d98abe083900835c6fa810c29a7447 .gallery-zoom-ico:before {\n  color: #ffffff;\n}\n.blog-shortcode.blog-masonry-shortcode-id-e0d98abe083900835c6fa810c29a7447 .entry-title,\n.blog-shortcode.blog-masonry-shortcode-id-e0d98abe083900835c6fa810c29a7447.owl-carousel .entry-title {\n  margin-bottom: 5px;\n  font-weight: bold;\n}\n.blog-shortcode.blog-masonry-shortcode-id-e0d98abe083900835c6fa810c29a7447 .entry-meta {\n  margin-bottom: 15px;\n}\n.blog-shortcode.blog-masonry-shortcode-id-e0d98abe083900835c6fa810c29a7447 .portfolio-categories {\n  margin-bottom: 15px;\n}\n.blog-shortcode.blog-masonry-shortcode-id-e0d98abe083900835c6fa810c29a7447 .entry-excerpt {\n  margin-bottom: 5px;\n}\n.blog-shortcode.blog-masonry-shortcode-id-e0d98abe083900835c6fa810c29a7447:not(.centered-layout-list) .post-entry-content {\n  padding: 25px 30px 100px 30px;\n}\n.blog-shortcode.blog-masonry-shortcode-id-e0d98abe083900835c6fa810c29a7447:not(.centered-layout-list):not(.content-bg-on):not(.mode-list) .no-img .post-entry-content {\n  padding: 0;\n}\n@media screen and (max-width: ) {\n  .blog-shortcode.blog-masonry-shortcode-id-e0d98abe083900835c6fa810c29a7447 article {\n    -ms-flex-flow: column nowrap;\n    flex-flow: column nowrap;\n    margin-top: 20px;\n  }\n  .blog-shortcode.blog-masonry-shortcode-id-e0d98abe083900835c6fa810c29a7447.dividers-on article {\n    border: none;\n  }\n  .blog-shortcode.blog-masonry-shortcode-id-e0d98abe083900835c6fa810c29a7447.content-bg-on.centered-layout-list article {\n    padding: 0;\n  }\n  .blog-shortcode.blog-masonry-shortcode-id-e0d98abe083900835c6fa810c29a7447.blog-shortcode.dividers-on article,\n  .blog-shortcode.blog-masonry-shortcode-id-e0d98abe083900835c6fa810c29a7447.dividers-on.classic-layout-list article {\n    margin-top: 20px;\n    padding: 0;\n  }\n  .blog-shortcode.blog-masonry-shortcode-id-e0d98abe083900835c6fa810c29a7447.blog-shortcode.dividers-on article:first-of-type,\n  .blog-shortcode.blog-masonry-shortcode-id-e0d98abe083900835c6fa810c29a7447.dividers-on.classic-layout-list article:first-of-type {\n    padding: 0;\n  }\n  #page .blog-shortcode.blog-masonry-shortcode-id-e0d98abe083900835c6fa810c29a7447 .post-thumbnail-wrap,\n  #page .blog-shortcode.blog-masonry-shortcode-id-e0d98abe083900835c6fa810c29a7447 .post-entry-content {\n    width: 100%;\n    margin: 0;\n    top: 0;\n  }\n  #page .blog-shortcode.blog-masonry-shortcode-id-e0d98abe083900835c6fa810c29a7447 .post-thumbnail-wrap {\n    padding: 0;\n  }\n  #page .blog-shortcode.blog-masonry-shortcode-id-e0d98abe083900835c6fa810c29a7447 .post-entry-content:after {\n    display: none;\n  }\n  #page .blog-shortcode.blog-masonry-shortcode-id-e0d98abe083900835c6fa810c29a7447 .project-even .post-thumbnail-wrap,\n  #page .blog-shortcode.blog-masonry-shortcode-id-e0d98abe083900835c6fa810c29a7447.centered-layout-list .post-thumbnail-wrap {\n    -ms-flex-order: 0;\n    order: 0;\n  }\n  #page .blog-shortcode.blog-masonry-shortcode-id-e0d98abe083900835c6fa810c29a7447.centered-layout-list .post-entry-title-content {\n    -ms-flex-order: 1;\n    order: 1;\n    width: 100%;\n    padding: 20px 20px 0;\n  }\n  #page .blog-shortcode.blog-masonry-shortcode-id-e0d98abe083900835c6fa810c29a7447.centered-layout-list .post-entry-content {\n    -ms-flex-order: 2;\n    order: 2;\n    padding-top: 0;\n  }\n  #page .blog-shortcode.blog-masonry-shortcode-id-e0d98abe083900835c6fa810c29a7447 .fancy-categories {\n    top: 10px;\n    left: 10px;\n    bottom: auto;\n    right: auto;\n  }\n  #page .blog-shortcode.blog-masonry-shortcode-id-e0d98abe083900835c6fa810c29a7447 .fancy-date a {\n    top: 10px;\n    right: 10px;\n    left: auto;\n    bottom: auto;\n  }\n  #page .blog-shortcode.blog-masonry-shortcode-id-e0d98abe083900835c6fa810c29a7447 .post-entry-content {\n    padding: 20px;\n  }\n  #page .blog-shortcode.blog-masonry-shortcode-id-e0d98abe083900835c6fa810c29a7447 .entry-title {\n    margin: 3px 0 5px;\n    font-size: 20px;\n    line-height: 26px;\n  }\n  #page .blog-shortcode.blog-masonry-shortcode-id-e0d98abe083900835c6fa810c29a7447 .entry-meta {\n    margin: 5px 0 5px;\n  }\n  #page .blog-shortcode.blog-masonry-shortcode-id-e0d98abe083900835c6fa810c29a7447 .entry-excerpt {\n    margin: 15px 0 0;\n  }\n  #page .blog-shortcode.blog-masonry-shortcode-id-e0d98abe083900835c6fa810c29a7447 .post-details {\n    margin: 5px 0 10px;\n  }\n  #page .blog-shortcode.blog-masonry-shortcode-id-e0d98abe083900835c6fa810c29a7447 .post-details.details-type-link {\n    margin-bottom: 2px;\n  }\n}\n.blog-shortcode.blog-masonry-shortcode-id-e0d98abe083900835c6fa810c29a7447:not(.resize-by-browser-width) .dt-css-grid {\n  grid-row-gap: 30px;\n  grid-column-gap: 30px;\n  grid-template-columns: repeat(auto-fill,minmax(,1fr));\n}\n.blog-shortcode.blog-masonry-shortcode-id-e0d98abe083900835c6fa810c29a7447:not(.resize-by-browser-width) .dt-css-grid .double-width {\n  grid-column: span 2;\n}\n.cssgridlegacy.no-cssgrid .blog-shortcode.blog-masonry-shortcode-id-e0d98abe083900835c6fa810c29a7447:not(.resize-by-browser-width) .dt-css-grid,\n.no-cssgridlegacy.no-cssgrid .blog-shortcode.blog-masonry-shortcode-id-e0d98abe083900835c6fa810c29a7447:not(.resize-by-browser-width) .dt-css-grid {\n  display: flex;\n  flex-flow: row wrap;\n  margin: -15px;\n}\n.cssgridlegacy.no-cssgrid .blog-shortcode.blog-masonry-shortcode-id-e0d98abe083900835c6fa810c29a7447:not(.resize-by-browser-width) .dt-css-grid .wf-cell,\n.no-cssgridlegacy.no-cssgrid .blog-shortcode.blog-masonry-shortcode-id-e0d98abe083900835c6fa810c29a7447:not(.resize-by-browser-width) .dt-css-grid .wf-cell {\n  flex: 1 0 ;\n  max-width: 100%;\n  padding: 15px;\n  box-sizing: border-box;\n}\n.blog-shortcode.blog-masonry-shortcode-id-e0d98abe083900835c6fa810c29a7447.resize-by-browser-width .dt-css-grid {\n  grid-template-columns: repeat(1,1fr);\n  grid-template-rows: auto;\n  grid-column-gap: 30px;\n  grid-row-gap: 30px;\n}\n.blog-shortcode.blog-masonry-shortcode-id-e0d98abe083900835c6fa810c29a7447.resize-by-browser-width .dt-css-grid .double-width {\n  grid-column: span 2;\n}\n.cssgridlegacy.no-cssgrid .blog-shortcode.blog-masonry-shortcode-id-e0d98abe083900835c6fa810c29a7447.resize-by-browser-width .dt-css-grid {\n  margin: -15px;\n}\n.cssgridlegacy.no-cssgrid .blog-shortcode.blog-masonry-shortcode-id-e0d98abe083900835c6fa810c29a7447.resize-by-browser-width .dt-css-grid .wf-cell {\n  width: 100%;\n  padding: 15px;\n}\n.cssgridlegacy.no-cssgrid .blog-shortcode.blog-masonry-shortcode-id-e0d98abe083900835c6fa810c29a7447.resize-by-browser-width .dt-css-grid .wf-cell.double-width {\n  width: calc(100%) * 2;\n}\n.blog-shortcode.blog-masonry-shortcode-id-e0d98abe083900835c6fa810c29a7447.resize-by-browser-width:not(.centered-layout-list):not(.content-bg-on) .dt-css-grid {\n  grid-row-gap: -70px;\n}\n@media screen and (max-width: 1199px) {\n  .blog-shortcode.blog-masonry-shortcode-id-e0d98abe083900835c6fa810c29a7447.resize-by-browser-width .dt-css-grid {\n    grid-template-columns: repeat(1,1fr);\n  }\n  .cssgridlegacy.no-cssgrid .blog-shortcode.blog-masonry-shortcode-id-e0d98abe083900835c6fa810c29a7447.resize-by-browser-width .dt-css-grid .wf-cell,\n  .no-cssgridlegacy.no-cssgrid .blog-shortcode.blog-masonry-shortcode-id-e0d98abe083900835c6fa810c29a7447.resize-by-browser-width .dt-css-grid .wf-cell {\n    width: 100%;\n  }\n  .cssgridlegacy.no-cssgrid .blog-shortcode.blog-masonry-shortcode-id-e0d98abe083900835c6fa810c29a7447.resize-by-browser-width .dt-css-grid .wf-cell.double-width,\n  .no-cssgridlegacy.no-cssgrid .blog-shortcode.blog-masonry-shortcode-id-e0d98abe083900835c6fa810c29a7447.resize-by-browser-width .dt-css-grid .wf-cell.double-width {\n    width: calc(100%)*2;\n  }\n}\n@media screen and (max-width: 991px) {\n  .blog-shortcode.blog-masonry-shortcode-id-e0d98abe083900835c6fa810c29a7447.resize-by-browser-width .dt-css-grid {\n    grid-template-columns: repeat(1,1fr);\n  }\n  .cssgridlegacy.no-cssgrid .blog-shortcode.blog-masonry-shortcode-id-e0d98abe083900835c6fa810c29a7447.resize-by-browser-width .dt-css-grid .wf-cell,\n  .no-cssgridlegacy.no-cssgrid .blog-shortcode.blog-masonry-shortcode-id-e0d98abe083900835c6fa810c29a7447.resize-by-browser-width .dt-css-grid .wf-cell {\n    width: 100%;\n  }\n  .cssgridlegacy.no-cssgrid .blog-shortcode.blog-masonry-shortcode-id-e0d98abe083900835c6fa810c29a7447.resize-by-browser-width .dt-css-grid .wf-cell.double-width,\n  .no-cssgridlegacy.no-cssgrid .blog-shortcode.blog-masonry-shortcode-id-e0d98abe083900835c6fa810c29a7447.resize-by-browser-width .dt-css-grid .wf-cell.double-width {\n    width: calc(100%)*2;\n  }\n}\n@media screen and (max-width: 767px) {\n  .blog-shortcode.blog-masonry-shortcode-id-e0d98abe083900835c6fa810c29a7447.resize-by-browser-width .dt-css-grid {\n    grid-template-columns: repeat(1,1fr);\n  }\n  .blog-shortcode.blog-masonry-shortcode-id-e0d98abe083900835c6fa810c29a7447.resize-by-browser-width .dt-css-grid .double-width {\n    grid-column: span 1;\n  }\n  .cssgridlegacy.no-cssgrid .blog-shortcode.blog-masonry-shortcode-id-e0d98abe083900835c6fa810c29a7447.resize-by-browser-width .dt-css-grid .wf-cell,\n  .no-cssgridlegacy.no-cssgrid .blog-shortcode.blog-masonry-shortcode-id-e0d98abe083900835c6fa810c29a7447.resize-by-browser-width .dt-css-grid .wf-cell {\n    width: 100%;\n  }\n  .cssgridlegacy.no-cssgrid .blog-shortcode.blog-masonry-shortcode-id-e0d98abe083900835c6fa810c29a7447.resize-by-browser-width .dt-css-grid .wf-cell.double-width,\n  .no-cssgridlegacy.no-cssgrid .blog-shortcode.blog-masonry-shortcode-id-e0d98abe083900835c6fa810c29a7447.resize-by-browser-width .dt-css-grid .wf-cell.double-width {\n    width: calc(100%)*2;\n  }\n}\n<\/style><div class=\"blog-shortcode blog-masonry-shortcode-id-e0d98abe083900835c6fa810c29a7447 mode-grid classic-layout-list jquery-filter scale-img meta-info-off dt-css-grid-wrap dt-icon-bg-off resize-by-browser-width loading-effect-none description-under-image\" data-padding=\"15px\" data-cur-page=\"1\" data-post-limit=\"-1\" data-pagination-mode=\"none\" data-desktop-columns-num=\"1\" data-v-tablet-columns-num=\"1\" data-h-tablet-columns-num=\"1\" data-phone-columns-num=\"1\" data-width=\"0px\" data-columns=\"0\"><div class=\"dt-css-grid\" ><div class=\"visible wf-cell\" data-post-id=\"54918\" data-date=\"2019-12-12T16:01:42+02:00\" data-name=\"Apel #1 \u2013 Participare civic\u0103 \u00een zone insuficient deservite (ongoing)\"><article class=\"post project-odd visible no-img post-54918 type-post status-publish format-standard hentry category-apeluri-inchise category-237\" data-name=\"Apel #1 \u2013 Participare civic\u0103 \u00een zone insuficient deservite (ongoing)\" data-date=\"2019-12-12T16:01:42+02:00\">\n\n<div class=\"post-entry-content\">\n\n\t<h3 class=\"entry-title\">\n\t\t<a href=\"https:\/\/activecitizensfund.ro\/en\/apel-1\/\" title=\"Call #1 \u2013 Civic participation in underserved areas (ongoing)\" rel=\"bookmark\">Call #1 \u2013 Civic participation in underserved areas (ongoing)<\/a>\n\t<\/h3>\n\n\t\n\t<div class=\"entry-excerpt\"><p>The objective of this Call is to stimulate civic engagement in underserved areas  and for underserved target groups.<\/p>\n<\/div>\n\t\n<a href=\"https:\/\/activecitizensfund.ro\/en\/apel-1\/\" class=\"post-details details-type-link\" aria-label=\"Read more about Apel #1 \u2013 Participare civic\u0103 \u00een zone insuficient deservite (ongoing)\">Read more<i class=\"dt-icon-the7-arrow-03\" aria-hidden=\"true\"><\/i><\/a>\n\n<\/div><\/article><\/div><div class=\"visible wf-cell\" data-post-id=\"55047\" data-date=\"2019-12-16T20:34:26+02:00\" data-name=\"Apel #2 \u2013 Educa\u0163ie \u015fi implicare civic\u0103 (runda 1)\"><article class=\"post project-odd visible no-img post-55047 type-post status-publish format-standard hentry category-apeluri-inchise category-237\" data-name=\"Apel #2 \u2013 Educa\u0163ie \u015fi implicare civic\u0103 (runda 1)\" data-date=\"2019-12-16T20:34:26+02:00\">\n\n<div class=\"post-entry-content\">\n\n\t<h3 class=\"entry-title\">\n\t\t<a href=\"https:\/\/activecitizensfund.ro\/en\/apel-2\/\" title=\"Call #2 \u2013 Civic education and engagement (round 1)\" rel=\"bookmark\">Call #2 \u2013 Civic education and engagement (round 1)<\/a>\n\t<\/h3>\n\n\t\n\t<div class=\"entry-excerpt\"><p>The objective of this Call is to increase citizens\u2019 education on civic and human rights and help them in exercising\/enforcing their rights.<\/p>\n<\/div>\n\t\n<a href=\"https:\/\/activecitizensfund.ro\/en\/apel-2\/\" class=\"post-details details-type-link\" aria-label=\"Read more about Apel #2 \u2013 Educa\u0163ie \u015fi implicare civic\u0103 (runda 1)\">Read more<i class=\"dt-icon-the7-arrow-03\" aria-hidden=\"true\"><\/i><\/a>\n\n<\/div><\/article><\/div><div class=\"visible wf-cell\" data-post-id=\"55053\" data-date=\"2019-12-16T20:47:08+02:00\" data-name=\"Apel #3 \u2013 Activism civic \u0219i advocacy (runda 1)\"><article class=\"post project-odd visible no-img post-55053 type-post status-publish format-standard hentry category-apeluri-inchise category-237\" data-name=\"Apel #3 \u2013 Activism civic \u0219i advocacy (runda 1)\" data-date=\"2019-12-16T20:47:08+02:00\">\n\n<div class=\"post-entry-content\">\n\n\t<h3 class=\"entry-title\">\n\t\t<a href=\"https:\/\/activecitizensfund.ro\/en\/apel-3\/\" title=\"Call #3 \u2013 Civic activism and advocacy (round 1)\" rel=\"bookmark\">Call #3 \u2013 Civic activism and advocacy (round 1)<\/a>\n\t<\/h3>\n\n\t\n\t<div class=\"entry-excerpt\"><p>The objective of this Call is to support and advance monitoring, advocacy and watchdog activities at local and\/or central levels.<\/p>\n<\/div>\n\t\n<a href=\"https:\/\/activecitizensfund.ro\/en\/apel-3\/\" class=\"post-details details-type-link\" aria-label=\"Read more about Apel #3 \u2013 Activism civic \u0219i advocacy (runda 1)\">Read more<i class=\"dt-icon-the7-arrow-03\" aria-hidden=\"true\"><\/i><\/a>\n\n<\/div><\/article><\/div><div class=\"visible wf-cell\" data-post-id=\"55064\" data-date=\"2019-12-16T21:06:37+02:00\" data-name=\"Apel #4 \u2013 Con\u015ftientizare privind drepturile omului \u015fi tratament egal (ongoing)\"><article class=\"post project-odd visible no-img post-55064 type-post status-publish format-standard hentry category-apeluri-inchise category-237\" data-name=\"Apel #4 \u2013 Con\u015ftientizare privind drepturile omului \u015fi tratament egal (ongoing)\" data-date=\"2019-12-16T21:06:37+02:00\">\n\n<div class=\"post-entry-content\">\n\n\t<h3 class=\"entry-title\">\n\t\t<a href=\"https:\/\/activecitizensfund.ro\/en\/apel-4\/\" title=\"Call #4 \u2013 Awareness on human rights and equal treatment (ongoing)\" rel=\"bookmark\">Call #4 \u2013 Awareness on human rights and equal treatment (ongoing)<\/a>\n\t<\/h3>\n\n\t\n\t<div class=\"entry-excerpt\"><p>The objective of this Call is to enhance awareness on human rights\/equal treatment, at local level, in underserved areas and\/or for underserved target groups.<\/p>\n<\/div>\n\t\n<a href=\"https:\/\/activecitizensfund.ro\/en\/apel-4\/\" class=\"post-details details-type-link\" aria-label=\"Read more about Apel #4 \u2013 Con\u015ftientizare privind drepturile omului \u015fi tratament egal (ongoing)\">Read more<i class=\"dt-icon-the7-arrow-03\" aria-hidden=\"true\"><\/i><\/a>\n\n<\/div><\/article><\/div><div class=\"visible wf-cell\" data-post-id=\"55068\" data-date=\"2019-12-16T21:12:30+02:00\" data-name=\"Apel #5 \u2013 Sprijin strategic pentru drepturile omului \u015fi tratament egal (runda 1)\"><article class=\"post project-odd visible no-img post-55068 type-post status-publish format-standard hentry category-apeluri-inchise category-237\" data-name=\"Apel #5 \u2013 Sprijin strategic pentru drepturile omului \u015fi tratament egal (runda 1)\" data-date=\"2019-12-16T21:12:30+02:00\">\n\n<div class=\"post-entry-content\">\n\n\t<h3 class=\"entry-title\">\n\t\t<a href=\"https:\/\/activecitizensfund.ro\/en\/apel-5\/\" title=\"Call #5 \u2013 Strategic support for human rights and equal treatment (round 1)\" rel=\"bookmark\">Call #5 \u2013 Strategic support for human rights and equal treatment (round 1)<\/a>\n\t<\/h3>\n\n\t\n\t<div class=\"entry-excerpt\"><p>The objective of this Call is to support NGOs to enforce their human rights advocacy and monitoring role including in relation to gender equality issues and combatting gender-based violence.<\/p>\n<\/div>\n\t\n<a href=\"https:\/\/activecitizensfund.ro\/en\/apel-5\/\" class=\"post-details details-type-link\" aria-label=\"Read more about Apel #5 \u2013 Sprijin strategic pentru drepturile omului \u015fi tratament egal (runda 1)\">Read more<i class=\"dt-icon-the7-arrow-03\" aria-hidden=\"true\"><\/i><\/a>\n\n<\/div><\/article><\/div><div class=\"visible wf-cell\" data-post-id=\"55073\" data-date=\"2019-12-17T21:44:45+02:00\" data-name=\"Apel #6 \u2013 Mobilizarea grupurilor vulnerabile din zone insuficient deservite (ongoing)\"><article class=\"post project-odd visible no-img post-55073 type-post status-publish format-standard hentry category-apeluri-inchise category-237\" data-name=\"Apel #6 \u2013 Mobilizarea grupurilor vulnerabile din zone insuficient deservite (ongoing)\" data-date=\"2019-12-17T21:44:45+02:00\">\n\n<div class=\"post-entry-content\">\n\n\t<h3 class=\"entry-title\">\n\t\t<a href=\"https:\/\/activecitizensfund.ro\/en\/apel-6\/\" title=\"Call #6 \u2013 Mobilising vulnerable groups in underserved areas (ongoing)\" rel=\"bookmark\">Call #6 \u2013 Mobilising vulnerable groups in underserved areas (ongoing)<\/a>\n\t<\/h3>\n\n\t\n\t<div class=\"entry-excerpt\"><p>The objective of this Call is to empower vulnerable groups from underserved areas, including interethnic communities and contribute to their social inclusion.<\/p>\n<\/div>\n\t\n<a href=\"https:\/\/activecitizensfund.ro\/en\/apel-6\/\" class=\"post-details details-type-link\" aria-label=\"Read more about Apel #6 \u2013 Mobilizarea grupurilor vulnerabile din zone insuficient deservite (ongoing)\">Read more<i class=\"dt-icon-the7-arrow-03\" aria-hidden=\"true\"><\/i><\/a>\n\n<\/div><\/article><\/div><div class=\"visible wf-cell\" data-post-id=\"55075\" data-date=\"2019-12-18T10:57:53+02:00\" data-name=\"Apel #7 \u2013 Ac\u0163iuni de advocacy pentru incluziunea social\u0103 a grupurilor vulnerabile (runda 1)\"><article class=\"post project-odd visible no-img post-55075 type-post status-publish format-standard hentry category-apeluri-inchise category-237\" data-name=\"Apel #7 \u2013 Ac\u0163iuni de advocacy pentru incluziunea social\u0103 a grupurilor vulnerabile (runda 1)\" data-date=\"2019-12-18T10:57:53+02:00\">\n\n<div class=\"post-entry-content\">\n\n\t<h3 class=\"entry-title\">\n\t\t<a href=\"https:\/\/activecitizensfund.ro\/en\/apel-7\/\" title=\"Call #7 \u2013 Advocating for social inclusion of vulnerable groups (round 1)\" rel=\"bookmark\">Call #7 \u2013 Advocating for social inclusion of vulnerable groups (round 1)<\/a>\n\t<\/h3>\n\n\t\n\t<div class=\"entry-excerpt\"><p>The objective of this Call is to advocate at local\/ national level for social justice and inclusion of vulnerable groups and empower vulnerable groups.<\/p>\n<\/div>\n\t\n<a href=\"https:\/\/activecitizensfund.ro\/en\/apel-7\/\" class=\"post-details details-type-link\" aria-label=\"Read more about Apel #7 \u2013 Ac\u0163iuni de advocacy pentru incluziunea social\u0103 a grupurilor vulnerabile (runda 1)\">Read more<i class=\"dt-icon-the7-arrow-03\" aria-hidden=\"true\"><\/i><\/a>\n\n<\/div><\/article><\/div><div class=\"visible wf-cell\" data-post-id=\"55081\" data-date=\"2019-12-18T11:02:04+02:00\" data-name=\"Apel #8 \u2013 Dezvoltarea comunit\u0103\u021bilor rurale interetnice (runda 1)\"><article class=\"post project-odd visible no-img post-55081 type-post status-publish format-standard hentry category-apeluri-inchise category-237\" data-name=\"Apel #8 \u2013 Dezvoltarea comunit\u0103\u021bilor rurale interetnice (runda 1)\" data-date=\"2019-12-18T11:02:04+02:00\">\n\n<div class=\"post-entry-content\">\n\n\t<h3 class=\"entry-title\">\n\t\t<a href=\"https:\/\/activecitizensfund.ro\/en\/apel-8\/\" title=\"Call #8 \u2013 Development of rural interethnic communities (round 1)\" rel=\"bookmark\">Call #8 \u2013 Development of rural interethnic communities (round 1)<\/a>\n\t<\/h3>\n\n\t\n\t<div class=\"entry-excerpt\"><p>The objective of this Call is to contribute on medium and long term development of rural interethnic communities and improvement of Roma situation.<\/p>\n<\/div>\n\t\n<a href=\"https:\/\/activecitizensfund.ro\/en\/apel-8\/\" class=\"post-details details-type-link\" aria-label=\"Read more about Apel #8 \u2013 Dezvoltarea comunit\u0103\u021bilor rurale interetnice (runda 1)\">Read more<i class=\"dt-icon-the7-arrow-03\" aria-hidden=\"true\"><\/i><\/a>\n\n<\/div><\/article><\/div><div class=\"visible wf-cell\" data-post-id=\"55883\" data-date=\"2020-08-05T11:37:16+03:00\" data-name=\"Apel #9 - Diversificarea surselor de finan\u021bare\"><article class=\"post project-odd visible no-img post-55883 type-post status-publish format-standard hentry category-apeluri-inchise category-237\" data-name=\"Apel #9 &#8211; Diversificarea surselor de finan\u021bare\" data-date=\"2020-08-05T11:37:16+03:00\">\n\n<div class=\"post-entry-content\">\n\n\t<h3 class=\"entry-title\">\n\t\t<a href=\"https:\/\/activecitizensfund.ro\/en\/apel-9\/\" title=\"Call #9 \u2013 Diversifying funding sources\" rel=\"bookmark\">Call #9 - Diversifying funding sources<\/a>\n\t<\/h3>\n\n\t\n\t<div class=\"entry-excerpt\"><p>The objective of this Call is is to develop NGOs\u2019 capacity on fundraising.<\/p>\n<\/div>\n\t\n<a href=\"https:\/\/activecitizensfund.ro\/en\/apel-9\/\" class=\"post-details details-type-link\" aria-label=\"Read more about Apel #9 &#8211; Diversificarea surselor de finan\u021bare\">Read more<i class=\"dt-icon-the7-arrow-03\" aria-hidden=\"true\"><\/i><\/a>\n\n<\/div><\/article><\/div><div class=\"visible wf-cell\" data-post-id=\"55911\" data-date=\"2020-08-05T11:51:46+03:00\" data-name=\"Apel #11 - Sprijin strategic pentru dezvoltarea capacit\u0103\u021bii organiza\u021biilor neguvernamentale\"><article class=\"post project-odd visible no-img post-55911 type-post status-publish format-standard hentry category-apeluri-inchise category-237\" data-name=\"Apel #11 &#8211; Sprijin strategic pentru dezvoltarea capacit\u0103\u021bii organiza\u021biilor neguvernamentale\" data-date=\"2020-08-05T11:51:46+03:00\">\n\n<div class=\"post-entry-content\">\n\n\t<h3 class=\"entry-title\">\n\t\t<a href=\"https:\/\/activecitizensfund.ro\/en\/apel-11\/\" title=\"Call #11 \u2013 Strategic support for capacity building of NGOs\" rel=\"bookmark\">Call #11 - Strategic support for capacity building of NGOs<\/a>\n\t<\/h3>\n\n\t\n\t<div class=\"entry-excerpt\"><p>The objective of this Call is is to develop NGOs\u2019 capacity to achieve sustainability in a changing social and economic context while having a strong impact in the communities they serve. <\/p>\n<\/div>\n\t\n<a href=\"https:\/\/activecitizensfund.ro\/en\/apel-11\/\" class=\"post-details details-type-link\" aria-label=\"Read more about Apel #11 &#8211; Sprijin strategic pentru dezvoltarea capacit\u0103\u021bii organiza\u021biilor neguvernamentale\">Read more<i class=\"dt-icon-the7-arrow-03\" aria-hidden=\"true\"><\/i><\/a>\n\n<\/div><\/article><\/div><div class=\"visible wf-cell\" data-post-id=\"56335\" data-date=\"2021-02-17T08:55:06+02:00\" data-name=\"Apel #8 - Dezvoltarea comunit\u0103\u021bilor rurale interetnice (runda 2)\"><article class=\"post project-odd visible no-img post-56335 type-post status-publish format-standard hentry category-apeluri-inchise category-237\" data-name=\"Apel #8 &#8211; Dezvoltarea comunit\u0103\u021bilor rurale interetnice (runda 2)\" data-date=\"2021-02-17T08:55:06+02:00\">\n\n<div class=\"post-entry-content\">\n\n\t<h3 class=\"entry-title\">\n\t\t<a href=\"https:\/\/activecitizensfund.ro\/en\/apel-8-runda-2\/\" title=\"Apel #8 &#8211; Dezvoltarea comunit\u0103\u021bilor rurale interetnice (runda 2)\" rel=\"bookmark\">Call #8 - Development of rural interethnic communities (round 2)<\/a>\n\t<\/h3>\n\n\t\n\t<div class=\"entry-excerpt\"><p>The objective of this Call is to contribute on medium and long term development of rural interethnic communities and improvement of Roma situation in Romania.<\/p>\n<\/div>\n\t\n<a href=\"https:\/\/activecitizensfund.ro\/en\/apel-8-runda-2\/\" class=\"post-details details-type-link\" aria-label=\"Read more about Apel #8 &#8211; Dezvoltarea comunit\u0103\u021bilor rurale interetnice (runda 2)\">Read more<i class=\"dt-icon-the7-arrow-03\" aria-hidden=\"true\"><\/i><\/a>\n\n<\/div><\/article><\/div><div class=\"visible wf-cell\" data-post-id=\"56324\" data-date=\"2021-02-17T08:55:28+02:00\" data-name=\"Apel #5 - Sprijin strategic pentru drepturile omului \u0219i tratament egal (runda 2)\"><article class=\"post project-odd visible no-img post-56324 type-post status-publish format-standard hentry category-apeluri-inchise category-237\" data-name=\"Apel #5 &#8211; Sprijin strategic pentru drepturile omului \u0219i tratament egal (runda 2)\" data-date=\"2021-02-17T08:55:28+02:00\">\n\n<div class=\"post-entry-content\">\n\n\t<h3 class=\"entry-title\">\n\t\t<a href=\"https:\/\/activecitizensfund.ro\/en\/apel-5-runda-2\/\" title=\"Apel #5 &#8211; Sprijin strategic pentru drepturile omului \u0219i tratament egal (runda 2)\" rel=\"bookmark\">Call #5 - Strategic support for human rights and equal treatment (round 2)<\/a>\n\t<\/h3>\n\n\t\n\t<div class=\"entry-excerpt\"><p>The objectives of this Call are to enforce human rights advocacy and watchdog role of NGOs on human rights and equal treatment for all, gender equality issues and combatting gender-based violence and to increase awareness of citizens on their rights, along with their capacity to identify, report and challenge discrimination, hate speech in public space, human rights violations, harmful institutional practices, as well as gaps in legislation and law enforcement.<\/p>\n<\/div>\n\t\n<a href=\"https:\/\/activecitizensfund.ro\/en\/apel-5-runda-2\/\" class=\"post-details details-type-link\" aria-label=\"Read more about Apel #5 &#8211; Sprijin strategic pentru drepturile omului \u0219i tratament egal (runda 2)\">Read more<i class=\"dt-icon-the7-arrow-03\" aria-hidden=\"true\"><\/i><\/a>\n\n<\/div><\/article><\/div><div class=\"visible wf-cell\" data-post-id=\"56289\" data-date=\"2021-02-17T08:55:32+02:00\" data-name=\"Apel #2 - Educa\u021bie \u0219i implicare civic\u0103 (runda 2)\"><article class=\"post project-odd visible no-img post-56289 type-post status-publish format-standard hentry category-apeluri-inchise category-237\" data-name=\"Apel #2 &#8211; Educa\u021bie \u0219i implicare civic\u0103 (runda 2)\" data-date=\"2021-02-17T08:55:32+02:00\">\n\n<div class=\"post-entry-content\">\n\n\t<h3 class=\"entry-title\">\n\t\t<a href=\"https:\/\/activecitizensfund.ro\/en\/apel-2-runda-2\/\" title=\"Apel #2 &#8211; Educa\u021bie \u0219i implicare civic\u0103 (runda 2)\" rel=\"bookmark\">Call #2 \u2013 Civic education and engagement (round 2)<\/a>\n\t<\/h3>\n\n\t\n\t<div class=\"entry-excerpt\"><p>The objective of this Call is to increase level of civic and human rights education and involvement of citizens.<\/p>\n<\/div>\n\t\n<a href=\"https:\/\/activecitizensfund.ro\/en\/apel-2-runda-2\/\" class=\"post-details details-type-link\" aria-label=\"Read more about Apel #2 &#8211; Educa\u021bie \u0219i implicare civic\u0103 (runda 2)\">Read more<i class=\"dt-icon-the7-arrow-03\" aria-hidden=\"true\"><\/i><\/a>\n\n<\/div><\/article><\/div><div class=\"visible wf-cell\" data-post-id=\"56333\" data-date=\"2021-02-17T08:55:37+02:00\" data-name=\"Apel #7 \u2013 Ac\u021biuni de advocacy pentru incluziunea social\u0103 a grupurilor vulnerabile (runda 2)\"><article class=\"post project-odd visible no-img post-56333 type-post status-publish format-standard hentry category-apeluri-inchise category-237\" data-name=\"Apel #7 \u2013 Ac\u021biuni de advocacy pentru incluziunea social\u0103 a grupurilor vulnerabile (runda 2)\" data-date=\"2021-02-17T08:55:37+02:00\">\n\n<div class=\"post-entry-content\">\n\n\t<h3 class=\"entry-title\">\n\t\t<a href=\"https:\/\/activecitizensfund.ro\/en\/apel-7-runda-2\/\" title=\"Call #7 - Advocating for social inclusion of vulnerable groups (round 2)\" rel=\"bookmark\">Call #7 - Advocating for social inclusion of vulnerable groups (round 2)<\/a>\n\t<\/h3>\n\n\t\n\t<div class=\"entry-excerpt\"><p>The objective of this Call is to advocate at local\/ national level for social justice and inclusion of vulnerable groups and empower vulnerable groups.<\/p>\n<\/div>\n\t\n<a href=\"https:\/\/activecitizensfund.ro\/en\/apel-7-runda-2\/\" class=\"post-details details-type-link\" aria-label=\"Read more about Apel #7 \u2013 Ac\u021biuni de advocacy pentru incluziunea social\u0103 a grupurilor vulnerabile (runda 2)\">Read more<i class=\"dt-icon-the7-arrow-03\" aria-hidden=\"true\"><\/i><\/a>\n\n<\/div><\/article><\/div><div class=\"visible wf-cell\" data-post-id=\"56315\" data-date=\"2021-02-17T08:55:56+02:00\" data-name=\"Apel #3 - Activism civic \u0219i advocacy (runda 2)\"><article class=\"post project-odd visible no-img post-56315 type-post status-publish format-standard hentry category-apeluri-inchise category-237\" data-name=\"Apel #3 &#8211; Activism civic \u0219i advocacy (runda 2)\" data-date=\"2021-02-17T08:55:56+02:00\">\n\n<div class=\"post-entry-content\">\n\n\t<h3 class=\"entry-title\">\n\t\t<a href=\"https:\/\/activecitizensfund.ro\/en\/apel-3-runda-2\/\" title=\"Apel #3 &#8211; Activism civic \u0219i advocacy (runda 2)\" rel=\"bookmark\">Call #3 \u2013 Civic activism and advocacy (round 2)<\/a>\n\t<\/h3>\n\n\t\n\t<div class=\"entry-excerpt\"><p>The objective of this Call is to enhance citizens\u2019 involvement in watchdog, monitoring and advocacy activities at local and\/or central level.<\/p>\n<\/div>\n\t\n<a href=\"https:\/\/activecitizensfund.ro\/en\/apel-3-runda-2\/\" class=\"post-details details-type-link\" aria-label=\"Read more about Apel #3 &#8211; Activism civic \u0219i advocacy (runda 2)\">Read more<i class=\"dt-icon-the7-arrow-03\" aria-hidden=\"true\"><\/i><\/a>\n\n<\/div><\/article><\/div><div class=\"visible wf-cell\" data-post-id=\"57744\" data-date=\"2022-08-22T19:04:40+03:00\" data-name=\"Apel #1.1 \u2013 Participare civic\u0103 privind criza din Ucraina (rund\u0103 unic\u0103)\"><article class=\"post project-odd visible no-img post-57744 type-post status-publish format-standard hentry category-apeluri-inchise category-237\" data-name=\"Apel #1.1 \u2013 Participare civic\u0103 privind criza din Ucraina (rund\u0103 unic\u0103)\" data-date=\"2022-08-22T19:04:40+03:00\">\n\n<div class=\"post-entry-content\">\n\n\t<h3 class=\"entry-title\">\n\t\t<a href=\"https:\/\/activecitizensfund.ro\/en\/apel-1-1-participare-civica-privind-criza-din-ucraina-runda-unica\/\" title=\"Call #1.1 \u2013 Civic participation in response to the Ukraine crisis (single round)\" rel=\"bookmark\">Call #1.1 \u2013 Civic participation in response to the Ukraine crisis (single round)<\/a>\n\t<\/h3>\n\n\t\n\t<div class=\"entry-excerpt\"><p>The objective of this Call is to enhance civic engagement for a better response to the Ukraine crisis. <\/p>\n<\/div>\n\t\n<a href=\"https:\/\/activecitizensfund.ro\/en\/apel-1-1-participare-civica-privind-criza-din-ucraina-runda-unica\/\" class=\"post-details details-type-link\" aria-label=\"Read more about Apel #1.1 \u2013 Participare civic\u0103 privind criza din Ucraina (rund\u0103 unic\u0103)\">Read more<i class=\"dt-icon-the7-arrow-03\" aria-hidden=\"true\"><\/i><\/a>\n\n<\/div><\/article><\/div><div class=\"visible wf-cell\" data-post-id=\"57761\" data-date=\"2022-08-22T20:17:53+03:00\" data-name=\"Apel #4.1 \u2013 Con\u0219tientizare privind drepturile omului \u0219i tratament egal pentru persoanele refugiate din Ucraina (rund\u0103 unic\u0103)\"><article class=\"post project-odd visible no-img post-57761 type-post status-publish format-standard hentry category-apeluri-inchise category-237\" data-name=\"Apel #4.1 \u2013 Con\u0219tientizare privind drepturile omului \u0219i tratament egal pentru persoanele refugiate din Ucraina (rund\u0103 unic\u0103)\" data-date=\"2022-08-22T20:17:53+03:00\">\n\n<div class=\"post-entry-content\">\n\n\t<h3 class=\"entry-title\">\n\t\t<a href=\"https:\/\/activecitizensfund.ro\/en\/apel-4-1-constientizare-privind-drepturile-omului-si-tratament-egal-pentru-persoanele-refugiate-din-ucraina-runda-unica\/\" title=\"Call #4.1 \u2013 Awareness on human rights and equal treatment for refugees fleeing Ukraine (single round)\" rel=\"bookmark\">Call #4.1 \u2013 Awareness on human rights and equal treatment for refugees fleeing Ukraine (single round)<\/a>\n\t<\/h3>\n\n\t\n\t<div class=\"entry-excerpt\"><p>The objectives of this Call are to provide support for refugees fleeing Ukraine, victims\/at risk of discrimination on human rights infringement and\/or to enhance awareness on human rights\/equal treatment of refugees fleeing Ukraine. <\/p>\n<\/div>\n\t\n<a href=\"https:\/\/activecitizensfund.ro\/en\/apel-4-1-constientizare-privind-drepturile-omului-si-tratament-egal-pentru-persoanele-refugiate-din-ucraina-runda-unica\/\" class=\"post-details details-type-link\" aria-label=\"Read more about Apel #4.1 \u2013 Con\u0219tientizare privind drepturile omului \u0219i tratament egal pentru persoanele refugiate din Ucraina (rund\u0103 unic\u0103)\">Read more<i class=\"dt-icon-the7-arrow-03\" aria-hidden=\"true\"><\/i><\/a>\n\n<\/div><\/article><\/div><div class=\"visible wf-cell\" data-post-id=\"57791\" data-date=\"2022-08-22T20:55:12+03:00\" data-name=\"Apel #6.1 \u2013 Sprijin pentru persoanele refugiate din Ucraina (rund\u0103 unic\u0103)\"><article class=\"post project-odd visible no-img post-57791 type-post status-publish format-standard hentry category-apeluri-inchise category-237\" data-name=\"Apel #6.1 \u2013 Sprijin pentru persoanele refugiate din Ucraina (rund\u0103 unic\u0103)\" data-date=\"2022-08-22T20:55:12+03:00\">\n\n<div class=\"post-entry-content\">\n\n\t<h3 class=\"entry-title\">\n\t\t<a href=\"https:\/\/activecitizensfund.ro\/en\/apel-6-1-sprijin-pentru-persoanele-refugiate-din-ucraina-runda-unica\/\" title=\"Call #6.1 \u2013 Support for refugees fleeing Ukraine (single round)\" rel=\"bookmark\">Call #6.1 \u2013 Support for refugees fleeing Ukraine (single round)<\/a>\n\t<\/h3>\n\n\t\n\t<div class=\"entry-excerpt\"><p>The objective of this Call is to provide support for protection and social inclusion of refugees fleeing from Ukraine.<\/p>\n<\/div>\n\t\n<a href=\"https:\/\/activecitizensfund.ro\/en\/apel-6-1-sprijin-pentru-persoanele-refugiate-din-ucraina-runda-unica\/\" class=\"post-details details-type-link\" aria-label=\"Read more about Apel #6.1 \u2013 Sprijin pentru persoanele refugiate din Ucraina (rund\u0103 unic\u0103)\">Read more<i class=\"dt-icon-the7-arrow-03\" aria-hidden=\"true\"><\/i><\/a>\n\n<\/div><\/article><\/div><div class=\"visible wf-cell\" data-post-id=\"57855\" data-date=\"2022-09-16T09:29:14+03:00\" data-name=\"Apel #10 \u2013 \u020ambun\u0103t\u0103\u0163irea imaginii publice a organiza\u0163iilor societ\u0103\u0163ii civile \u020bn r\u0203ndul publicului \u0163int\u0103 (rund\u0103 unic\u0103)\"><article class=\"post project-odd visible no-img post-57855 type-post status-publish format-standard hentry category-apeluri-inchise category-237\" data-name=\"Apel #10 \u2013 \u020ambun\u0103t\u0103\u0163irea imaginii publice a organiza\u0163iilor societ\u0103\u0163ii civile \u020bn r\u0203ndul publicului \u0163int\u0103 (rund\u0103 unic\u0103)\" data-date=\"2022-09-16T09:29:14+03:00\">\n\n<div class=\"post-entry-content\">\n\n\t<h3 class=\"entry-title\">\n\t\t<a href=\"https:\/\/activecitizensfund.ro\/en\/apel-10-%c8%8bmbunatatirea-imaginii-publice-a-organizatiilor-societatii-civile-%c8%8bn-r%c8%83ndul-publicului-tinta-runda-unica\/\" title=\"Apel #10 \u2013 \u020ambun\u0103t\u0103\u0163irea imaginii publice a organiza\u0163iilor societ\u0103\u0163ii civile \u020bn r\u0203ndul publicului \u0163int\u0103 (rund\u0103 unic\u0103)\" rel=\"bookmark\">Apel #10 \u2013 \u020ambun\u0103t\u0103\u0163irea imaginii publice a organiza\u0163iilor societ\u0103\u0163ii civile \u020bn r\u0203ndul publicului \u0163int\u0103 (rund\u0103 unic\u0103)<\/a>\n\t<\/h3>\n\n\t\n\t<div class=\"entry-excerpt\"><p>Obiectivul acestui apel este \u020bmbun\u0103t\u0103\u0163irea imaginii publice a organiza\u0163iilor societ\u0103\u0163ii civile \u020bn r\u0203ndul publicului \u0163int\u0103. <\/p>\n<\/div>\n\t\n<a href=\"https:\/\/activecitizensfund.ro\/en\/apel-10-%c8%8bmbunatatirea-imaginii-publice-a-organizatiilor-societatii-civile-%c8%8bn-r%c8%83ndul-publicului-tinta-runda-unica\/\" class=\"post-details details-type-link\" aria-label=\"Read more about Apel #10 \u2013 \u020ambun\u0103t\u0103\u0163irea imaginii publice a organiza\u0163iilor societ\u0103\u0163ii civile \u020bn r\u0203ndul publicului \u0163int\u0103 (rund\u0103 unic\u0103)\">Read more<i class=\"dt-icon-the7-arrow-03\" aria-hidden=\"true\"><\/i><\/a>\n\n<\/div><\/article><\/div><\/div><!-- iso-container|iso-grid --><\/div><\/div><\/div><\/div><\/div><div class=\"vc_row wpb_row vc_row-fluid dt-default\" style=\"margin-top: 0px;margin-bottom: 0px\"><div class=\"wpb_column vc_column_container vc_col-sm-12\"><div class=\"vc_column-inner\"><div class=\"wpb_wrapper\"><div class=\"vc_empty_space\"   style=\"height: 64px\"><span class=\"vc_empty_space_inner\"><\/span><\/div><div class=\"ubtn-ctn-center\"><a class=\"ubtn-link ult-adjust-bottom-margin ubtn-center ubtn-block\" href=\"https:\/\/activecitizensfund.ro\/en\/proiecte-in-evaluare\/\" ><button type=\"button\" id=\"ubtn-3303\"  class=\"ubtn ult-adjust-bottom-margin ult-responsive ubtn-block ubtn-no-hover-bg  none  ubtn-center   tooltip-69ee33fb58a5b ubtn-block\"  data-hover=\"\" data-border-color=\"\" data-bg=\"#29446f\" data-hover-bg=\"\" data-border-hover=\"\" data-shadow-hover=\"\" data-shadow-click=\"none\" data-shadow=\"\" data-shd-shadow=\"\"  data-ultimate-target='#ubtn-3303'  data-responsive-json-new='{\"font-size\":\"\",\"line-height\":\"\"}'  style=\"font-weight:normal;border:none;background: #29446f;color: #ffffff;\"><span class=\"ubtn-hover\" style=\"background-color:\"><\/span><span class=\"ubtn-data ubtn-text\" >PROJECTS UNDER EVALUATION<\/span><\/button><\/a><\/div><\/div><\/div><\/div><\/div>\n<\/div>","protected":false},"excerpt":{"rendered":"<p>CLARIFIC\u0102RI\u00cen aten\u021bia aplican\u021bilor &#8211; Clarific\u0103ri privind Anexa 2a \u2013 Bugetul proiectului, foaia de lucru Corela\u021bii+Limit\u0103ri Pentru toate apelurile (de la #1 la #8) &#8211; \u00cen cazul \u00een care valoarea total\u0103 a bugetului (finan\u021bare nerambursabil\u0103 + cofinan\u021bare) dep\u0103\u0219este valoarea maxim\u0103 a finan\u021b\u0103rii nerambursabile admise pentru tipul de grant selectat, v\u0103 rug\u0103m s\u0103 NU \u021bine\u021bi cont de&hellip;<\/p>","protected":false},"author":1,"featured_media":0,"parent":0,"menu_order":0,"comment_status":"closed","ping_status":"closed","template":"","meta":{"footnotes":""},"class_list":["post-55567","page","type-page","status-publish","hentry","description-off"],"_links":{"self":[{"href":"https:\/\/activecitizensfund.ro\/en\/wp-json\/wp\/v2\/pages\/55567","targetHints":{"allow":["GET"]}}],"collection":[{"href":"https:\/\/activecitizensfund.ro\/en\/wp-json\/wp\/v2\/pages"}],"about":[{"href":"https:\/\/activecitizensfund.ro\/en\/wp-json\/wp\/v2\/types\/page"}],"author":[{"embeddable":true,"href":"https:\/\/activecitizensfund.ro\/en\/wp-json\/wp\/v2\/users\/1"}],"replies":[{"embeddable":true,"href":"https:\/\/activecitizensfund.ro\/en\/wp-json\/wp\/v2\/comments?post=55567"}],"version-history":[{"count":34,"href":"https:\/\/activecitizensfund.ro\/en\/wp-json\/wp\/v2\/pages\/55567\/revisions"}],"predecessor-version":[{"id":56754,"href":"https:\/\/activecitizensfund.ro\/en\/wp-json\/wp\/v2\/pages\/55567\/revisions\/56754"}],"wp:attachment":[{"href":"https:\/\/activecitizensfund.ro\/en\/wp-json\/wp\/v2\/media?parent=55567"}],"curies":[{"name":"wp","href":"https:\/\/api.w.org\/{rel}","templated":true}]}}