{"id":55991,"date":"2022-01-25T13:38:18","date_gmt":"2022-01-25T11:38:18","guid":{"rendered":"https:\/\/activecitizensfund.ro\/?page_id=55991"},"modified":"2025-02-19T20:39:03","modified_gmt":"2025-02-19T18:39:03","slug":"impact","status":"publish","type":"page","link":"https:\/\/activecitizensfund.ro\/en\/impact\/","title":{"rendered":"Stories with #Impact"},"content":{"rendered":"<div class=\"wpb-content-wrapper\"><div class=\"vc_row wpb_row vc_row-fluid vc_custom_1646332593647 vc_row-has-fill vc_row-o-equal-height vc_row-o-content-top vc_row-flex\"><div class=\"wpb_column vc_column_container vc_col-sm-6\"><div class=\"vc_column-inner\"><div class=\"wpb_wrapper\"><div class=\"vc_tta-container\" data-vc-action=\"collapseAll\"><div class=\"vc_general vc_tta vc_tta-accordion vc_tta-color-grey vc_tta-style-classic vc_tta-shape-square vc_tta-o-shape-group vc_tta-controls-align-default vc_tta-o-all-clickable vc_custom_1646332460724\"><div class=\"vc_tta-panels-container\"><div class=\"vc_tta-panels\"><div class=\"vc_tta-panel\" id=\"1643109915055-e7dbfa63-9fbd\" data-vc-content=\".vc_tta-panel-body\"><div class=\"vc_tta-panel-heading\"><h3 class=\"vc_tta-panel-title vc_tta-controls-icon-position-left\"><a href=\"#1643109915055-e7dbfa63-9fbd\" data-vc-accordion data-vc-container=\".vc_tta-container\"><span class=\"vc_tta-title-text\">De ce pove\u0219ti?<\/span><i class=\"vc_tta-controls-icon vc_tta-controls-icon-plus\"><\/i><\/a><\/h3><\/div><div class=\"vc_tta-panel-body\"><h4 style=\"text-align: left\" class=\"vc_custom_heading vc_do_custom_heading\" >Pentru c\u0103 pove\u0219tile au de cele mai multe ori final fericit.<\/h4><\/div><\/div><\/div><\/div><\/div><\/div><\/div><\/div><\/div><div class=\"wpb_column vc_column_container vc_col-sm-6\"><div class=\"vc_column-inner\"><div class=\"wpb_wrapper\"><div class=\"vc_tta-container\" data-vc-action=\"collapseAll\"><div class=\"vc_general vc_tta vc_tta-accordion vc_tta-color-grey vc_tta-style-classic vc_tta-shape-square vc_tta-o-shape-group vc_tta-controls-align-default vc_tta-o-all-clickable\"><div class=\"vc_tta-panels-container\"><div class=\"vc_tta-panels\"><div class=\"vc_tta-panel\" id=\"1643109883162-9aa4469a-e51f\" data-vc-content=\".vc_tta-panel-body\"><div class=\"vc_tta-panel-heading\"><h3 class=\"vc_tta-panel-title vc_tta-controls-icon-position-left\"><a href=\"#1643109883162-9aa4469a-e51f\" data-vc-accordion data-vc-container=\".vc_tta-container\"><span class=\"vc_tta-title-text\">De ce #Impact?<\/span><i class=\"vc_tta-controls-icon vc_tta-controls-icon-plus\"><\/i><\/a><\/h3><\/div><div class=\"vc_tta-panel-body\"><h4 style=\"text-align: left\" class=\"vc_custom_heading vc_do_custom_heading\" >Asta define\u0219te munca ONG-urilor \u00een comunit\u0103\u021bi \u2013 este de #Impact.<\/h4><\/div><\/div><\/div><\/div><\/div><\/div><\/div><\/div><\/div><\/div><!-- Row Backgrounds --><div class=\"upb_color\" data-bg-override=\"ex-full\" data-bg-color=\"#29446f\" data-fadeout=\"\" data-fadeout-percentage=\"30\" data-parallax-content=\"\" data-parallax-content-sense=\"30\" data-row-effect-mobile-disable=\"true\" data-img-parallax-mobile-disable=\"true\" data-rtl=\"false\"  data-custom-vc-row=\"\"  data-vc=\"7.8\"  data-is_old_vc=\"\"  data-theme-support=\"\"   data-overlay=\"false\" data-overlay-color=\"\" data-overlay-pattern=\"\" data-overlay-pattern-opacity=\"\" data-overlay-pattern-size=\"\"    ><\/div><div class=\"vc_row wpb_row vc_row-fluid vc_custom_1578487224671 vc_row-o-equal-height vc_row-o-content-top vc_row-flex\"><div class=\"wpb_column vc_column_container vc_col-sm-12\"><div class=\"vc_column-inner\"><div class=\"wpb_wrapper\"><div class=\"flip-box-wrap\" style=\"\"><div class=\"flip-box ifb-jq-height  horizontal_flip_left flip-ifb-jq-height\" data-animation=\"\" data-animation-delay=\"03\" style=\"\" ><div class=\"ifb-flip-box\" id=\"flip-box-wrap-5478\"><div class=\"ifb-face ifb-front \" style=\"color:#ffffff;color:#ffffff;background:#29446f;  border-color:#A4A4A4; \">\n\t\t\t\t\t\t\t<div class=\"ifb-flip-box-section ifb-flip-box-section-vertical-middle\">\n\t\t\t\t\t\t\t<div class=\"flip-box-icon\"><div class=\"ult-just-icon-wrapper  \"><div class=\"align-icon\" style=\"text-align:center;\">\n<div class=\"aio-icon none \"  style=\"color:#ffffff;font-size:50px;display:inline-block;\">\n\t<i class=\"fab fa-slack-hash\"><\/i>\n<\/div><\/div><\/div><\/div><h4 class=\"ult-responsive flipbox_heading\"  data-ultimate-target='#flip-box-wrap-5478 .ult-responsive.flipbox_heading'  data-responsive-json-new='{\"font-size\":\"\",\"line-height\":\"\"}'  style=\"color:#ffffff; \">IMPACT<\/h4><div class=\"ifb-flip-box-section-content ult-responsive\"  data-ultimate-target='#flip-box-wrap-5478 .ifb-flip-box-section-content.ult-responsive'  data-responsive-json-new='{\"font-size\":\"\",\"line-height\":\"\"}'  style=\"color:#ffffff;color:#ffffff;\"><p>Cu #Impact sunt \u0219i proiectele implementate cu sprijinul programului Active Citizens Fund Rom\u00e2nia.<\/p><\/div><\/div><\/div><!-- END .front -->\n\t\t\t\t\t\t<div class=\"ifb-face ifb-back\" style=\"color:#333333;color:#000000;background:#ffffff;  border-color:#A4A4A4; \">\n\t\t\t\t\t\t\t<div class=\"ifb-flip-box-section ifb-flip-box-section-vertical-middle\"><div class=\"ifb-flip-box-section-content ult-responsive\"  data-ultimate-target='#flip-box-wrap-5478 .ifb-flip-box-section-content.ult-responsive'  data-responsive-json-new='{\"font-size\":\"\",\"line-height\":\"\"}'  style=\"color:#333333;color:#000000;\"><p>Fie c\u0103 vorbim despre educa\u021bie \u0219i implicare civic\u0103, democra\u021bie, cet\u0103\u021benie activ\u0103, bun\u0103 guvernare \u0219i transparen\u021b\u0103, sprijin pentru drepturile omului \u0219i tratament egal, promovarea egalit\u0103\u021bii de gen \u0219i combaterea violen\u021bei bazate pe gen, advocacy pentru incluziunea social\u0103 a grupurilor vulnerabile, sprijin pentru dezvoltarea capacit\u0103\u021bii organiza\u021bionale a ONG-urilor, incluziunea romilor \u0219i dezvoltarea comunit\u0103\u021bilor rurale interetnice, protec\u021bia mediului \u0219i schimb\u0103ri climatice - organiza\u021biile neguvernamentale au un rol esen\u021bial \u00een societate, iar munca lor este cu siguran\u021b\u0103 de #Impact.<\/p><\/div><\/div><\/div><!-- END .back --><\/div> <!-- ifb-flip-box --><\/div> <!-- flip-box --><\/div><!-- End icon block --><\/div><\/div><\/div><\/div><!-- Row Backgrounds --><div class=\"upb_color\" data-bg-override=\"ex-full\" data-bg-color=\"\" data-fadeout=\"\" data-fadeout-percentage=\"30\" data-parallax-content=\"\" data-parallax-content-sense=\"30\" data-row-effect-mobile-disable=\"true\" data-img-parallax-mobile-disable=\"true\" data-rtl=\"false\"  data-custom-vc-row=\"\"  data-vc=\"7.8\"  data-is_old_vc=\"\"  data-theme-support=\"\"   data-overlay=\"false\" data-overlay-color=\"\" data-overlay-pattern=\"\" data-overlay-pattern-opacity=\"\" data-overlay-pattern-size=\"\"    ><\/div><div class=\"vc_row wpb_row vc_row-fluid vc_custom_1578487224671 vc_row-o-equal-height vc_row-o-content-top vc_row-flex\"><div class=\"wpb_column vc_column_container vc_col-sm-12\"><div class=\"vc_column-inner\"><div class=\"wpb_wrapper\"><style type=\"text\/css\" data-type=\"the7_shortcodes-inline-css\">.testimonials-carousel-shortcode.testimonials-carousel-shortcode-id-bde5f17b8f55e9e9a5c3ce16c917f715.owl-carousel .owl-nav div {\n  width: 36px;\n  height: 36px;\n  border-radius: 500px;\n}\n.testimonials-carousel-shortcode.testimonials-carousel-shortcode-id-bde5f17b8f55e9e9a5c3ce16c917f715.owl-carousel .owl-nav div:before,\n.testimonials-carousel-shortcode.testimonials-carousel-shortcode-id-bde5f17b8f55e9e9a5c3ce16c917f715.owl-carousel .owl-nav div:after {\n  border-width: 0px;\n}\n.testimonials-carousel-shortcode.testimonials-carousel-shortcode-id-bde5f17b8f55e9e9a5c3ce16c917f715.owl-carousel .owl-nav div.owl-prev {\n  top: 50%;\n  transform: translateY(calc(-50% + 0px));\n  left: -43px;\n}\n@media all and (-ms-high-contrast: none) {\n  .testimonials-carousel-shortcode.testimonials-carousel-shortcode-id-bde5f17b8f55e9e9a5c3ce16c917f715.owl-carousel .owl-nav div.owl-prev {\n    transform: translateY(-50%);\n    margin-top: 0px;\n  }\n}\n.testimonials-carousel-shortcode.testimonials-carousel-shortcode-id-bde5f17b8f55e9e9a5c3ce16c917f715.owl-carousel .owl-nav div.owl-prev i {\n  padding: 0px 0px 0px 0px;\n}\n.testimonials-carousel-shortcode.testimonials-carousel-shortcode-id-bde5f17b8f55e9e9a5c3ce16c917f715.owl-carousel .owl-nav div.owl-next {\n  top: 50%;\n  transform: translateY(calc(-50% + 0px));\n  right: -43px;\n}\n@media all and (-ms-high-contrast: none) {\n  .testimonials-carousel-shortcode.testimonials-carousel-shortcode-id-bde5f17b8f55e9e9a5c3ce16c917f715.owl-carousel .owl-nav div.owl-next {\n    transform: translateY(-50%);\n    margin-top: 0px;\n  }\n}\n.testimonials-carousel-shortcode.testimonials-carousel-shortcode-id-bde5f17b8f55e9e9a5c3ce16c917f715.owl-carousel .owl-nav div.owl-next i {\n  padding: 0px 0px 0px 0px;\n}\n.testimonials-carousel-shortcode.testimonials-carousel-shortcode-id-bde5f17b8f55e9e9a5c3ce16c917f715.owl-carousel .owl-nav i {\n  font-size: 18px;\n}\n.testimonials-carousel-shortcode.testimonials-carousel-shortcode-id-bde5f17b8f55e9e9a5c3ce16c917f715.owl-carousel .owl-nav div:not(:hover) i,\n.testimonials-carousel-shortcode.testimonials-carousel-shortcode-id-bde5f17b8f55e9e9a5c3ce16c917f715.owl-carousel .owl-nav div:not(:hover) i:before {\n  color: #ffffff;\n  background: none;\n}\n.testimonials-carousel-shortcode.testimonials-carousel-shortcode-id-bde5f17b8f55e9e9a5c3ce16c917f715.owl-carousel .owl-nav div:hover i,\n.testimonials-carousel-shortcode.testimonials-carousel-shortcode-id-bde5f17b8f55e9e9a5c3ce16c917f715.owl-carousel .owl-nav div:hover i:before {\n  color: rgba(255,255,255,0.75);\n  background: none;\n}\n.testimonials-carousel-shortcode.testimonials-carousel-shortcode-id-bde5f17b8f55e9e9a5c3ce16c917f715 .owl-dots {\n  top: calc(100% + 20px);\n  left: 50%;\n  transform: translateX(calc(-50% + 0px));\n}\n@media all and (-ms-high-contrast: none) {\n  .testimonials-carousel-shortcode.testimonials-carousel-shortcode-id-bde5f17b8f55e9e9a5c3ce16c917f715 .owl-dots {\n    transform: translateX(-50%);\n    margin-left: 0px;\n  }\n}\n.testimonials-carousel-shortcode.testimonials-carousel-shortcode-id-bde5f17b8f55e9e9a5c3ce16c917f715 .owl-dot {\n  width: 10px;\n  height: 10px;\n  margin: 0 8px;\n}\n@media screen and (max-width: 778px) {\n  .testimonials-carousel-shortcode.testimonials-carousel-shortcode-id-bde5f17b8f55e9e9a5c3ce16c917f715.hide-arrows.owl-carousel .owl-nav a {\n    display: none;\n  }\n}\n@media screen and (max-width: 778px) {\n  .testimonials-carousel-shortcode.testimonials-carousel-shortcode-id-bde5f17b8f55e9e9a5c3ce16c917f715.reposition-arrows.owl-carousel .owl-nav .owl-prev {\n    top: 50%;\n    transform: translateY(calc(-50% + 0px));\n    left: -18px;\n  }\n  .testimonials-carousel-shortcode.testimonials-carousel-shortcode-id-bde5f17b8f55e9e9a5c3ce16c917f715.reposition-arrows.owl-carousel .owl-nav .owl-next {\n    top: 50%;\n    transform: translateY(calc(-50% + 0px));\n    right: -18px;\n  }\n}\n@media screen and (max-width: 778px) and all and (-ms-high-contrast: none) {\n  .testimonials-carousel-shortcode.testimonials-carousel-shortcode-id-bde5f17b8f55e9e9a5c3ce16c917f715.reposition-arrows.owl-carousel .owl-nav .owl-prev {\n    transform: translateY(-50%);\n    margin-top: 0px;\n  }\n}\n@media screen and (max-width: 778px) and all and (-ms-high-contrast: none) {\n  .testimonials-carousel-shortcode.testimonials-carousel-shortcode-id-bde5f17b8f55e9e9a5c3ce16c917f715.reposition-arrows.owl-carousel .owl-nav .owl-next {\n    transform: translateY(-50%);\n    margin-top: 0px;\n  }\n}\n.testimonials-carousel-shortcode.testimonials-carousel-shortcode-id-bde5f17b8f55e9e9a5c3ce16c917f715 .testimonial-item {\n  padding: 30px 30px 20px 30px;\n}\n.testimonials-carousel-shortcode.testimonials-carousel-shortcode-id-bde5f17b8f55e9e9a5c3ce16c917f715 .testimonial-name,\n.testimonials-carousel-shortcode.testimonials-carousel-shortcode-id-bde5f17b8f55e9e9a5c3ce16c917f715 .testimonial-name a,\n.testimonials-carousel-shortcode.testimonials-carousel-shortcode-id-bde5f17b8f55e9e9a5c3ce16c917f715 .testimonial-name span {\n  margin-bottom: 0px;\n  font-style: italic;\n}\n.testimonials-carousel-shortcode.testimonials-carousel-shortcode-id-bde5f17b8f55e9e9a5c3ce16c917f715 .testimonial-position {\n  margin-bottom: 20px;\n}\n.testimonials-carousel-shortcode.testimonials-carousel-shortcode-id-bde5f17b8f55e9e9a5c3ce16c917f715 .testimonial-position,\n.testimonials-carousel-shortcode.testimonials-carousel-shortcode-id-bde5f17b8f55e9e9a5c3ce16c917f715 .testimonial-position span {\n  font-weight: bold;\n  text-transform: uppercase;\n}\n.testimonials-carousel-shortcode.testimonials-carousel-shortcode-id-bde5f17b8f55e9e9a5c3ce16c917f715  .testimonial-avatar {\n  padding: 0px 20px 20px 0px;\n}\n.testimonials-carousel-shortcode.testimonials-carousel-shortcode-id-bde5f17b8f55e9e9a5c3ce16c917f715  .testimonial-avatar a,\n.testimonials-carousel-shortcode.testimonials-carousel-shortcode-id-bde5f17b8f55e9e9a5c3ce16c917f715  .testimonial-avatar span,\n.testimonials-carousel-shortcode.testimonials-carousel-shortcode-id-bde5f17b8f55e9e9a5c3ce16c917f715  .testimonial-avatar img {\n  max-width: 80px;\n}\n.testimonials-carousel-shortcode.testimonials-carousel-shortcode-id-bde5f17b8f55e9e9a5c3ce16c917f715 .dt-css-grid .testimonial-avatar img,\n.testimonials-carousel-shortcode.testimonials-carousel-shortcode-id-bde5f17b8f55e9e9a5c3ce16c917f715 .dt-css-grid .testimonial-avatar svg {\n  max-width: 100%;\n}\n.testimonials-carousel-shortcode.testimonials-carousel-shortcode-id-bde5f17b8f55e9e9a5c3ce16c917f715.layout-5:not(.hide-testimonial-avatar) .content-wrap,\n.testimonials-carousel-shortcode.testimonials-carousel-shortcode-id-bde5f17b8f55e9e9a5c3ce16c917f715.layout-6:not(.hide-testimonial-avatar) .content-wrap {\n  width: calc(100% - 80px - 20px - 0px);\n}\n.testimonials-carousel-shortcode.testimonials-carousel-shortcode-id-bde5f17b8f55e9e9a5c3ce16c917f715 .testimonial-content {\n  margin-bottom: 0px;\n}\n.testimonials-carousel-shortcode.testimonials-carousel-shortcode-id-bde5f17b8f55e9e9a5c3ce16c917f715  .testimonial-avatar,\n.testimonials-carousel-shortcode.testimonials-carousel-shortcode-id-bde5f17b8f55e9e9a5c3ce16c917f715  .testimonial-avatar a.rollover,\n.testimonials-carousel-shortcode.testimonials-carousel-shortcode-id-bde5f17b8f55e9e9a5c3ce16c917f715  .testimonial-avatar a.rollover *,\n.testimonials-carousel-shortcode.testimonials-carousel-shortcode-id-bde5f17b8f55e9e9a5c3ce16c917f715  .testimonial-avatar img,\n.testimonials-carousel-shortcode.testimonials-carousel-shortcode-id-bde5f17b8f55e9e9a5c3ce16c917f715  .testimonial-avatar .no-avatar,\n.testimonials-carousel-shortcode.testimonials-carousel-shortcode-id-bde5f17b8f55e9e9a5c3ce16c917f715  .testim-no-avatar {\n  border-radius: 500px;\n}\n.testimonials-carousel-shortcode.testimonials-carousel-shortcode-id-bde5f17b8f55e9e9a5c3ce16c917f715  .testimonial-avatar .no-avatar {\n  height: 80px;\n}\n.testimonials-carousel-shortcode.testimonials-carousel-shortcode-id-bde5f17b8f55e9e9a5c3ce16c917f715  .testimonial-avatar .no-avatar {\n  font-size: 80px;\n  width: 80px;\n}\n<\/style><div class=\"owl-carousel testimonials-carousel-shortcode dt-testimonials-shortcode dt-owl-carousel-call testimonials-carousel-shortcode-id-bde5f17b8f55e9e9a5c3ce16c917f715 content-align-left layout-5 content-bg-on bullets-small-dot-stroke reposition-arrows arrows-bg-on dt-arrow-border-on dt-arrow-hover-border-on disable-arrows-hover-bg arrows-hover-bg-on  \" data-scroll-mode=\"1\" data-col-num=\"3\" data-wide-col-num=\"3\" data-laptop-col=\"3\" data-h-tablet-columns-num=\"2\" data-v-tablet-columns-num=\"1\" data-phone-columns-num=\"1\" data-auto-height=\"true\" data-col-gap=\"30\" data-stage-padding=\"0\" data-speed=\"600\" data-autoplay=\"true\" data-autoplay_speed=\"2500\" data-arrows=\"true\" data-bullet=\"false\" data-next-icon=\"icon-ar-017-r\" data-prev-icon=\"icon-ar-017-l\"><div class=\"testimonial-item\"><div class=\"testimonial-avatar\"><span class=\"testimonial-thumb layzr-bg\"><img decoding=\"async\" class=\"preload-me owl-lazy-load aspect\" src=\"data:image\/svg+xml,%3Csvg%20xmlns%3D&#39;http%3A%2F%2Fwww.w3.org%2F2000%2Fsvg&#39;%20viewBox%3D&#39;0%200%2080%2080&#39;%2F%3E\" data-src=\"https:\/\/activecitizensfund.ro\/wp-content\/uploads\/2022\/01\/quo-01-80x80.png\" data-srcset=\"https:\/\/activecitizensfund.ro\/wp-content\/uploads\/2022\/01\/quo-01-80x80.png 80w, https:\/\/activecitizensfund.ro\/wp-content\/uploads\/2022\/01\/quo-01-160x160.png 160w\" loading=\"eager\" style=\"--ratio: 80 \/ 80\" sizes=\"(max-width: 80px) 100vw, 80px\" width=\"80\" height=\"80\"   alt=\"\" \/><\/span><\/div><div class=\"content-wrap\"><div class=\"testimonial-vcard\"><div class=\"testimonial-name\"><span class=\"text-primary\">Laura Albu, Centrul de Mediere \u0219i Securitate Comunitar\u0103 (CMCS)<\/span><br \/><\/div><div class=\"testimonial-position\"><\/div><\/div><div class=\"testimonial-content\"><p>Visez la acest proiect de mult timp. Vocea Gloriei Steinem ca simbol feminist m\u0103 urm\u0103re\u0219te obsesiv!<\/p>\n<\/div><\/div><\/div><div class=\"testimonial-item\"><div class=\"testimonial-avatar\"><span class=\"testimonial-thumb layzr-bg\"><img decoding=\"async\" class=\"preload-me owl-lazy-load aspect\" src=\"data:image\/svg+xml,%3Csvg%20xmlns%3D&#39;http%3A%2F%2Fwww.w3.org%2F2000%2Fsvg&#39;%20viewBox%3D&#39;0%200%2080%2080&#39;%2F%3E\" data-src=\"https:\/\/activecitizensfund.ro\/wp-content\/uploads\/2022\/01\/quo-01-80x80.png\" data-srcset=\"https:\/\/activecitizensfund.ro\/wp-content\/uploads\/2022\/01\/quo-01-80x80.png 80w, https:\/\/activecitizensfund.ro\/wp-content\/uploads\/2022\/01\/quo-01-160x160.png 160w\" loading=\"eager\" style=\"--ratio: 80 \/ 80\" sizes=\"(max-width: 80px) 100vw, 80px\" width=\"80\" height=\"80\"   alt=\"\" \/><\/span><\/div><div class=\"content-wrap\"><div class=\"testimonial-vcard\"><div class=\"testimonial-name\"><span class=\"text-primary\">Crengu\u021ba, beneficiar\u0103 proiect, Valea Mare Prav\u0103\u021b<\/span><br \/><\/div><div class=\"testimonial-position\"><\/div><\/div><div class=\"testimonial-content\"><p>\u0218tim mai multe despre s\u0103n\u0103tatea noastr\u0103, cum s\u0103 ne test\u0103m \u0219i cum s\u0103 cerem ajutor \u00een cazurile de violen\u021b\u0103.<\/p>\n<\/div><\/div><\/div><div class=\"testimonial-item\"><div class=\"testimonial-avatar\"><span class=\"testimonial-thumb layzr-bg\"><img decoding=\"async\" class=\"preload-me owl-lazy-load aspect\" src=\"data:image\/svg+xml,%3Csvg%20xmlns%3D&#39;http%3A%2F%2Fwww.w3.org%2F2000%2Fsvg&#39;%20viewBox%3D&#39;0%200%2080%2080&#39;%2F%3E\" data-src=\"https:\/\/activecitizensfund.ro\/wp-content\/uploads\/2022\/01\/quo-01-80x80.png\" data-srcset=\"https:\/\/activecitizensfund.ro\/wp-content\/uploads\/2022\/01\/quo-01-80x80.png 80w, https:\/\/activecitizensfund.ro\/wp-content\/uploads\/2022\/01\/quo-01-160x160.png 160w\" loading=\"eager\" style=\"--ratio: 80 \/ 80\" sizes=\"(max-width: 80px) 100vw, 80px\" width=\"80\" height=\"80\"   alt=\"\" \/><\/span><\/div><div class=\"content-wrap\"><div class=\"testimonial-vcard\"><div class=\"testimonial-name\"><span class=\"text-primary\">Florin Nasture, Centrul Cultural al Romilor \u201eO Del Amenca\u201d<\/span><br \/><\/div><div class=\"testimonial-position\"><\/div><\/div><div class=\"testimonial-content\"><p>\u00cemi doresc ca membrii comunit\u0103\u021bii s\u0103 aib\u0103 o mentalitate \u00een care violen\u021ba domestic\u0103 \u0219i abuzul sunt considerate de neacceptat.<\/p>\n<\/div><\/div><\/div><div class=\"testimonial-item\"><div class=\"testimonial-avatar\"><span class=\"testimonial-thumb layzr-bg\"><img decoding=\"async\" class=\"preload-me owl-lazy-load aspect\" src=\"data:image\/svg+xml,%3Csvg%20xmlns%3D&#39;http%3A%2F%2Fwww.w3.org%2F2000%2Fsvg&#39;%20viewBox%3D&#39;0%200%2080%2080&#39;%2F%3E\" data-src=\"https:\/\/activecitizensfund.ro\/wp-content\/uploads\/2022\/01\/quo-01-80x80.png\" data-srcset=\"https:\/\/activecitizensfund.ro\/wp-content\/uploads\/2022\/01\/quo-01-80x80.png 80w, https:\/\/activecitizensfund.ro\/wp-content\/uploads\/2022\/01\/quo-01-160x160.png 160w\" loading=\"eager\" style=\"--ratio: 80 \/ 80\" sizes=\"(max-width: 80px) 100vw, 80px\" width=\"80\" height=\"80\"   alt=\"\" \/><\/span><\/div><div class=\"content-wrap\"><div class=\"testimonial-vcard\"><div class=\"testimonial-name\"><span class=\"text-primary\">Cerasela B\u0103nic\u0103, Asocia\u021bia Centrul de Advocacy \u0219i Drepturile Omului (CADO)<\/span><br \/><\/div><div class=\"testimonial-position\"><\/div><\/div><div class=\"testimonial-content\"><p>\u201eLucr\u0103m \u00eempreun\u0103 pentru o Europ\u0103 incluziv\u0103\u201d nu e doar un slogan pentru noi, ci o realitate pe care o construim zi de zi.<\/p>\n<\/div><\/div><\/div><div class=\"testimonial-item\"><div class=\"testimonial-avatar\"><span class=\"testimonial-thumb layzr-bg\"><img decoding=\"async\" class=\"preload-me owl-lazy-load aspect\" src=\"data:image\/svg+xml,%3Csvg%20xmlns%3D&#39;http%3A%2F%2Fwww.w3.org%2F2000%2Fsvg&#39;%20viewBox%3D&#39;0%200%2080%2080&#39;%2F%3E\" data-src=\"https:\/\/activecitizensfund.ro\/wp-content\/uploads\/2022\/01\/quo-01-80x80.png\" data-srcset=\"https:\/\/activecitizensfund.ro\/wp-content\/uploads\/2022\/01\/quo-01-80x80.png 80w, https:\/\/activecitizensfund.ro\/wp-content\/uploads\/2022\/01\/quo-01-160x160.png 160w\" loading=\"eager\" style=\"--ratio: 80 \/ 80\" sizes=\"(max-width: 80px) 100vw, 80px\" width=\"80\" height=\"80\"   alt=\"\" \/><\/span><\/div><div class=\"content-wrap\"><div class=\"testimonial-vcard\"><div class=\"testimonial-name\"><span class=\"text-primary\">Adela Alexandru, Centrul Filia<\/span><br \/><\/div><div class=\"testimonial-position\"><\/div><\/div><div class=\"testimonial-content\"><p>Faptul c\u0103 ne-am apropiat de femei, am aflat care sunt greut\u0103\u021bile lor \u0219i le-am ajutat s\u0103-\u0219i g\u0103seasc\u0103 vocea, pentru noi reprezint\u0103 o poveste cu #Impact.<\/p>\n<\/div><\/div><\/div><div class=\"testimonial-item\"><div class=\"testimonial-avatar\"><span class=\"testimonial-thumb layzr-bg\"><img decoding=\"async\" class=\"preload-me owl-lazy-load aspect\" src=\"data:image\/svg+xml,%3Csvg%20xmlns%3D&#39;http%3A%2F%2Fwww.w3.org%2F2000%2Fsvg&#39;%20viewBox%3D&#39;0%200%2080%2080&#39;%2F%3E\" data-src=\"https:\/\/activecitizensfund.ro\/wp-content\/uploads\/2022\/01\/quo-01-80x80.png\" data-srcset=\"https:\/\/activecitizensfund.ro\/wp-content\/uploads\/2022\/01\/quo-01-80x80.png 80w, https:\/\/activecitizensfund.ro\/wp-content\/uploads\/2022\/01\/quo-01-160x160.png 160w\" loading=\"eager\" style=\"--ratio: 80 \/ 80\" sizes=\"(max-width: 80px) 100vw, 80px\" width=\"80\" height=\"80\"   alt=\"\" \/><\/span><\/div><div class=\"content-wrap\"><div class=\"testimonial-vcard\"><div class=\"testimonial-name\"><span class=\"text-primary\">Espen Haugen, Adina Stiftelsen Foundation Norway<\/span><br \/><\/div><div class=\"testimonial-position\"><\/div><\/div><div class=\"testimonial-content\"><p>A unified youth group is better at expressing their needs and thereby making plans to exercise their rights.<\/p>\n<\/div><\/div><\/div><div class=\"testimonial-item\"><div class=\"testimonial-avatar\"><span class=\"testimonial-thumb layzr-bg\"><img decoding=\"async\" class=\"preload-me owl-lazy-load aspect\" src=\"data:image\/svg+xml,%3Csvg%20xmlns%3D&#39;http%3A%2F%2Fwww.w3.org%2F2000%2Fsvg&#39;%20viewBox%3D&#39;0%200%2080%2080&#39;%2F%3E\" data-src=\"https:\/\/activecitizensfund.ro\/wp-content\/uploads\/2022\/01\/quo-01-80x80.png\" data-srcset=\"https:\/\/activecitizensfund.ro\/wp-content\/uploads\/2022\/01\/quo-01-80x80.png 80w, https:\/\/activecitizensfund.ro\/wp-content\/uploads\/2022\/01\/quo-01-160x160.png 160w\" loading=\"eager\" style=\"--ratio: 80 \/ 80\" sizes=\"(max-width: 80px) 100vw, 80px\" width=\"80\" height=\"80\"   alt=\"\" \/><\/span><\/div><div class=\"content-wrap\"><div class=\"testimonial-vcard\"><div class=\"testimonial-name\"><span class=\"text-primary\">Asocia\u021bia Demetrius<\/span><br \/><\/div><div class=\"testimonial-position\"><\/div><\/div><div class=\"testimonial-content\"><p>La baza proiectului a stat dorin\u021ba de a produce o schimbare pentru persoanele surde, adesea izolate \u0219i marginalizate, de a le face auzit\u0103 vocea.<\/p>\n<\/div><\/div><\/div><div class=\"testimonial-item\"><div class=\"testimonial-avatar\"><span class=\"testimonial-thumb layzr-bg\"><img decoding=\"async\" class=\"preload-me owl-lazy-load aspect\" src=\"data:image\/svg+xml,%3Csvg%20xmlns%3D&#39;http%3A%2F%2Fwww.w3.org%2F2000%2Fsvg&#39;%20viewBox%3D&#39;0%200%2080%2080&#39;%2F%3E\" data-src=\"https:\/\/activecitizensfund.ro\/wp-content\/uploads\/2022\/01\/quo-01-80x80.png\" data-srcset=\"https:\/\/activecitizensfund.ro\/wp-content\/uploads\/2022\/01\/quo-01-80x80.png 80w, https:\/\/activecitizensfund.ro\/wp-content\/uploads\/2022\/01\/quo-01-160x160.png 160w\" loading=\"eager\" style=\"--ratio: 80 \/ 80\" sizes=\"(max-width: 80px) 100vw, 80px\" width=\"80\" height=\"80\"   alt=\"\" \/><\/span><\/div><div class=\"content-wrap\"><div class=\"testimonial-vcard\"><div class=\"testimonial-name\"><span class=\"text-primary\">Violeta, beneficiar\u0103 proiect, loc. Curcani<\/span><br \/><\/div><div class=\"testimonial-position\"><\/div><\/div><div class=\"testimonial-content\"><p>Vreau ca fiul meu s\u0103 con\u0219tientizeze c\u00e2t de mult pot suferi fetele \u0219i c\u00e2t de puternice pot fi, ca ulterior s\u0103 \u00ee\u0219i respecte so\u021bia \u0219i s\u0103 \u00een\u021beleag\u0103 c\u0103 are nevoie de sprijin.<\/p>\n<\/div><\/div><\/div><div class=\"testimonial-item\"><div class=\"testimonial-avatar\"><span class=\"testimonial-thumb layzr-bg\"><img decoding=\"async\" class=\"preload-me owl-lazy-load aspect\" src=\"data:image\/svg+xml,%3Csvg%20xmlns%3D&#39;http%3A%2F%2Fwww.w3.org%2F2000%2Fsvg&#39;%20viewBox%3D&#39;0%200%2080%2080&#39;%2F%3E\" data-src=\"https:\/\/activecitizensfund.ro\/wp-content\/uploads\/2022\/01\/quo-01-80x80.png\" data-srcset=\"https:\/\/activecitizensfund.ro\/wp-content\/uploads\/2022\/01\/quo-01-80x80.png 80w, https:\/\/activecitizensfund.ro\/wp-content\/uploads\/2022\/01\/quo-01-160x160.png 160w\" loading=\"eager\" style=\"--ratio: 80 \/ 80\" sizes=\"(max-width: 80px) 100vw, 80px\" width=\"80\" height=\"80\"   alt=\"\" \/><\/span><\/div><div class=\"content-wrap\"><div class=\"testimonial-vcard\"><div class=\"testimonial-name\"><span class=\"text-primary\">Gica, com. Goie\u0219ti<\/span><br \/><\/div><div class=\"testimonial-position\"><\/div><\/div><div class=\"testimonial-content\"><p>Nu puneam pre\u021b pe ce \u00eensemn eu ca femeie \u0219i ca mam\u0103 a doi copii. Prin atelierele de dezvoltare personal\u0103 am \u00eenv\u0103\u021bat cum s\u0103 \u00eemi valorific calit\u0103\u021bile.<\/p>\n<\/div><\/div><\/div><div class=\"testimonial-item\"><div class=\"testimonial-avatar\"><span class=\"testimonial-thumb layzr-bg\"><img decoding=\"async\" class=\"preload-me owl-lazy-load aspect\" src=\"data:image\/svg+xml,%3Csvg%20xmlns%3D&#39;http%3A%2F%2Fwww.w3.org%2F2000%2Fsvg&#39;%20viewBox%3D&#39;0%200%2080%2080&#39;%2F%3E\" data-src=\"https:\/\/activecitizensfund.ro\/wp-content\/uploads\/2022\/01\/quo-01-80x80.png\" data-srcset=\"https:\/\/activecitizensfund.ro\/wp-content\/uploads\/2022\/01\/quo-01-80x80.png 80w, https:\/\/activecitizensfund.ro\/wp-content\/uploads\/2022\/01\/quo-01-160x160.png 160w\" loading=\"eager\" style=\"--ratio: 80 \/ 80\" sizes=\"(max-width: 80px) 100vw, 80px\" width=\"80\" height=\"80\"   alt=\"\" \/><\/span><\/div><div class=\"content-wrap\"><div class=\"testimonial-vcard\"><div class=\"testimonial-name\"><span class=\"text-primary\">Diana Certan, CONCORDIA<\/span><br \/><\/div><div class=\"testimonial-position\"><\/div><\/div><div class=\"testimonial-content\"><p>Venim \u00een sprijinul tinerilor, care de multe ori nu au preg\u0103tirea necesar\u0103 s\u0103 ia via\u021ba \u00een piept \u0219i care nu au avut ocazia s\u0103 \u00ee\u0219i exprime p\u0103rerile.<\/p>\n<\/div><\/div><\/div><div class=\"testimonial-item\"><div class=\"testimonial-avatar\"><span class=\"testimonial-thumb layzr-bg\"><img decoding=\"async\" class=\"preload-me owl-lazy-load aspect\" src=\"data:image\/svg+xml,%3Csvg%20xmlns%3D&#39;http%3A%2F%2Fwww.w3.org%2F2000%2Fsvg&#39;%20viewBox%3D&#39;0%200%2080%2080&#39;%2F%3E\" data-src=\"https:\/\/activecitizensfund.ro\/wp-content\/uploads\/2022\/01\/quo-01-80x80.png\" data-srcset=\"https:\/\/activecitizensfund.ro\/wp-content\/uploads\/2022\/01\/quo-01-80x80.png 80w, https:\/\/activecitizensfund.ro\/wp-content\/uploads\/2022\/01\/quo-01-160x160.png 160w\" loading=\"eager\" style=\"--ratio: 80 \/ 80\" sizes=\"(max-width: 80px) 100vw, 80px\" width=\"80\" height=\"80\"   alt=\"\" \/><\/span><\/div><div class=\"content-wrap\"><div class=\"testimonial-vcard\"><div class=\"testimonial-name\"><span class=\"text-primary\">Marius, Cobarzan, Funda\u021bia Open Fields\ufffc<\/span><br \/><\/div><div class=\"testimonial-position\"><\/div><\/div><div class=\"testimonial-content\"><p>Ne-am bucurat de implicarea \u0219i deschiderea comunit\u0103\u021bii spre a g\u0103si solu\u021bii pentru rezolvarea provoc\u0103rilor cu care se confrunt\u0103 prin cooperare \u0219i civism.<\/p>\n<\/div><\/div><\/div><div class=\"testimonial-item\"><div class=\"testimonial-avatar\"><span class=\"testimonial-thumb layzr-bg\"><img decoding=\"async\" class=\"preload-me owl-lazy-load aspect\" src=\"data:image\/svg+xml,%3Csvg%20xmlns%3D&#39;http%3A%2F%2Fwww.w3.org%2F2000%2Fsvg&#39;%20viewBox%3D&#39;0%200%2080%2080&#39;%2F%3E\" data-src=\"https:\/\/activecitizensfund.ro\/wp-content\/uploads\/2022\/01\/quo-01-80x80.png\" data-srcset=\"https:\/\/activecitizensfund.ro\/wp-content\/uploads\/2022\/01\/quo-01-80x80.png 80w, https:\/\/activecitizensfund.ro\/wp-content\/uploads\/2022\/01\/quo-01-160x160.png 160w\" loading=\"eager\" style=\"--ratio: 80 \/ 80\" sizes=\"(max-width: 80px) 100vw, 80px\" width=\"80\" height=\"80\"   alt=\"\" \/><\/span><\/div><div class=\"content-wrap\"><div class=\"testimonial-vcard\"><div class=\"testimonial-name\"><span class=\"text-primary\">Simona Ila\u0219, Reality Check\ufffc<\/span><br \/><\/div><div class=\"testimonial-position\"><\/div><\/div><div class=\"testimonial-content\"><p>Fericirea e bairam, baclavale \u0219i ayran &#8211; au spus copiii, iar speciali\u0219tii \u00een educa\u021bie au scris povestea lor despre fericire pentru ca ei s\u0103 exerseze cititul.<\/p>\n<\/div><\/div><\/div><div class=\"testimonial-item\"><div class=\"testimonial-avatar\"><span class=\"testimonial-thumb layzr-bg\"><img decoding=\"async\" class=\"preload-me owl-lazy-load aspect\" src=\"data:image\/svg+xml,%3Csvg%20xmlns%3D&#39;http%3A%2F%2Fwww.w3.org%2F2000%2Fsvg&#39;%20viewBox%3D&#39;0%200%2080%2080&#39;%2F%3E\" data-src=\"https:\/\/activecitizensfund.ro\/wp-content\/uploads\/2022\/01\/quo-01-80x80.png\" data-srcset=\"https:\/\/activecitizensfund.ro\/wp-content\/uploads\/2022\/01\/quo-01-80x80.png 80w, https:\/\/activecitizensfund.ro\/wp-content\/uploads\/2022\/01\/quo-01-160x160.png 160w\" loading=\"eager\" style=\"--ratio: 80 \/ 80\" sizes=\"(max-width: 80px) 100vw, 80px\" width=\"80\" height=\"80\"   alt=\"\" \/><\/span><\/div><div class=\"content-wrap\"><div class=\"testimonial-vcard\"><div class=\"testimonial-name\"><span class=\"text-primary\">\u00a0Beneficiari proiect, sat\u00a0Archita<\/span><br \/><\/div><div class=\"testimonial-position\"><\/div><\/div><div class=\"testimonial-content\"><p>Dac\u0103 a\u0219 putea d\u0103rui tuturor oamenilor de pe p\u0103m\u00e2nt ceva, eu le-a\u0219 d\u0103rui p\u00e2ine. Pentru mine, fericirea este atunci c\u00e2nd cineva \u00eemi spune o vorb\u0103 bun\u0103.<\/p>\n<\/div><\/div><\/div><div class=\"testimonial-item\"><div class=\"testimonial-avatar\"><span class=\"testimonial-thumb layzr-bg\"><img decoding=\"async\" class=\"preload-me owl-lazy-load aspect\" src=\"data:image\/svg+xml,%3Csvg%20xmlns%3D&#39;http%3A%2F%2Fwww.w3.org%2F2000%2Fsvg&#39;%20viewBox%3D&#39;0%200%2080%2080&#39;%2F%3E\" data-src=\"https:\/\/activecitizensfund.ro\/wp-content\/uploads\/2022\/01\/quo-01-80x80.png\" data-srcset=\"https:\/\/activecitizensfund.ro\/wp-content\/uploads\/2022\/01\/quo-01-80x80.png 80w, https:\/\/activecitizensfund.ro\/wp-content\/uploads\/2022\/01\/quo-01-160x160.png 160w\" loading=\"eager\" style=\"--ratio: 80 \/ 80\" sizes=\"(max-width: 80px) 100vw, 80px\" width=\"80\" height=\"80\"   alt=\"\" \/><\/span><\/div><div class=\"content-wrap\"><div class=\"testimonial-vcard\"><div class=\"testimonial-name\"><span class=\"text-primary\">Prof. Cristina Gog\u00e2\u021b\u0103<\/span><br \/><\/div><div class=\"testimonial-position\"><\/div><\/div><div class=\"testimonial-content\"><p>Pentru noi, profesorii, integrarea egalit\u0103\u021bii de gen la clas\u0103 ar trebui s\u0103 fie o rutin\u0103 prin care s\u0103 model\u0103m viitorii adul\u021bi at\u00e2t acas\u0103, c\u00e2t \u0219i la locul de munc\u0103.<\/p>\n<\/div><\/div><\/div><div class=\"testimonial-item\"><div class=\"testimonial-avatar\"><span class=\"testimonial-thumb layzr-bg\"><img decoding=\"async\" class=\"preload-me owl-lazy-load aspect\" src=\"data:image\/svg+xml,%3Csvg%20xmlns%3D&#39;http%3A%2F%2Fwww.w3.org%2F2000%2Fsvg&#39;%20viewBox%3D&#39;0%200%2080%2080&#39;%2F%3E\" data-src=\"https:\/\/activecitizensfund.ro\/wp-content\/uploads\/2022\/01\/quo-01-80x80.png\" data-srcset=\"https:\/\/activecitizensfund.ro\/wp-content\/uploads\/2022\/01\/quo-01-80x80.png 80w, https:\/\/activecitizensfund.ro\/wp-content\/uploads\/2022\/01\/quo-01-160x160.png 160w\" loading=\"eager\" style=\"--ratio: 80 \/ 80\" sizes=\"(max-width: 80px) 100vw, 80px\" width=\"80\" height=\"80\"   alt=\"\" \/><\/span><\/div><div class=\"content-wrap\"><div class=\"testimonial-vcard\"><div class=\"testimonial-name\"><span class=\"text-primary\">Ileana Papahagi, Asocia\u021bia Glasul Autismului<\/span><br \/><\/div><div class=\"testimonial-position\"><\/div><\/div><div class=\"testimonial-content\"><p>Implicarea societ\u0103\u021bii civile \u00een campania de con\u0219tientizare a drepturilor persoanelor vulnerabile este un pas \u00een crearea unei re\u021bele de sprijin la nivel local.<\/p>\n<\/div><\/div><\/div><\/div><\/div><\/div><\/div><\/div><!-- Row Backgrounds --><div class=\"upb_color\" data-bg-override=\"ex-full\" data-bg-color=\"\" data-fadeout=\"\" data-fadeout-percentage=\"30\" data-parallax-content=\"\" data-parallax-content-sense=\"30\" data-row-effect-mobile-disable=\"true\" data-img-parallax-mobile-disable=\"true\" data-rtl=\"false\"  data-custom-vc-row=\"\"  data-vc=\"7.8\"  data-is_old_vc=\"\"  data-theme-support=\"\"   data-overlay=\"false\" data-overlay-color=\"\" data-overlay-pattern=\"\" data-overlay-pattern-opacity=\"\" data-overlay-pattern-size=\"\"    ><\/div><div class=\"vc_row wpb_row vc_row-fluid vc_custom_1578487224671 vc_row-o-equal-height vc_row-o-content-top vc_row-flex\"><div class=\"wpb_column vc_column_container vc_col-sm-12\"><div class=\"vc_column-inner\"><div class=\"wpb_wrapper\"><h2 style=\"color: #29446f;text-align: center\" class=\"vc_custom_heading vc_do_custom_heading\" >ACF Rom\u00e2nia \u00een cifre<\/h2><div class=\"vc_row wpb_row vc_inner vc_row-fluid vc_custom_1643113192771\"><div class=\"wpb_column vc_column_container vc_col-sm-4\"><div class=\"vc_column-inner\"><div class=\"wpb_wrapper\"><div class=\"stats-block stats-top  \"><div class=\"aio-icon-top\"><div class=\"ult-just-icon-wrapper  \"><div class=\"align-icon\" style=\"text-align:center;\">\n<div class=\"aio-icon circle \" data-animation=\"pulse\" data-animation-delay=\"03\" style=\"color:#ffffff;background:#29446f;font-size:40px;display:inline-block;\">\n\t<i class=\"Defaults-child\"><\/i>\n<\/div><\/div><\/div><\/div><div class=\"stats-desc\" id=\"counter-responsv-wrap-4824\"><div id=\"counter_318586563469ee34346942a\" data-id=\"counter_318586563469ee34346942a\"  data-ultimate-target='#counter-responsv-wrap-4824 .stats-number'  data-responsive-json-new='{\"font-size\":\"\",\"line-height\":\"desktop:56px;\"}'  class=\"stats-number ult-responsive\" style=\"font-size:28px;  font-weight:bold;color:#29446f;\" data-speed=\"4\" data-counter-value=\"325\" data-separator=\".\" data-decimal=\",\">0<\/div><div id=\"title-counter_318586563469ee34346942a\"  data-ultimate-target='#counter-responsv-wrap-4824 .stats-text'  data-responsive-json-new='{\"font-size\":\"\",\"line-height\":\"\"}'  class=\"stats-text ult-responsive\" style=\"font-size:18px;  \">proiecte finan\u021bate<\/div><\/div><\/div><\/div><\/div><\/div><div class=\"wpb_column vc_column_container vc_col-sm-4\"><div class=\"vc_column-inner\"><div class=\"wpb_wrapper\"><div class=\"stats-block stats-top  \"><div class=\"aio-icon-top\"><div class=\"ult-just-icon-wrapper  \"><div class=\"align-icon\" style=\"text-align:center;\">\n<div class=\"aio-icon circle \" data-animation=\"pulse\" data-animation-delay=\"03\" style=\"color:#ffffff;background:#29446f;font-size:40px;display:inline-block;\">\n\t<i class=\"Defaults-heart\"><\/i>\n<\/div><\/div><\/div><\/div><div class=\"stats-desc\" id=\"counter-responsv-wrap-9198\"><div id=\"counter_261601545369ee3434696b7\" data-id=\"counter_261601545369ee3434696b7\"  data-ultimate-target='#counter-responsv-wrap-9198 .stats-number'  data-responsive-json-new='{\"font-size\":\"\",\"line-height\":\"desktop:56px;\"}'  class=\"stats-number ult-responsive\" style=\"font-size:28px;  font-weight:bold;color:#29446f;\" data-speed=\"4\" data-counter-value=\"342\" data-separator=\".\" data-decimal=\",\">0<\/div><div id=\"title-counter_261601545369ee3434696b7\"  data-ultimate-target='#counter-responsv-wrap-9198 .stats-text'  data-responsive-json-new='{\"font-size\":\"\",\"line-height\":\"\"}'  class=\"stats-text ult-responsive\" style=\"font-size:18px;  \">Organiza\u021bii finan\u021bate<\/div><\/div><\/div><\/div><\/div><\/div><div class=\"wpb_column vc_column_container vc_col-sm-4\"><div class=\"vc_column-inner\"><div class=\"wpb_wrapper\"><div class=\"stats-block stats-top  \"><div class=\"aio-icon-top\"><div class=\"ult-just-icon-wrapper  \"><div class=\"align-icon\" style=\"text-align:center;\">\n<div class=\"aio-icon circle \" data-animation=\"pulse\" data-animation-delay=\"03\" style=\"color:#ffffff;background:#29446f;font-size:40px;display:inline-block;\">\n\t<i class=\"fas fa-money-bill-wave\"><\/i>\n<\/div><\/div><\/div><\/div><div class=\"stats-desc\" id=\"counter-responsv-wrap-2239\"><div id=\"counter_424940397469ee343469934\" data-id=\"counter_424940397469ee343469934\"  data-ultimate-target='#counter-responsv-wrap-2239 .stats-number'  data-responsive-json-new='{\"font-size\":\"\",\"line-height\":\"desktop:56px;\"}'  class=\"stats-number ult-responsive\" style=\"font-size:28px;  font-weight:bold;color:#29446f;\" data-speed=\"4\" data-counter-value=\"48000000\" data-separator=\".\" data-decimal=\",\">0<\/div><div class=\"counter_suffix mycust ult-responsive\"  data-ultimate-target='#counter-responsv-wrap-2239 .mycust'  data-responsive-json-new='{\"font-size\":\"\",\"line-height\":\"\"}'  style=\"font-size:28px; font-weight:bold;color:#29446f\">\u20ac<\/div><div id=\"title-counter_424940397469ee343469934\"  data-ultimate-target='#counter-responsv-wrap-2239 .stats-text'  data-responsive-json-new='{\"font-size\":\"\",\"line-height\":\"\"}'  class=\"stats-text ult-responsive\" style=\"font-size:18px;  \">\u00een finan\u021b\u0103ri acordate<\/div><\/div><\/div><\/div><\/div><\/div><\/div><div class=\"vc_row wpb_row vc_inner vc_row-fluid vc_custom_1643114085708 vc_row-has-fill\"><div class=\"wpb_column vc_column_container vc_col-sm-12\"><div class=\"vc_column-inner\"><div class=\"wpb_wrapper\"><div id=\"uvc-type-wrap-7461\"  data-ultimate-target='#uvc-type-wrap-7461'  data-responsive-json-new='{\"font-size\":\"desktop:20px;\",\"line-height\":\"\"}'  class=\"uvc-type-wrap  ult-adjust-bottom-margin ult-responsive  uvc-type-align-center  uvc-wrap-7394651069ee343469d1c\" style=\"text-align:center;\"><span  data-ultimate-target='#uvc-type-wrap-7461 .mycustfancy'  data-responsive-json-new='{\"font-size\":\"\",\"line-height\":\"\"}'  class=\"ultimate-typewriter-prefix mycustfancy ult-responsive\" style=\"font-weight:normal;color:#ffffff; text-transform: uppercase;\">Valorile care ne unesc sunt drepturile omului, demnitatea uman\u0103, libertatea, democra\u021bia, statul de drept<\/span><span id=\"typed-7394651069ee343469d1c\" class=\"ultimate-typed-main \" style=\"color:#ffffff; font-style:italic;font-weight:normal; text-transform: uppercase;\"><\/span><script type=\"text\/javascript\">\n\t\t\t\t\t\tjQuery(function($){ \n\t\t\t\t\t\t\t$(document).ready(function(){\n\t\t\t\t\t\t\t\tif( typeof jQuery(\"#typed-7394651069ee343469d1c\").typed == \"function\"){\n\t\t\t\t\t\t\t\t\t$(\"#typed-7394651069ee343469d1c\").typed({\n\t\t\t\t\t\t\t\t\t\tstrings: [\"\"],\n\t\t\t\t\t\t\t\t\t\ttypeSpeed: 0,\n\t\t\t\t\t\t\t\t\t\tbackSpeed: 0,\n\t\t\t\t\t\t\t\t\t\tstartDelay: \"200\",\n\t\t\t\t\t\t\t\t\t\tbackDelay: \"1500\",\n\t\t\t\t\t\t\t\t\t\tloop: false,\n\t\t\t\t\t\t\t\t\t\tloopCount: false,\n\t\t\t\t\t\t\t\t\t\tshowCursor: true,\n\t\t\t\t\t\t\t\t\t\tcursorChar: \"|\",\n\t\t\t\t\t\t\t\t\t\tattr: null\n\t\t\t\t\t\t\t\t\t});\n\t\t\t\t\t\t\t\t}\n\t\t\t\t\t\t\t});\n\t\t\t\t\t\t});\n\t\t\t\t\t<\/script><style>\n\t\t\t\t\t\t\t.uvc-wrap-7394651069ee343469d1c .typed-cursor {\n\t\t\t\t\t\t\t\tcolor:#ffffff;\n\t\t\t\t\t\t\t}\n\t\t\t\t\t\t<\/style><\/div><\/div><\/div><\/div><\/div><\/div><\/div><\/div><\/div><!-- Row Backgrounds --><div class=\"upb_color\" data-bg-override=\"ex-full\" data-bg-color=\"\" data-fadeout=\"\" data-fadeout-percentage=\"30\" data-parallax-content=\"\" data-parallax-content-sense=\"30\" data-row-effect-mobile-disable=\"true\" data-img-parallax-mobile-disable=\"true\" data-rtl=\"false\"  data-custom-vc-row=\"\"  data-vc=\"7.8\"  data-is_old_vc=\"\"  data-theme-support=\"\"   data-overlay=\"false\" data-overlay-color=\"\" data-overlay-pattern=\"\" data-overlay-pattern-opacity=\"\" data-overlay-pattern-size=\"\"    ><\/div><div class=\"vc_row wpb_row vc_row-fluid vc_custom_1590483012899 vc_row-o-equal-height vc_row-o-content-top vc_row-flex\"><div class=\"wpb_column vc_column_container vc_col-sm-12\"><div class=\"vc_column-inner\"><div class=\"wpb_wrapper\"><div class=\"vc_tta-container\" data-vc-action=\"collapseAll\"><h3>Pove\u0219ti cu #IMPACT despre...<\/h3><div class=\"vc_general vc_tta vc_tta-accordion vc_tta-color-mulled-wine vc_tta-style-modern vc_tta-shape-square vc_tta-o-shape-group vc_tta-controls-align-default vc_tta-o-all-clickable wpb_animate_when_almost_visible wpb_fadeIn fadeIn\"><div class=\"vc_tta-panels-container\"><div class=\"vc_tta-panels\"><div class=\"vc_tta-panel vc_active\" id=\"1643132327459-1dfaf382-2fcb\" data-vc-content=\".vc_tta-panel-body\"><div class=\"vc_tta-panel-heading\"><h4 class=\"vc_tta-panel-title\"><a href=\"#1643132327459-1dfaf382-2fcb\" data-vc-accordion data-vc-container=\".vc_tta-container\"><i class=\"vc_tta-icon fas fa-venus-mars\"><\/i><span class=\"vc_tta-title-text\">Egalitate de gen<\/span><\/a><\/h4><\/div><div class=\"vc_tta-panel-body\"><style type=\"text\/css\" data-type=\"the7_shortcodes-inline-css\">.blog-carousel-shortcode.blog-carousel-shortcode-id-04a55abdc18ba644fb4e7968cf16c2de.dividers-on.classic-layout-list article {\n  padding-top: 0;\n}\n.blog-carousel-shortcode.blog-carousel-shortcode-id-04a55abdc18ba644fb4e7968cf16c2de.dividers-on.classic-layout-list article:first-of-type {\n  margin-top: 0;\n  padding-top: 0;\n}\n.blog-carousel-shortcode.blog-carousel-shortcode-id-04a55abdc18ba644fb4e7968cf16c2de.classic-layout-list.mode-list .post-entry-content {\n  width: calc(100% - );\n}\n.blog-carousel-shortcode.blog-carousel-shortcode-id-04a55abdc18ba644fb4e7968cf16c2de.classic-layout-list.mode-list .no-img .post-entry-content {\n  width: 100%;\n}\n.blog-carousel-shortcode.blog-carousel-shortcode-id-04a55abdc18ba644fb4e7968cf16c2de .filter-bg-decoration .filter-categories a.act {\n  color: #fff;\n}\n.blog-carousel-shortcode.blog-carousel-shortcode-id-04a55abdc18ba644fb4e7968cf16c2de:not(.mode-masonry) article:first-of-type,\n.blog-carousel-shortcode.blog-carousel-shortcode-id-04a55abdc18ba644fb4e7968cf16c2de:not(.mode-masonry) article.visible.first:not(.product) {\n  margin-top: 0;\n}\n.blog-carousel-shortcode.blog-carousel-shortcode-id-04a55abdc18ba644fb4e7968cf16c2de.dividers-on:not(.mode-masonry) article {\n  margin-top: 0;\n}\n.blog-carousel-shortcode.blog-carousel-shortcode-id-04a55abdc18ba644fb4e7968cf16c2de.dividers-on:not(.mode-masonry) article:first-of-type,\n.blog-carousel-shortcode.blog-carousel-shortcode-id-04a55abdc18ba644fb4e7968cf16c2de.dividers-on:not(.mode-masonry) article.visible.first:not(.product) {\n  margin-top: 0;\n  padding-top: 0;\n}\n.blog-carousel-shortcode.blog-carousel-shortcode-id-04a55abdc18ba644fb4e7968cf16c2de .post-thumbnail-wrap {\n  padding: 0px 0px 0px 0px;\n}\n.blog-carousel-shortcode.blog-carousel-shortcode-id-04a55abdc18ba644fb4e7968cf16c2de.enable-bg-rollover .post-thumbnail-rollover:after {\n  background: -webkit-linear-gradient();\n  background: linear-gradient();\n}\n.blog-carousel-shortcode.blog-carousel-shortcode-id-04a55abdc18ba644fb4e7968cf16c2de .gallery-zoom-ico {\n  width: 44px;\n  height: 44px;\n  line-height: 44px;\n  border-radius: 100px;\n  margin: -22px 0 0 -22px;\n  border-width: 0px;\n  color: #ffffff;\n  background: none;\n}\n.bottom-overlap-layout-list.blog-carousel-shortcode.blog-carousel-shortcode-id-04a55abdc18ba644fb4e7968cf16c2de .gallery-zoom-ico {\n  margin-top: -72px;\n}\n.gradient-overlay-layout-list.blog-carousel-shortcode.blog-carousel-shortcode-id-04a55abdc18ba644fb4e7968cf16c2de .gallery-zoom-ico,\n.content-rollover-layout-list.blog-carousel-shortcode.blog-carousel-shortcode-id-04a55abdc18ba644fb4e7968cf16c2de .gallery-zoom-ico {\n  margin: 0 0 10px;\n}\n.content-align-center.gradient-overlay-layout-list.blog-carousel-shortcode.blog-carousel-shortcode-id-04a55abdc18ba644fb4e7968cf16c2de .gallery-zoom-ico,\n.content-align-center.content-rollover-layout-list.blog-carousel-shortcode.blog-carousel-shortcode-id-04a55abdc18ba644fb4e7968cf16c2de .gallery-zoom-ico {\n  margin: 0 auto 10px;\n}\n.dt-icon-bg-on.blog-carousel-shortcode.blog-carousel-shortcode-id-04a55abdc18ba644fb4e7968cf16c2de .gallery-zoom-ico {\n  background: rgba(255,255,255,0.3);\n  box-shadow: none;\n}\n.blog-carousel-shortcode.blog-carousel-shortcode-id-04a55abdc18ba644fb4e7968cf16c2de .gallery-zoom-ico > span,\n.blog-carousel-shortcode.blog-carousel-shortcode-id-04a55abdc18ba644fb4e7968cf16c2de .gallery-zoom-ico:before {\n  font-size: 32px;\n  line-height: 44px;\n}\n.blog-carousel-shortcode.blog-carousel-shortcode-id-04a55abdc18ba644fb4e7968cf16c2de .gallery-zoom-ico > span,\n.blog-carousel-shortcode.blog-carousel-shortcode-id-04a55abdc18ba644fb4e7968cf16c2de .gallery-zoom-ico:before {\n  color: #ffffff;\n  background: none;\n}\n.blog-carousel-shortcode.blog-carousel-shortcode-id-04a55abdc18ba644fb4e7968cf16c2de .entry-title,\n.blog-carousel-shortcode.blog-carousel-shortcode-id-04a55abdc18ba644fb4e7968cf16c2de.owl-carousel .entry-title {\n  margin-bottom: 5px;\n  font-weight: bold;\n}\n.blog-carousel-shortcode.blog-carousel-shortcode-id-04a55abdc18ba644fb4e7968cf16c2de .entry-meta {\n  margin-bottom: 15px;\n}\n.blog-carousel-shortcode.blog-carousel-shortcode-id-04a55abdc18ba644fb4e7968cf16c2de .portfolio-categories {\n  margin-bottom: 15px;\n}\n.blog-carousel-shortcode.blog-carousel-shortcode-id-04a55abdc18ba644fb4e7968cf16c2de .entry-excerpt {\n  margin-bottom: 5px;\n}\n.blog-carousel-shortcode.blog-carousel-shortcode-id-04a55abdc18ba644fb4e7968cf16c2de:not(.centered-layout-list) .post-entry-content {\n  padding: 15px 20px 20px 20px;\n}\n.blog-carousel-shortcode.blog-carousel-shortcode-id-04a55abdc18ba644fb4e7968cf16c2de:not(.centered-layout-list):not(.content-bg-on):not(.mode-list) .no-img .post-entry-content {\n  padding: 0;\n}\n@media screen and (max-width: ) {\n  .blog-carousel-shortcode.blog-carousel-shortcode-id-04a55abdc18ba644fb4e7968cf16c2de article {\n    -ms-flex-flow: column nowrap;\n    flex-flow: column nowrap;\n    margin-top: 20px;\n  }\n  .blog-carousel-shortcode.blog-carousel-shortcode-id-04a55abdc18ba644fb4e7968cf16c2de.dividers-on article {\n    border: none;\n  }\n  .blog-carousel-shortcode.blog-carousel-shortcode-id-04a55abdc18ba644fb4e7968cf16c2de.content-bg-on.centered-layout-list article {\n    padding: 0;\n  }\n  .blog-carousel-shortcode.blog-carousel-shortcode-id-04a55abdc18ba644fb4e7968cf16c2de.blog-shortcode.dividers-on article,\n  .blog-carousel-shortcode.blog-carousel-shortcode-id-04a55abdc18ba644fb4e7968cf16c2de.dividers-on.classic-layout-list article {\n    margin-top: 20px;\n    padding: 0;\n  }\n  .blog-carousel-shortcode.blog-carousel-shortcode-id-04a55abdc18ba644fb4e7968cf16c2de.blog-shortcode.dividers-on article:first-of-type,\n  .blog-carousel-shortcode.blog-carousel-shortcode-id-04a55abdc18ba644fb4e7968cf16c2de.dividers-on.classic-layout-list article:first-of-type {\n    padding: 0;\n  }\n  #page .blog-carousel-shortcode.blog-carousel-shortcode-id-04a55abdc18ba644fb4e7968cf16c2de .post-thumbnail-wrap,\n  #page .blog-carousel-shortcode.blog-carousel-shortcode-id-04a55abdc18ba644fb4e7968cf16c2de .post-entry-content {\n    width: 100%;\n    margin: 0;\n    top: 0;\n  }\n  #page .blog-carousel-shortcode.blog-carousel-shortcode-id-04a55abdc18ba644fb4e7968cf16c2de .post-thumbnail-wrap {\n    padding: 0;\n  }\n  #page .blog-carousel-shortcode.blog-carousel-shortcode-id-04a55abdc18ba644fb4e7968cf16c2de .post-entry-content:after {\n    display: none;\n  }\n  #page .blog-carousel-shortcode.blog-carousel-shortcode-id-04a55abdc18ba644fb4e7968cf16c2de .project-even .post-thumbnail-wrap,\n  #page .blog-carousel-shortcode.blog-carousel-shortcode-id-04a55abdc18ba644fb4e7968cf16c2de.centered-layout-list .post-thumbnail-wrap {\n    -ms-flex-order: 0;\n    order: 0;\n  }\n  #page .blog-carousel-shortcode.blog-carousel-shortcode-id-04a55abdc18ba644fb4e7968cf16c2de.centered-layout-list .post-entry-title-content {\n    -ms-flex-order: 1;\n    order: 1;\n    width: 100%;\n    padding: 20px 20px 0;\n  }\n  #page .blog-carousel-shortcode.blog-carousel-shortcode-id-04a55abdc18ba644fb4e7968cf16c2de.centered-layout-list .post-entry-content {\n    -ms-flex-order: 2;\n    order: 2;\n    padding-top: 0;\n  }\n  #page .blog-carousel-shortcode.blog-carousel-shortcode-id-04a55abdc18ba644fb4e7968cf16c2de .fancy-categories {\n    top: 10px;\n    left: 10px;\n    bottom: auto;\n    right: auto;\n  }\n  #page .blog-carousel-shortcode.blog-carousel-shortcode-id-04a55abdc18ba644fb4e7968cf16c2de .fancy-date a {\n    top: 10px;\n    right: 10px;\n    left: auto;\n    bottom: auto;\n  }\n  #page .blog-carousel-shortcode.blog-carousel-shortcode-id-04a55abdc18ba644fb4e7968cf16c2de .post-entry-content {\n    padding: 20px;\n  }\n  #page .blog-carousel-shortcode.blog-carousel-shortcode-id-04a55abdc18ba644fb4e7968cf16c2de .entry-title {\n    margin: 3px 0 5px;\n    font-size: 20px;\n    line-height: 26px;\n  }\n  #page .blog-carousel-shortcode.blog-carousel-shortcode-id-04a55abdc18ba644fb4e7968cf16c2de .entry-meta {\n    margin: 5px 0 5px;\n  }\n  #page .blog-carousel-shortcode.blog-carousel-shortcode-id-04a55abdc18ba644fb4e7968cf16c2de .entry-excerpt {\n    margin: 15px 0 0;\n  }\n  #page .blog-carousel-shortcode.blog-carousel-shortcode-id-04a55abdc18ba644fb4e7968cf16c2de .post-details {\n    margin: 5px 0 10px;\n  }\n  #page .blog-carousel-shortcode.blog-carousel-shortcode-id-04a55abdc18ba644fb4e7968cf16c2de .post-details.details-type-link {\n    margin-bottom: 2px;\n  }\n}\n.blog-carousel-shortcode.blog-carousel-shortcode-id-04a55abdc18ba644fb4e7968cf16c2de.owl-carousel .owl-nav div {\n  width: 36px;\n  height: 36px;\n  border-radius: 500px;\n}\n.dt-arrow-border-on.blog-carousel-shortcode.blog-carousel-shortcode-id-04a55abdc18ba644fb4e7968cf16c2de.owl-carousel .owl-nav div:not(:hover):before {\n  border-width: 0px;\n}\n.dt-arrow-hover-border-on.blog-carousel-shortcode.blog-carousel-shortcode-id-04a55abdc18ba644fb4e7968cf16c2de.owl-carousel .owl-nav div:hover:after {\n  border-width: 0px;\n}\n.blog-carousel-shortcode.blog-carousel-shortcode-id-04a55abdc18ba644fb4e7968cf16c2de.owl-carousel .owl-nav div.owl-prev {\n  top: 50%;\n  transform: translateY(calc(-50% + 0px));\n  left: -43px;\n}\n@media all and (-ms-high-contrast: none) {\n  .blog-carousel-shortcode.blog-carousel-shortcode-id-04a55abdc18ba644fb4e7968cf16c2de.owl-carousel .owl-nav div.owl-prev {\n    transform: translateY(-50%);\n    margin-top: 0px;\n  }\n}\n.blog-carousel-shortcode.blog-carousel-shortcode-id-04a55abdc18ba644fb4e7968cf16c2de.owl-carousel .owl-nav div.owl-prev i {\n  padding: 0px 0px 0px 0px;\n}\n.blog-carousel-shortcode.blog-carousel-shortcode-id-04a55abdc18ba644fb4e7968cf16c2de.owl-carousel .owl-nav div.owl-next {\n  top: 50%;\n  transform: translateY(calc(-50% + 0px));\n  right: -43px;\n}\n@media all and (-ms-high-contrast: none) {\n  .blog-carousel-shortcode.blog-carousel-shortcode-id-04a55abdc18ba644fb4e7968cf16c2de.owl-carousel .owl-nav div.owl-next {\n    transform: translateY(-50%);\n    margin-top: 0px;\n  }\n}\n.blog-carousel-shortcode.blog-carousel-shortcode-id-04a55abdc18ba644fb4e7968cf16c2de.owl-carousel .owl-nav div.owl-next i {\n  padding: 0px 0px 0px 0px;\n}\n.blog-carousel-shortcode.blog-carousel-shortcode-id-04a55abdc18ba644fb4e7968cf16c2de.owl-carousel .owl-nav i {\n  font-size: 18px;\n}\n.blog-carousel-shortcode.blog-carousel-shortcode-id-04a55abdc18ba644fb4e7968cf16c2de.owl-carousel .owl-nav div:not(:hover) i,\n.blog-carousel-shortcode.blog-carousel-shortcode-id-04a55abdc18ba644fb4e7968cf16c2de.owl-carousel .owl-nav div:not(:hover) i:before {\n  color: #ffffff;\n  background: none;\n}\n.blog-carousel-shortcode.blog-carousel-shortcode-id-04a55abdc18ba644fb4e7968cf16c2de.owl-carousel .owl-nav div:hover i,\n.blog-carousel-shortcode.blog-carousel-shortcode-id-04a55abdc18ba644fb4e7968cf16c2de.owl-carousel .owl-nav div:hover i:before {\n  color: rgba(255,255,255,0.75);\n  background: none;\n}\n.blog-carousel-shortcode.blog-carousel-shortcode-id-04a55abdc18ba644fb4e7968cf16c2de .owl-dots {\n  top: calc(100% + 20px);\n  left: 50%;\n  transform: translateX(calc(-50% + 0px));\n}\n@media all and (-ms-high-contrast: none) {\n  .blog-carousel-shortcode.blog-carousel-shortcode-id-04a55abdc18ba644fb4e7968cf16c2de .owl-dots {\n    transform: translateX(-50%);\n    margin-left: 0px;\n  }\n}\n.blog-carousel-shortcode.blog-carousel-shortcode-id-04a55abdc18ba644fb4e7968cf16c2de .owl-dot {\n  width: 10px;\n  height: 10px;\n  margin: 0 8px;\n}\n@media screen and (max-width: 778px) {\n  .blog-carousel-shortcode.blog-carousel-shortcode-id-04a55abdc18ba644fb4e7968cf16c2de.hide-arrows .owl-nav a {\n    display: none;\n  }\n}\n@media screen and (max-width: 778px) {\n  .blog-carousel-shortcode.blog-carousel-shortcode-id-04a55abdc18ba644fb4e7968cf16c2de.reposition-arrows .owl-nav .owl-prev {\n    top: 50%;\n    transform: translateY(calc(-50% + 0px));\n    left: 10px;\n  }\n  .blog-carousel-shortcode.blog-carousel-shortcode-id-04a55abdc18ba644fb4e7968cf16c2de.reposition-arrows .owl-nav .owl-next {\n    top: 50%;\n    transform: translateY(calc(-50% + 0px));\n    right: 10px;\n  }\n}\n@media screen and (max-width: 778px) and all and (-ms-high-contrast: none) {\n  .blog-carousel-shortcode.blog-carousel-shortcode-id-04a55abdc18ba644fb4e7968cf16c2de.reposition-arrows .owl-nav .owl-prev {\n    transform: translateY(-50%);\n    margin-top: 0px;\n  }\n}\n@media screen and (max-width: 778px) and all and (-ms-high-contrast: none) {\n  .blog-carousel-shortcode.blog-carousel-shortcode-id-04a55abdc18ba644fb4e7968cf16c2de.reposition-arrows .owl-nav .owl-next {\n    transform: translateY(-50%);\n    margin-top: 0px;\n  }\n}\n<\/style><div class=\"owl-carousel blog-carousel-shortcode dt-owl-carousel-call blog-carousel-shortcode-id-04a55abdc18ba644fb4e7968cf16c2de classic-layout-list content-bg-on scale-img dt-icon-bg-off dt-arrow-border-on dt-arrow-hover-border-on bullets-small-dot-stroke reposition-arrows arrows-bg-on disable-arrows-hover-bg arrows-hover-bg-on  \" data-scroll-mode=\"1\" data-col-num=\"3\" data-wide-col-num=\"4\" data-laptop-col=\"3\" data-h-tablet-columns-num=\"3\" data-v-tablet-columns-num=\"2\" data-phone-columns-num=\"1\" data-auto-height=\"true\" data-col-gap=\"30\" data-stage-padding=\"0\" data-speed=\"600\" data-autoplay=\"false\" data-autoplay_speed=\"6000\" data-arrows=\"true\" data-bullet=\"false\" data-next-icon=\"icon-ar-017-r\" data-prev-icon=\"icon-ar-017-l\"><article class=\"post post-57523 type-post status-publish format-standard has-post-thumbnail hentry category-egalitate-de-gen-si-violenta-de-gen category-povesti-cu-impact category-253 category-252\" data-name=\"Cum s\u0103 te \u00eemprietene\u0219ti cu feminismul\" data-date=\"2022-02-28T23:13:28+02:00\">\n\n<div class=\"post-thumbnail-wrap\">\n\t<div class=\"post-thumbnail\">\n\t\t\n\t\t\n\t\t<a href=\"https:\/\/activecitizensfund.ro\/en\/in-imagini-cum-sa-te-imprietenesti-cu-feminismul\/\" class=\"post-thumbnail-rollover layzr-bg\" ><img fetchpriority=\"high\" decoding=\"async\" class=\"preload-me owl-lazy-load aspect\" src=\"data:image\/svg+xml,%3Csvg%20xmlns%3D&#39;http%3A%2F%2Fwww.w3.org%2F2000%2Fsvg&#39;%20viewBox%3D&#39;0%200%20768%20512&#39;%2F%3E\" data-src=\"https:\/\/activecitizensfund.ro\/wp-content\/uploads\/2022\/01\/Povesti-Impact_Stire-768x512.png\" data-srcset=\"https:\/\/activecitizensfund.ro\/wp-content\/uploads\/2022\/01\/Povesti-Impact_Stire-768x512.png 768w, https:\/\/activecitizensfund.ro\/wp-content\/uploads\/2022\/01\/Povesti-Impact_Stire-1152x768.png 1152w\" loading=\"eager\" style=\"--ratio: 768 \/ 512\" sizes=\"(max-width: 768px) 100vw, 768px\" alt=\"\" title=\"Povesti Impact_Stire\" width=\"768\" height=\"512\"  \/><\/a>\t<\/div>\n<\/div>\n\n\n<div class=\"post-entry-content\">\n\n\t<h3 class=\"entry-title\">\n\t\t<a href=\"https:\/\/activecitizensfund.ro\/en\/in-imagini-cum-sa-te-imprietenesti-cu-feminismul\/\" title=\"Cum s\u0103 te \u00eemprietene\u0219ti cu feminismul\" rel=\"bookmark\">Cum s\u0103 te \u00eemprietene\u0219ti cu feminismul<\/a>\n\t<\/h3>\n\n\t<div class=\"entry-meta\"><span class=\"category-link\"><a href=\"https:\/\/activecitizensfund.ro\/en\/category\/povesti-cu-impact\/egalitate-de-gen-si-violenta-de-gen\/\" >Egalitate de gen \u0219i violen\u021b\u0103 de gen<\/a>, <a href=\"https:\/\/activecitizensfund.ro\/en\/category\/povesti-cu-impact\/\" >Pove\u0219ti cu IMPACT<\/a><\/span><a class=\"author vcard\" href=\"https:\/\/activecitizensfund.ro\/en\/author\/acfdmin\/\" title=\"View all posts by Active Citizens Fund\" rel=\"author\">By <span class=\"fn\">Active Citizens Fund<\/span><\/a><a href=\"https:\/\/activecitizensfund.ro\/en\/2022\/02\/28\/\" title=\"11:13 pm\" class=\"data-link\" rel=\"bookmark\"><time class=\"entry-date updated\" datetime=\"2022-02-28T23:13:28+02:00\">February 28, 2022<\/time><\/a><\/div>\n\t<div class=\"entry-excerpt\"><p>Pornind de la premisa c\u0103 egalitatea de gen trebuie s\u0103 fie o valoare fundamental\u0103 \u00een societate, proiectul \u201eEGALIS: Egalitate de gen prin schimbare social\u0103 \u0219i educa\u021bie\u201d ac\u021bioneaz\u0103 \u00een domeniul care genereaz\u0103 schimbarea cea mai profund\u0103: educa\u021bia.<\/p>\n<\/div>\n\t\n<a href=\"https:\/\/activecitizensfund.ro\/en\/in-imagini-cum-sa-te-imprietenesti-cu-feminismul\/\" class=\"post-details details-type-link\" aria-label=\"Read more about Cum s\u0103 te \u00eemprietene\u0219ti cu feminismul\">Read more<i class=\"dt-icon-the7-arrow-03\" aria-hidden=\"true\"><\/i><\/a>\n\n<\/div><\/article><article class=\"post post-57506 type-post status-publish format-standard has-post-thumbnail hentry category-egalitate-de-gen-si-violenta-de-gen category-povesti-cu-impact category-253 category-252\" data-name=\"\u201eFemei informate, femei implicate!\u201d \u00een mediul rural din jude\u021bul C\u0103l\u0103ra\u0219i\" data-date=\"2022-02-28T22:54:54+02:00\">\n\n<div class=\"post-thumbnail-wrap\">\n\t<div class=\"post-thumbnail\">\n\t\t\n\t\t\n\t\t<a href=\"https:\/\/activecitizensfund.ro\/en\/in-imagini-femei-informate-femei-implicate-in-mediul-rural-din-judetul-calarasi\/\" class=\"post-thumbnail-rollover layzr-bg\" ><img fetchpriority=\"high\" decoding=\"async\" class=\"preload-me owl-lazy-load aspect\" src=\"data:image\/svg+xml,%3Csvg%20xmlns%3D&#39;http%3A%2F%2Fwww.w3.org%2F2000%2Fsvg&#39;%20viewBox%3D&#39;0%200%20768%20512&#39;%2F%3E\" data-src=\"https:\/\/activecitizensfund.ro\/wp-content\/uploads\/2022\/01\/Povesti-Impact_Stire-768x512.png\" data-srcset=\"https:\/\/activecitizensfund.ro\/wp-content\/uploads\/2022\/01\/Povesti-Impact_Stire-768x512.png 768w, https:\/\/activecitizensfund.ro\/wp-content\/uploads\/2022\/01\/Povesti-Impact_Stire-1152x768.png 1152w\" loading=\"eager\" style=\"--ratio: 768 \/ 512\" sizes=\"(max-width: 768px) 100vw, 768px\" alt=\"\" title=\"Povesti Impact_Stire\" width=\"768\" height=\"512\"  \/><\/a>\t<\/div>\n<\/div>\n\n\n<div class=\"post-entry-content\">\n\n\t<h3 class=\"entry-title\">\n\t\t<a href=\"https:\/\/activecitizensfund.ro\/en\/in-imagini-femei-informate-femei-implicate-in-mediul-rural-din-judetul-calarasi\/\" title=\"\u201eFemei informate, femei implicate!\u201d \u00een mediul rural din jude\u021bul C\u0103l\u0103ra\u0219i\" rel=\"bookmark\">\u201eFemei informate, femei implicate!\u201d \u00een mediul rural din jude\u021bul C\u0103l\u0103ra\u0219i<\/a>\n\t<\/h3>\n\n\t<div class=\"entry-meta\"><span class=\"category-link\"><a href=\"https:\/\/activecitizensfund.ro\/en\/category\/povesti-cu-impact\/egalitate-de-gen-si-violenta-de-gen\/\" >Egalitate de gen \u0219i violen\u021b\u0103 de gen<\/a>, <a href=\"https:\/\/activecitizensfund.ro\/en\/category\/povesti-cu-impact\/\" >Pove\u0219ti cu IMPACT<\/a><\/span><a class=\"author vcard\" href=\"https:\/\/activecitizensfund.ro\/en\/author\/acfdmin\/\" title=\"View all posts by Active Citizens Fund\" rel=\"author\">By <span class=\"fn\">Active Citizens Fund<\/span><\/a><a href=\"https:\/\/activecitizensfund.ro\/en\/2022\/02\/28\/\" title=\"10:54 pm\" class=\"data-link\" rel=\"bookmark\"><time class=\"entry-date updated\" datetime=\"2022-02-28T22:54:54+02:00\">February 28, 2022<\/time><\/a><\/div>\n\t<div class=\"entry-excerpt\"><p>Din februarie 2021, \u00een 3 comunit\u0103\u021bi rurale multietnice din jude\u021bul C\u0103l\u0103ra\u0219i (Luica, \u0218oldanu \u0219i Curcani), Asocia\u021bia Centrul pentru Educa\u021bie \u0219i Drepturile Omului, \u00een parteneriat cu Bjerkaker LearningLab din Norvegia implic\u0103 femeile din mediul rural \u00een evenimente comunitare, sesiuni de lectur\u0103, campanii de informare \u0219i con\u0219tientizare, prin care sunt abordate tematici legate de drepturile omului, egalitate de gen, stereotipuri, educa\u021bie pentru s\u0103n\u0103tate. <\/p>\n<\/div>\n\t\n<a href=\"https:\/\/activecitizensfund.ro\/en\/in-imagini-femei-informate-femei-implicate-in-mediul-rural-din-judetul-calarasi\/\" class=\"post-details details-type-link\" aria-label=\"Read more about \u201eFemei informate, femei implicate!\u201d \u00een mediul rural din jude\u021bul C\u0103l\u0103ra\u0219i\">Read more<i class=\"dt-icon-the7-arrow-03\" aria-hidden=\"true\"><\/i><\/a>\n\n<\/div><\/article><article class=\"post post-57390 type-post status-publish format-standard has-post-thumbnail hentry category-egalitate-de-gen-si-violenta-de-gen category-povesti-cu-impact category-253 category-252\" data-name=\"Interviu: Laura Albu: Visez la acest proiect de mult timp. Vocea Gloriei Steinem ca simbol feminist m\u0103 urm\u0103re\u0219te obsesiv!\" data-date=\"2022-01-27T14:58:52+02:00\">\n\n<div class=\"post-thumbnail-wrap\">\n\t<div class=\"post-thumbnail\">\n\t\t\n\t\t\n\t\t<a href=\"https:\/\/activecitizensfund.ro\/en\/laura-albu-visez-la-acest-proiect-de-mult-timp\/\" class=\"post-thumbnail-rollover layzr-bg\" ><img fetchpriority=\"high\" decoding=\"async\" class=\"preload-me owl-lazy-load aspect\" src=\"data:image\/svg+xml,%3Csvg%20xmlns%3D&#39;http%3A%2F%2Fwww.w3.org%2F2000%2Fsvg&#39;%20viewBox%3D&#39;0%200%20768%20512&#39;%2F%3E\" data-src=\"https:\/\/activecitizensfund.ro\/wp-content\/uploads\/2022\/01\/Povesti-Impact_Stire-768x512.png\" data-srcset=\"https:\/\/activecitizensfund.ro\/wp-content\/uploads\/2022\/01\/Povesti-Impact_Stire-768x512.png 768w, https:\/\/activecitizensfund.ro\/wp-content\/uploads\/2022\/01\/Povesti-Impact_Stire-1152x768.png 1152w\" loading=\"eager\" style=\"--ratio: 768 \/ 512\" sizes=\"(max-width: 768px) 100vw, 768px\" alt=\"\" title=\"Povesti Impact_Stire\" width=\"768\" height=\"512\"  \/><\/a>\t<\/div>\n<\/div>\n\n\n<div class=\"post-entry-content\">\n\n\t<h3 class=\"entry-title\">\n\t\t<a href=\"https:\/\/activecitizensfund.ro\/en\/laura-albu-visez-la-acest-proiect-de-mult-timp\/\" title=\"Interviu: Laura Albu: Visez la acest proiect de mult timp. Vocea Gloriei Steinem ca simbol feminist m\u0103 urm\u0103re\u0219te obsesiv!\" rel=\"bookmark\">Interviu: Laura Albu: Visez la acest proiect de mult timp. Vocea Gloriei Steinem ca simbol feminist m\u0103 urm\u0103re\u0219te obsesiv!<\/a>\n\t<\/h3>\n\n\t<div class=\"entry-meta\"><span class=\"category-link\"><a href=\"https:\/\/activecitizensfund.ro\/en\/category\/povesti-cu-impact\/egalitate-de-gen-si-violenta-de-gen\/\" >Egalitate de gen \u0219i violen\u021b\u0103 de gen<\/a>, <a href=\"https:\/\/activecitizensfund.ro\/en\/category\/povesti-cu-impact\/\" >Pove\u0219ti cu IMPACT<\/a><\/span><a class=\"author vcard\" href=\"https:\/\/activecitizensfund.ro\/en\/author\/acfdmin\/\" title=\"View all posts by Active Citizens Fund\" rel=\"author\">By <span class=\"fn\">Active Citizens Fund<\/span><\/a><a href=\"https:\/\/activecitizensfund.ro\/en\/2022\/01\/27\/\" title=\"2:58 pm\" class=\"data-link\" rel=\"bookmark\"><time class=\"entry-date updated\" datetime=\"2022-01-27T14:58:52+02:00\">January 27, 2022<\/time><\/a><\/div>\n\t<div class=\"entry-excerpt\"><p>O discu\u021bie cald\u0103 despre egalitatea de gen cu Laura Albu, Pre\u0219edinta executiv\u0103 a Funda\u021biei Centrul de Mediere \u0219i Securitate Comunitar\u0103, Pre\u0219edinta Romanian Women\u2019s Lobby \u0219i Jorgen Lorenzen, Director al Asocia\u021biei norvegiene Foreningen Hedda<\/p>\n<\/div>\n\t\n<a href=\"https:\/\/activecitizensfund.ro\/en\/laura-albu-visez-la-acest-proiect-de-mult-timp\/\" class=\"post-details details-type-link\" aria-label=\"Read more about Interviu: Laura Albu: Visez la acest proiect de mult timp. Vocea Gloriei Steinem ca simbol feminist m\u0103 urm\u0103re\u0219te obsesiv!\">Read more<i class=\"dt-icon-the7-arrow-03\" aria-hidden=\"true\"><\/i><\/a>\n\n<\/div><\/article><article class=\"post post-57376 type-post status-publish format-standard has-post-thumbnail hentry category-egalitate-de-gen-si-violenta-de-gen category-povesti-cu-impact category-253 category-252\" data-name=\"Centrul Filia, egalitate de gen la firul ierbii\" data-date=\"2022-01-25T21:21:11+02:00\">\n\n<div class=\"post-thumbnail-wrap\">\n\t<div class=\"post-thumbnail\">\n\t\t\n\t\t\n\t\t<a href=\"https:\/\/activecitizensfund.ro\/en\/in-imagini-centrul-filia-egalitate-de-gen-la-firul-ierbii\/\" class=\"post-thumbnail-rollover layzr-bg\" ><img fetchpriority=\"high\" decoding=\"async\" class=\"preload-me owl-lazy-load aspect\" src=\"data:image\/svg+xml,%3Csvg%20xmlns%3D&#39;http%3A%2F%2Fwww.w3.org%2F2000%2Fsvg&#39;%20viewBox%3D&#39;0%200%20768%20512&#39;%2F%3E\" data-src=\"https:\/\/activecitizensfund.ro\/wp-content\/uploads\/2022\/01\/Povesti-Impact_Stire-768x512.png\" data-srcset=\"https:\/\/activecitizensfund.ro\/wp-content\/uploads\/2022\/01\/Povesti-Impact_Stire-768x512.png 768w, https:\/\/activecitizensfund.ro\/wp-content\/uploads\/2022\/01\/Povesti-Impact_Stire-1152x768.png 1152w\" loading=\"eager\" style=\"--ratio: 768 \/ 512\" sizes=\"(max-width: 768px) 100vw, 768px\" alt=\"\" title=\"Povesti Impact_Stire\" width=\"768\" height=\"512\"  \/><\/a>\t<\/div>\n<\/div>\n\n\n<div class=\"post-entry-content\">\n\n\t<h3 class=\"entry-title\">\n\t\t<a href=\"https:\/\/activecitizensfund.ro\/en\/in-imagini-centrul-filia-egalitate-de-gen-la-firul-ierbii\/\" title=\"Centrul Filia, egalitate de gen la firul ierbii\" rel=\"bookmark\">Centrul Filia, egalitate de gen la firul ierbii<\/a>\n\t<\/h3>\n\n\t<div class=\"entry-meta\"><span class=\"category-link\"><a href=\"https:\/\/activecitizensfund.ro\/en\/category\/povesti-cu-impact\/egalitate-de-gen-si-violenta-de-gen\/\" >Egalitate de gen \u0219i violen\u021b\u0103 de gen<\/a>, <a href=\"https:\/\/activecitizensfund.ro\/en\/category\/povesti-cu-impact\/\" >Pove\u0219ti cu IMPACT<\/a><\/span><a class=\"author vcard\" href=\"https:\/\/activecitizensfund.ro\/en\/author\/acfdmin\/\" title=\"View all posts by Active Citizens Fund\" rel=\"author\">By <span class=\"fn\">Active Citizens Fund<\/span><\/a><a href=\"https:\/\/activecitizensfund.ro\/en\/2022\/01\/25\/\" title=\"9:21 pm\" class=\"data-link\" rel=\"bookmark\"><time class=\"entry-date updated\" datetime=\"2022-01-25T21:21:11+02:00\">January 25, 2022<\/time><\/a><\/div>\n\t<div class=\"entry-excerpt\"><p>\u201e\u0218tim \u0219i noi cum s\u0103 zicem ce ne doare, s\u0103 vorbim, s\u0103 ne descurc\u0103m \u0219i acum c\u00e2nd deschidem gura, altfel se uit\u0103 lumea la noi\u201d, sunt cuvintele Crengu\u021bei, una dintre cele peste 500 de femei cu care Centrul Filia a lucrat \u00een comunit\u0103\u021bile din jude\u021bele Arge\u0219 \u0219i Ialomi\u021ba \u0219i care ulterior a devenit colega lor \u00een cadrul organiza\u021biei, av\u00e2nd rolul de facilitatoare comunitar\u0103. <\/p>\n<\/div>\n\t\n<a href=\"https:\/\/activecitizensfund.ro\/en\/in-imagini-centrul-filia-egalitate-de-gen-la-firul-ierbii\/\" class=\"post-details details-type-link\" aria-label=\"Read more about Centrul Filia, egalitate de gen la firul ierbii\">Read more<i class=\"dt-icon-the7-arrow-03\" aria-hidden=\"true\"><\/i><\/a>\n\n<\/div><\/article><\/div><\/div><\/div><div class=\"vc_tta-panel\" id=\"1643132327493-f464c3d9-8e29\" data-vc-content=\".vc_tta-panel-body\"><div class=\"vc_tta-panel-heading\"><h4 class=\"vc_tta-panel-title\"><a href=\"#1643132327493-f464c3d9-8e29\" data-vc-accordion data-vc-container=\".vc_tta-container\"><i class=\"vc_tta-icon fas fa-child\"><\/i><span class=\"vc_tta-title-text\">Incluziunea tinerilor<\/span><\/a><\/h4><\/div><div class=\"vc_tta-panel-body\"><style type=\"text\/css\" data-type=\"the7_shortcodes-inline-css\">.blog-carousel-shortcode.blog-carousel-shortcode-id-0fc15402aeab731d10cdf22176a948d1.dividers-on.classic-layout-list article {\n  padding-top: 0;\n}\n.blog-carousel-shortcode.blog-carousel-shortcode-id-0fc15402aeab731d10cdf22176a948d1.dividers-on.classic-layout-list article:first-of-type {\n  margin-top: 0;\n  padding-top: 0;\n}\n.blog-carousel-shortcode.blog-carousel-shortcode-id-0fc15402aeab731d10cdf22176a948d1.classic-layout-list.mode-list .post-entry-content {\n  width: calc(100% - );\n}\n.blog-carousel-shortcode.blog-carousel-shortcode-id-0fc15402aeab731d10cdf22176a948d1.classic-layout-list.mode-list .no-img .post-entry-content {\n  width: 100%;\n}\n.blog-carousel-shortcode.blog-carousel-shortcode-id-0fc15402aeab731d10cdf22176a948d1 .filter-bg-decoration .filter-categories a.act {\n  color: #fff;\n}\n.blog-carousel-shortcode.blog-carousel-shortcode-id-0fc15402aeab731d10cdf22176a948d1:not(.mode-masonry) article:first-of-type,\n.blog-carousel-shortcode.blog-carousel-shortcode-id-0fc15402aeab731d10cdf22176a948d1:not(.mode-masonry) article.visible.first:not(.product) {\n  margin-top: 0;\n}\n.blog-carousel-shortcode.blog-carousel-shortcode-id-0fc15402aeab731d10cdf22176a948d1.dividers-on:not(.mode-masonry) article {\n  margin-top: 0;\n}\n.blog-carousel-shortcode.blog-carousel-shortcode-id-0fc15402aeab731d10cdf22176a948d1.dividers-on:not(.mode-masonry) article:first-of-type,\n.blog-carousel-shortcode.blog-carousel-shortcode-id-0fc15402aeab731d10cdf22176a948d1.dividers-on:not(.mode-masonry) article.visible.first:not(.product) {\n  margin-top: 0;\n  padding-top: 0;\n}\n.blog-carousel-shortcode.blog-carousel-shortcode-id-0fc15402aeab731d10cdf22176a948d1 .post-thumbnail-wrap {\n  padding: 0px 0px 0px 0px;\n}\n.blog-carousel-shortcode.blog-carousel-shortcode-id-0fc15402aeab731d10cdf22176a948d1.enable-bg-rollover .post-thumbnail-rollover:after {\n  background: -webkit-linear-gradient();\n  background: linear-gradient();\n}\n.blog-carousel-shortcode.blog-carousel-shortcode-id-0fc15402aeab731d10cdf22176a948d1 .gallery-zoom-ico {\n  width: 44px;\n  height: 44px;\n  line-height: 44px;\n  border-radius: 100px;\n  margin: -22px 0 0 -22px;\n  border-width: 0px;\n  color: #ffffff;\n  background: none;\n}\n.bottom-overlap-layout-list.blog-carousel-shortcode.blog-carousel-shortcode-id-0fc15402aeab731d10cdf22176a948d1 .gallery-zoom-ico {\n  margin-top: -72px;\n}\n.gradient-overlay-layout-list.blog-carousel-shortcode.blog-carousel-shortcode-id-0fc15402aeab731d10cdf22176a948d1 .gallery-zoom-ico,\n.content-rollover-layout-list.blog-carousel-shortcode.blog-carousel-shortcode-id-0fc15402aeab731d10cdf22176a948d1 .gallery-zoom-ico {\n  margin: 0 0 10px;\n}\n.content-align-center.gradient-overlay-layout-list.blog-carousel-shortcode.blog-carousel-shortcode-id-0fc15402aeab731d10cdf22176a948d1 .gallery-zoom-ico,\n.content-align-center.content-rollover-layout-list.blog-carousel-shortcode.blog-carousel-shortcode-id-0fc15402aeab731d10cdf22176a948d1 .gallery-zoom-ico {\n  margin: 0 auto 10px;\n}\n.dt-icon-bg-on.blog-carousel-shortcode.blog-carousel-shortcode-id-0fc15402aeab731d10cdf22176a948d1 .gallery-zoom-ico {\n  background: rgba(255,255,255,0.3);\n  box-shadow: none;\n}\n.blog-carousel-shortcode.blog-carousel-shortcode-id-0fc15402aeab731d10cdf22176a948d1 .gallery-zoom-ico > span,\n.blog-carousel-shortcode.blog-carousel-shortcode-id-0fc15402aeab731d10cdf22176a948d1 .gallery-zoom-ico:before {\n  font-size: 32px;\n  line-height: 44px;\n}\n.blog-carousel-shortcode.blog-carousel-shortcode-id-0fc15402aeab731d10cdf22176a948d1 .gallery-zoom-ico > span,\n.blog-carousel-shortcode.blog-carousel-shortcode-id-0fc15402aeab731d10cdf22176a948d1 .gallery-zoom-ico:before {\n  color: #ffffff;\n  background: none;\n}\n.blog-carousel-shortcode.blog-carousel-shortcode-id-0fc15402aeab731d10cdf22176a948d1 .entry-title,\n.blog-carousel-shortcode.blog-carousel-shortcode-id-0fc15402aeab731d10cdf22176a948d1.owl-carousel .entry-title {\n  margin-bottom: 5px;\n  font-weight: bold;\n}\n.blog-carousel-shortcode.blog-carousel-shortcode-id-0fc15402aeab731d10cdf22176a948d1 .entry-meta {\n  margin-bottom: 15px;\n}\n.blog-carousel-shortcode.blog-carousel-shortcode-id-0fc15402aeab731d10cdf22176a948d1 .portfolio-categories {\n  margin-bottom: 15px;\n}\n.blog-carousel-shortcode.blog-carousel-shortcode-id-0fc15402aeab731d10cdf22176a948d1 .entry-excerpt {\n  margin-bottom: 5px;\n}\n.blog-carousel-shortcode.blog-carousel-shortcode-id-0fc15402aeab731d10cdf22176a948d1:not(.centered-layout-list) .post-entry-content {\n  padding: 15px 20px 20px 20px;\n}\n.blog-carousel-shortcode.blog-carousel-shortcode-id-0fc15402aeab731d10cdf22176a948d1:not(.centered-layout-list):not(.content-bg-on):not(.mode-list) .no-img .post-entry-content {\n  padding: 0;\n}\n@media screen and (max-width: ) {\n  .blog-carousel-shortcode.blog-carousel-shortcode-id-0fc15402aeab731d10cdf22176a948d1 article {\n    -ms-flex-flow: column nowrap;\n    flex-flow: column nowrap;\n    margin-top: 20px;\n  }\n  .blog-carousel-shortcode.blog-carousel-shortcode-id-0fc15402aeab731d10cdf22176a948d1.dividers-on article {\n    border: none;\n  }\n  .blog-carousel-shortcode.blog-carousel-shortcode-id-0fc15402aeab731d10cdf22176a948d1.content-bg-on.centered-layout-list article {\n    padding: 0;\n  }\n  .blog-carousel-shortcode.blog-carousel-shortcode-id-0fc15402aeab731d10cdf22176a948d1.blog-shortcode.dividers-on article,\n  .blog-carousel-shortcode.blog-carousel-shortcode-id-0fc15402aeab731d10cdf22176a948d1.dividers-on.classic-layout-list article {\n    margin-top: 20px;\n    padding: 0;\n  }\n  .blog-carousel-shortcode.blog-carousel-shortcode-id-0fc15402aeab731d10cdf22176a948d1.blog-shortcode.dividers-on article:first-of-type,\n  .blog-carousel-shortcode.blog-carousel-shortcode-id-0fc15402aeab731d10cdf22176a948d1.dividers-on.classic-layout-list article:first-of-type {\n    padding: 0;\n  }\n  #page .blog-carousel-shortcode.blog-carousel-shortcode-id-0fc15402aeab731d10cdf22176a948d1 .post-thumbnail-wrap,\n  #page .blog-carousel-shortcode.blog-carousel-shortcode-id-0fc15402aeab731d10cdf22176a948d1 .post-entry-content {\n    width: 100%;\n    margin: 0;\n    top: 0;\n  }\n  #page .blog-carousel-shortcode.blog-carousel-shortcode-id-0fc15402aeab731d10cdf22176a948d1 .post-thumbnail-wrap {\n    padding: 0;\n  }\n  #page .blog-carousel-shortcode.blog-carousel-shortcode-id-0fc15402aeab731d10cdf22176a948d1 .post-entry-content:after {\n    display: none;\n  }\n  #page .blog-carousel-shortcode.blog-carousel-shortcode-id-0fc15402aeab731d10cdf22176a948d1 .project-even .post-thumbnail-wrap,\n  #page .blog-carousel-shortcode.blog-carousel-shortcode-id-0fc15402aeab731d10cdf22176a948d1.centered-layout-list .post-thumbnail-wrap {\n    -ms-flex-order: 0;\n    order: 0;\n  }\n  #page .blog-carousel-shortcode.blog-carousel-shortcode-id-0fc15402aeab731d10cdf22176a948d1.centered-layout-list .post-entry-title-content {\n    -ms-flex-order: 1;\n    order: 1;\n    width: 100%;\n    padding: 20px 20px 0;\n  }\n  #page .blog-carousel-shortcode.blog-carousel-shortcode-id-0fc15402aeab731d10cdf22176a948d1.centered-layout-list .post-entry-content {\n    -ms-flex-order: 2;\n    order: 2;\n    padding-top: 0;\n  }\n  #page .blog-carousel-shortcode.blog-carousel-shortcode-id-0fc15402aeab731d10cdf22176a948d1 .fancy-categories {\n    top: 10px;\n    left: 10px;\n    bottom: auto;\n    right: auto;\n  }\n  #page .blog-carousel-shortcode.blog-carousel-shortcode-id-0fc15402aeab731d10cdf22176a948d1 .fancy-date a {\n    top: 10px;\n    right: 10px;\n    left: auto;\n    bottom: auto;\n  }\n  #page .blog-carousel-shortcode.blog-carousel-shortcode-id-0fc15402aeab731d10cdf22176a948d1 .post-entry-content {\n    padding: 20px;\n  }\n  #page .blog-carousel-shortcode.blog-carousel-shortcode-id-0fc15402aeab731d10cdf22176a948d1 .entry-title {\n    margin: 3px 0 5px;\n    font-size: 20px;\n    line-height: 26px;\n  }\n  #page .blog-carousel-shortcode.blog-carousel-shortcode-id-0fc15402aeab731d10cdf22176a948d1 .entry-meta {\n    margin: 5px 0 5px;\n  }\n  #page .blog-carousel-shortcode.blog-carousel-shortcode-id-0fc15402aeab731d10cdf22176a948d1 .entry-excerpt {\n    margin: 15px 0 0;\n  }\n  #page .blog-carousel-shortcode.blog-carousel-shortcode-id-0fc15402aeab731d10cdf22176a948d1 .post-details {\n    margin: 5px 0 10px;\n  }\n  #page .blog-carousel-shortcode.blog-carousel-shortcode-id-0fc15402aeab731d10cdf22176a948d1 .post-details.details-type-link {\n    margin-bottom: 2px;\n  }\n}\n.blog-carousel-shortcode.blog-carousel-shortcode-id-0fc15402aeab731d10cdf22176a948d1.owl-carousel .owl-nav div {\n  width: 36px;\n  height: 36px;\n  border-radius: 500px;\n}\n.dt-arrow-border-on.blog-carousel-shortcode.blog-carousel-shortcode-id-0fc15402aeab731d10cdf22176a948d1.owl-carousel .owl-nav div:not(:hover):before {\n  border-width: 0px;\n}\n.dt-arrow-hover-border-on.blog-carousel-shortcode.blog-carousel-shortcode-id-0fc15402aeab731d10cdf22176a948d1.owl-carousel .owl-nav div:hover:after {\n  border-width: 0px;\n}\n.blog-carousel-shortcode.blog-carousel-shortcode-id-0fc15402aeab731d10cdf22176a948d1.owl-carousel .owl-nav div.owl-prev {\n  top: 50%;\n  transform: translateY(calc(-50% + 0px));\n  left: -43px;\n}\n@media all and (-ms-high-contrast: none) {\n  .blog-carousel-shortcode.blog-carousel-shortcode-id-0fc15402aeab731d10cdf22176a948d1.owl-carousel .owl-nav div.owl-prev {\n    transform: translateY(-50%);\n    margin-top: 0px;\n  }\n}\n.blog-carousel-shortcode.blog-carousel-shortcode-id-0fc15402aeab731d10cdf22176a948d1.owl-carousel .owl-nav div.owl-prev i {\n  padding: 0px 0px 0px 0px;\n}\n.blog-carousel-shortcode.blog-carousel-shortcode-id-0fc15402aeab731d10cdf22176a948d1.owl-carousel .owl-nav div.owl-next {\n  top: 50%;\n  transform: translateY(calc(-50% + 0px));\n  right: -43px;\n}\n@media all and (-ms-high-contrast: none) {\n  .blog-carousel-shortcode.blog-carousel-shortcode-id-0fc15402aeab731d10cdf22176a948d1.owl-carousel .owl-nav div.owl-next {\n    transform: translateY(-50%);\n    margin-top: 0px;\n  }\n}\n.blog-carousel-shortcode.blog-carousel-shortcode-id-0fc15402aeab731d10cdf22176a948d1.owl-carousel .owl-nav div.owl-next i {\n  padding: 0px 0px 0px 0px;\n}\n.blog-carousel-shortcode.blog-carousel-shortcode-id-0fc15402aeab731d10cdf22176a948d1.owl-carousel .owl-nav i {\n  font-size: 18px;\n}\n.blog-carousel-shortcode.blog-carousel-shortcode-id-0fc15402aeab731d10cdf22176a948d1.owl-carousel .owl-nav div:not(:hover) i,\n.blog-carousel-shortcode.blog-carousel-shortcode-id-0fc15402aeab731d10cdf22176a948d1.owl-carousel .owl-nav div:not(:hover) i:before {\n  color: #ffffff;\n  background: none;\n}\n.blog-carousel-shortcode.blog-carousel-shortcode-id-0fc15402aeab731d10cdf22176a948d1.owl-carousel .owl-nav div:hover i,\n.blog-carousel-shortcode.blog-carousel-shortcode-id-0fc15402aeab731d10cdf22176a948d1.owl-carousel .owl-nav div:hover i:before {\n  color: rgba(255,255,255,0.75);\n  background: none;\n}\n.blog-carousel-shortcode.blog-carousel-shortcode-id-0fc15402aeab731d10cdf22176a948d1 .owl-dots {\n  top: calc(100% + 20px);\n  left: 50%;\n  transform: translateX(calc(-50% + 0px));\n}\n@media all and (-ms-high-contrast: none) {\n  .blog-carousel-shortcode.blog-carousel-shortcode-id-0fc15402aeab731d10cdf22176a948d1 .owl-dots {\n    transform: translateX(-50%);\n    margin-left: 0px;\n  }\n}\n.blog-carousel-shortcode.blog-carousel-shortcode-id-0fc15402aeab731d10cdf22176a948d1 .owl-dot {\n  width: 10px;\n  height: 10px;\n  margin: 0 8px;\n}\n@media screen and (max-width: 778px) {\n  .blog-carousel-shortcode.blog-carousel-shortcode-id-0fc15402aeab731d10cdf22176a948d1.hide-arrows .owl-nav a {\n    display: none;\n  }\n}\n@media screen and (max-width: 778px) {\n  .blog-carousel-shortcode.blog-carousel-shortcode-id-0fc15402aeab731d10cdf22176a948d1.reposition-arrows .owl-nav .owl-prev {\n    top: 50%;\n    transform: translateY(calc(-50% + 0px));\n    left: 10px;\n  }\n  .blog-carousel-shortcode.blog-carousel-shortcode-id-0fc15402aeab731d10cdf22176a948d1.reposition-arrows .owl-nav .owl-next {\n    top: 50%;\n    transform: translateY(calc(-50% + 0px));\n    right: 10px;\n  }\n}\n@media screen and (max-width: 778px) and all and (-ms-high-contrast: none) {\n  .blog-carousel-shortcode.blog-carousel-shortcode-id-0fc15402aeab731d10cdf22176a948d1.reposition-arrows .owl-nav .owl-prev {\n    transform: translateY(-50%);\n    margin-top: 0px;\n  }\n}\n@media screen and (max-width: 778px) and all and (-ms-high-contrast: none) {\n  .blog-carousel-shortcode.blog-carousel-shortcode-id-0fc15402aeab731d10cdf22176a948d1.reposition-arrows .owl-nav .owl-next {\n    transform: translateY(-50%);\n    margin-top: 0px;\n  }\n}\n<\/style><div class=\"owl-carousel blog-carousel-shortcode dt-owl-carousel-call blog-carousel-shortcode-id-0fc15402aeab731d10cdf22176a948d1 classic-layout-list content-bg-on scale-img dt-icon-bg-off dt-arrow-border-on dt-arrow-hover-border-on bullets-small-dot-stroke reposition-arrows arrows-bg-on disable-arrows-hover-bg arrows-hover-bg-on  \" data-scroll-mode=\"1\" data-col-num=\"3\" data-wide-col-num=\"4\" data-laptop-col=\"3\" data-h-tablet-columns-num=\"3\" data-v-tablet-columns-num=\"2\" data-phone-columns-num=\"1\" data-auto-height=\"true\" data-col-gap=\"30\" data-stage-padding=\"0\" data-speed=\"600\" data-autoplay=\"false\" data-autoplay_speed=\"6000\" data-arrows=\"true\" data-bullet=\"false\" data-next-icon=\"icon-ar-017-r\" data-prev-icon=\"icon-ar-017-l\"><article class=\"post post-57614 type-post status-publish format-standard has-post-thumbnail hentry category-incluziunea-tinerilor category-povesti-cu-impact category-256 category-252\" data-name=\"Interviu: Asocia\u021bia Demetrius: La baza proiectului a stat dorin\u021ba de a produce o schimbare pentru persoanele surde, adesea izolate \u0219i marginalizate.\" data-date=\"2022-03-01T00:30:11+02:00\">\n\n<div class=\"post-thumbnail-wrap\">\n\t<div class=\"post-thumbnail\">\n\t\t\n\t\t\n\t\t<a href=\"https:\/\/activecitizensfund.ro\/en\/povesti-cu-impact-asociatia-demetrius-la-baza-proiectului-a-stat-dorinta-de-a-produce-o-schimbare-pentru-persoanele-surde-adesea-izolate-si-marginalizate\/\" class=\"post-thumbnail-rollover layzr-bg\" ><img fetchpriority=\"high\" decoding=\"async\" class=\"preload-me owl-lazy-load aspect\" src=\"data:image\/svg+xml,%3Csvg%20xmlns%3D&#39;http%3A%2F%2Fwww.w3.org%2F2000%2Fsvg&#39;%20viewBox%3D&#39;0%200%20768%20512&#39;%2F%3E\" data-src=\"https:\/\/activecitizensfund.ro\/wp-content\/uploads\/2022\/01\/Povesti-Impact_Stire-768x512.png\" data-srcset=\"https:\/\/activecitizensfund.ro\/wp-content\/uploads\/2022\/01\/Povesti-Impact_Stire-768x512.png 768w, https:\/\/activecitizensfund.ro\/wp-content\/uploads\/2022\/01\/Povesti-Impact_Stire-1152x768.png 1152w\" loading=\"eager\" style=\"--ratio: 768 \/ 512\" sizes=\"(max-width: 768px) 100vw, 768px\" alt=\"\" title=\"Povesti Impact_Stire\" width=\"768\" height=\"512\"  \/><\/a>\t<\/div>\n<\/div>\n\n\n<div class=\"post-entry-content\">\n\n\t<h3 class=\"entry-title\">\n\t\t<a href=\"https:\/\/activecitizensfund.ro\/en\/povesti-cu-impact-asociatia-demetrius-la-baza-proiectului-a-stat-dorinta-de-a-produce-o-schimbare-pentru-persoanele-surde-adesea-izolate-si-marginalizate\/\" title=\"Interviu: Asocia\u021bia Demetrius: La baza proiectului a stat dorin\u021ba de a produce o schimbare pentru persoanele surde, adesea izolate \u0219i marginalizate.\" rel=\"bookmark\">Interviu: Asocia\u021bia Demetrius: La baza proiectului a stat dorin\u021ba de a produce o schimbare pentru persoanele surde, adesea izolate \u0219i marginalizate.<\/a>\n\t<\/h3>\n\n\t<div class=\"entry-meta\"><span class=\"category-link\"><a href=\"https:\/\/activecitizensfund.ro\/en\/category\/povesti-cu-impact\/incluziunea-tinerilor\/\" >Incluziunea tinerilor<\/a>, <a href=\"https:\/\/activecitizensfund.ro\/en\/category\/povesti-cu-impact\/\" >Pove\u0219ti cu IMPACT<\/a><\/span><a class=\"author vcard\" href=\"https:\/\/activecitizensfund.ro\/en\/author\/acfdmin\/\" title=\"View all posts by Active Citizens Fund\" rel=\"author\">By <span class=\"fn\">Active Citizens Fund<\/span><\/a><a href=\"https:\/\/activecitizensfund.ro\/en\/2022\/03\/01\/\" title=\"12:30 am\" class=\"data-link\" rel=\"bookmark\"><time class=\"entry-date updated\" datetime=\"2022-03-01T00:30:11+02:00\">March 1, 2022<\/time><\/a><\/div>\n\t<div class=\"entry-excerpt\"><p>O discu\u021bie cald\u0103 cu Asocia\u021bia Demetrius despre incluziunea persoanelor cu dizabilit\u0103\u021bi, \u00een special a celor cu deficien\u021be de auz.<\/p>\n<\/div>\n\t\n<a href=\"https:\/\/activecitizensfund.ro\/en\/povesti-cu-impact-asociatia-demetrius-la-baza-proiectului-a-stat-dorinta-de-a-produce-o-schimbare-pentru-persoanele-surde-adesea-izolate-si-marginalizate\/\" class=\"post-details details-type-link\" aria-label=\"Read more about Interviu: Asocia\u021bia Demetrius: La baza proiectului a stat dorin\u021ba de a produce o schimbare pentru persoanele surde, adesea izolate \u0219i marginalizate.\">Read more<i class=\"dt-icon-the7-arrow-03\" aria-hidden=\"true\"><\/i><\/a>\n\n<\/div><\/article><article class=\"post post-57608 type-post status-publish format-standard has-post-thumbnail hentry category-incluziunea-tinerilor category-povesti-cu-impact category-256 category-252\" data-name=\"Interview: Espen Haugen: A unified youth group is better at expressing their needs and thereby making plans to exercise their rights.\" data-date=\"2022-03-01T00:23:35+02:00\">\n\n<div class=\"post-thumbnail-wrap\">\n\t<div class=\"post-thumbnail\">\n\t\t\n\t\t\n\t\t<a href=\"https:\/\/activecitizensfund.ro\/en\/stories-of-impact-espen-haugen-a-unified-youth-group-is-better-at-expressing-their-needs-and-thereby-making-plans-to-exercise-their-rights\/\" class=\"post-thumbnail-rollover layzr-bg\" ><img fetchpriority=\"high\" decoding=\"async\" class=\"preload-me owl-lazy-load aspect\" src=\"data:image\/svg+xml,%3Csvg%20xmlns%3D&#39;http%3A%2F%2Fwww.w3.org%2F2000%2Fsvg&#39;%20viewBox%3D&#39;0%200%20768%20512&#39;%2F%3E\" data-src=\"https:\/\/activecitizensfund.ro\/wp-content\/uploads\/2022\/01\/Povesti-Impact_Stire-768x512.png\" data-srcset=\"https:\/\/activecitizensfund.ro\/wp-content\/uploads\/2022\/01\/Povesti-Impact_Stire-768x512.png 768w, https:\/\/activecitizensfund.ro\/wp-content\/uploads\/2022\/01\/Povesti-Impact_Stire-1152x768.png 1152w\" loading=\"eager\" style=\"--ratio: 768 \/ 512\" sizes=\"(max-width: 768px) 100vw, 768px\" alt=\"\" title=\"Povesti Impact_Stire\" width=\"768\" height=\"512\"  \/><\/a>\t<\/div>\n<\/div>\n\n\n<div class=\"post-entry-content\">\n\n\t<h3 class=\"entry-title\">\n\t\t<a href=\"https:\/\/activecitizensfund.ro\/en\/stories-of-impact-espen-haugen-a-unified-youth-group-is-better-at-expressing-their-needs-and-thereby-making-plans-to-exercise-their-rights\/\" title=\"Interview: Espen Haugen: A unified youth group is better at expressing their needs and thereby making plans to exercise their rights.\" rel=\"bookmark\">Interview: Espen Haugen: A unified youth group is better at expressing their needs and thereby making plans to exercise their rights.<\/a>\n\t<\/h3>\n\n\t<div class=\"entry-meta\"><span class=\"category-link\"><a href=\"https:\/\/activecitizensfund.ro\/en\/category\/povesti-cu-impact\/incluziunea-tinerilor\/\" >Incluziunea tinerilor<\/a>, <a href=\"https:\/\/activecitizensfund.ro\/en\/category\/povesti-cu-impact\/\" >Pove\u0219ti cu IMPACT<\/a><\/span><a class=\"author vcard\" href=\"https:\/\/activecitizensfund.ro\/en\/author\/acfdmin\/\" title=\"View all posts by Active Citizens Fund\" rel=\"author\">By <span class=\"fn\">Active Citizens Fund<\/span><\/a><a href=\"https:\/\/activecitizensfund.ro\/en\/2022\/03\/01\/\" title=\"12:23 am\" class=\"data-link\" rel=\"bookmark\"><time class=\"entry-date updated\" datetime=\"2022-03-01T00:23:35+02:00\">March 1, 2022<\/time><\/a><\/div>\n\t<div class=\"entry-excerpt\"><p>A warm conversation about youth inclusion and the bilateral collaboration between Romania and Norway with Espen Haugen, Acting Executive Director of Adina Stiftelsen Foundation Norway and Ronja Trolie, Manager of Empo multicultural resource centre.<\/p>\n<\/div>\n\t\n<a href=\"https:\/\/activecitizensfund.ro\/en\/stories-of-impact-espen-haugen-a-unified-youth-group-is-better-at-expressing-their-needs-and-thereby-making-plans-to-exercise-their-rights\/\" class=\"post-details details-type-link\" aria-label=\"Read more about Interview: Espen Haugen: A unified youth group is better at expressing their needs and thereby making plans to exercise their rights.\">Read more<i class=\"dt-icon-the7-arrow-03\" aria-hidden=\"true\"><\/i><\/a>\n\n<\/div><\/article><article class=\"post post-57596 type-post status-publish format-standard has-post-thumbnail hentry category-incluziunea-tinerilor category-povesti-cu-impact category-256 category-252\" data-name=\"Cum au devenit mai puternici p\u0103rin\u021bii copiilor cu dizbilit\u0103\u021bi\" data-date=\"2022-03-01T00:13:49+02:00\">\n\n<div class=\"post-thumbnail-wrap\">\n\t<div class=\"post-thumbnail\">\n\t\t\n\t\t\n\t\t<a href=\"https:\/\/activecitizensfund.ro\/en\/in-imagini-cum-au-devenit-mai-puternici-parintii-copiilor-cu-dizbilitati\/\" class=\"post-thumbnail-rollover layzr-bg\" ><img fetchpriority=\"high\" decoding=\"async\" class=\"preload-me owl-lazy-load aspect\" src=\"data:image\/svg+xml,%3Csvg%20xmlns%3D&#39;http%3A%2F%2Fwww.w3.org%2F2000%2Fsvg&#39;%20viewBox%3D&#39;0%200%20768%20512&#39;%2F%3E\" data-src=\"https:\/\/activecitizensfund.ro\/wp-content\/uploads\/2022\/01\/Povesti-Impact_Stire-768x512.png\" data-srcset=\"https:\/\/activecitizensfund.ro\/wp-content\/uploads\/2022\/01\/Povesti-Impact_Stire-768x512.png 768w, https:\/\/activecitizensfund.ro\/wp-content\/uploads\/2022\/01\/Povesti-Impact_Stire-1152x768.png 1152w\" loading=\"eager\" style=\"--ratio: 768 \/ 512\" sizes=\"(max-width: 768px) 100vw, 768px\" alt=\"\" title=\"Povesti Impact_Stire\" width=\"768\" height=\"512\"  \/><\/a>\t<\/div>\n<\/div>\n\n\n<div class=\"post-entry-content\">\n\n\t<h3 class=\"entry-title\">\n\t\t<a href=\"https:\/\/activecitizensfund.ro\/en\/in-imagini-cum-au-devenit-mai-puternici-parintii-copiilor-cu-dizbilitati\/\" title=\"Cum au devenit mai puternici p\u0103rin\u021bii copiilor cu dizbilit\u0103\u021bi\" rel=\"bookmark\">Cum au devenit mai puternici p\u0103rin\u021bii copiilor cu dizbilit\u0103\u021bi<\/a>\n\t<\/h3>\n\n\t<div class=\"entry-meta\"><span class=\"category-link\"><a href=\"https:\/\/activecitizensfund.ro\/en\/category\/povesti-cu-impact\/incluziunea-tinerilor\/\" >Incluziunea tinerilor<\/a>, <a href=\"https:\/\/activecitizensfund.ro\/en\/category\/povesti-cu-impact\/\" >Pove\u0219ti cu IMPACT<\/a><\/span><a class=\"author vcard\" href=\"https:\/\/activecitizensfund.ro\/en\/author\/acfdmin\/\" title=\"View all posts by Active Citizens Fund\" rel=\"author\">By <span class=\"fn\">Active Citizens Fund<\/span><\/a><a href=\"https:\/\/activecitizensfund.ro\/en\/2022\/03\/01\/\" title=\"12:13 am\" class=\"data-link\" rel=\"bookmark\"><time class=\"entry-date updated\" datetime=\"2022-03-01T00:13:49+02:00\">March 1, 2022<\/time><\/a><\/div>\n\t<div class=\"entry-excerpt\"><p>\u00cembun\u0103t\u0103\u021birea accesului redus al copiilor cu dizabilit\u0103\u021bi la servicii de integrare \u00een comunitate a fost motiva\u021bia care a stat \u00een spatele proiectului \u201eInforma\u021bi suntem mai puternici pentru copiii no\u0219tri\u201d, derulat de Asocia\u021bia Glasul Autismului \u00een perioada ianuarie \u2013 septembrie 2021 \u00een cinci comunit\u0103\u021bi rurale limitrofe C\u00e2mpinei, comunit\u0103\u021bi cu num\u0103r mare de copii cu dizabilit\u0103\u021bi \u0219i acces sc\u0103zut la servicii sociale.<\/p>\n<\/div>\n\t\n<a href=\"https:\/\/activecitizensfund.ro\/en\/in-imagini-cum-au-devenit-mai-puternici-parintii-copiilor-cu-dizbilitati\/\" class=\"post-details details-type-link\" aria-label=\"Read more about Cum au devenit mai puternici p\u0103rin\u021bii copiilor cu dizbilit\u0103\u021bi\">Read more<i class=\"dt-icon-the7-arrow-03\" aria-hidden=\"true\"><\/i><\/a>\n\n<\/div><\/article><article class=\"post post-57588 type-post status-publish format-standard has-post-thumbnail hentry category-incluziunea-tinerilor category-povesti-cu-impact category-256 category-252\" data-name=\"\u201eTineri activi \u0219i responsabili!\u201d by Concordia\" data-date=\"2022-03-01T00:01:38+02:00\">\n\n<div class=\"post-thumbnail-wrap\">\n\t<div class=\"post-thumbnail\">\n\t\t\n\t\t\n\t\t<a href=\"https:\/\/activecitizensfund.ro\/en\/in-imagini-tineri-activi-si-responsabili-by-concordia\/\" class=\"post-thumbnail-rollover layzr-bg\" ><img fetchpriority=\"high\" decoding=\"async\" class=\"preload-me owl-lazy-load aspect\" src=\"data:image\/svg+xml,%3Csvg%20xmlns%3D&#39;http%3A%2F%2Fwww.w3.org%2F2000%2Fsvg&#39;%20viewBox%3D&#39;0%200%20768%20512&#39;%2F%3E\" data-src=\"https:\/\/activecitizensfund.ro\/wp-content\/uploads\/2022\/01\/Povesti-Impact_Stire-768x512.png\" data-srcset=\"https:\/\/activecitizensfund.ro\/wp-content\/uploads\/2022\/01\/Povesti-Impact_Stire-768x512.png 768w, https:\/\/activecitizensfund.ro\/wp-content\/uploads\/2022\/01\/Povesti-Impact_Stire-1152x768.png 1152w\" loading=\"eager\" style=\"--ratio: 768 \/ 512\" sizes=\"(max-width: 768px) 100vw, 768px\" alt=\"\" title=\"Povesti Impact_Stire\" width=\"768\" height=\"512\"  \/><\/a>\t<\/div>\n<\/div>\n\n\n<div class=\"post-entry-content\">\n\n\t<h3 class=\"entry-title\">\n\t\t<a href=\"https:\/\/activecitizensfund.ro\/en\/in-imagini-tineri-activi-si-responsabili-by-concordia\/\" title=\"\u201eTineri activi \u0219i responsabili!\u201d by Concordia\" rel=\"bookmark\">\u201eTineri activi \u0219i responsabili!\u201d by Concordia<\/a>\n\t<\/h3>\n\n\t<div class=\"entry-meta\"><span class=\"category-link\"><a href=\"https:\/\/activecitizensfund.ro\/en\/category\/povesti-cu-impact\/incluziunea-tinerilor\/\" >Incluziunea tinerilor<\/a>, <a href=\"https:\/\/activecitizensfund.ro\/en\/category\/povesti-cu-impact\/\" >Pove\u0219ti cu IMPACT<\/a><\/span><a class=\"author vcard\" href=\"https:\/\/activecitizensfund.ro\/en\/author\/acfdmin\/\" title=\"View all posts by Active Citizens Fund\" rel=\"author\">By <span class=\"fn\">Active Citizens Fund<\/span><\/a><a href=\"https:\/\/activecitizensfund.ro\/en\/2022\/03\/01\/\" title=\"12:01 am\" class=\"data-link\" rel=\"bookmark\"><time class=\"entry-date updated\" datetime=\"2022-03-01T00:01:38+02:00\">March 1, 2022<\/time><\/a><\/div>\n\t<div class=\"entry-excerpt\"><p>De 30 de ani, Organiza\u021bia Umanitar\u0103 Concordia ajut\u0103 copiii \u0219i tinerii s\u0103-\u0219i reg\u0103seasc\u0103 \u00eencrederea, s\u0103 se dezvolte \u0219i s\u0103 porneasc\u0103 pe un nou drum spre o via\u021b\u0103 independent\u0103. <\/p>\n<\/div>\n\t\n<a href=\"https:\/\/activecitizensfund.ro\/en\/in-imagini-tineri-activi-si-responsabili-by-concordia\/\" class=\"post-details details-type-link\" aria-label=\"Read more about \u201eTineri activi \u0219i responsabili!\u201d by Concordia\">Read more<i class=\"dt-icon-the7-arrow-03\" aria-hidden=\"true\"><\/i><\/a>\n\n<\/div><\/article><article class=\"post post-57539 type-post status-publish format-standard has-post-thumbnail hentry category-incluziunea-tinerilor category-povesti-cu-impact category-256 category-252\" data-name=\"De la elev la angajat cu sprijinul Funda\u021biei Adina Stiftelsen\" data-date=\"2022-02-28T23:35:41+02:00\">\n\n<div class=\"post-thumbnail-wrap\">\n\t<div class=\"post-thumbnail\">\n\t\t\n\t\t\n\t\t<a href=\"https:\/\/activecitizensfund.ro\/en\/in-imagini-de-la-elev-la-angajat-cu-sprijinul-fundatiei-adina-stiftelsen\/\" class=\"post-thumbnail-rollover layzr-bg\" ><img fetchpriority=\"high\" decoding=\"async\" class=\"preload-me owl-lazy-load aspect\" src=\"data:image\/svg+xml,%3Csvg%20xmlns%3D&#39;http%3A%2F%2Fwww.w3.org%2F2000%2Fsvg&#39;%20viewBox%3D&#39;0%200%20768%20512&#39;%2F%3E\" data-src=\"https:\/\/activecitizensfund.ro\/wp-content\/uploads\/2022\/01\/Povesti-Impact_Stire-768x512.png\" data-srcset=\"https:\/\/activecitizensfund.ro\/wp-content\/uploads\/2022\/01\/Povesti-Impact_Stire-768x512.png 768w, https:\/\/activecitizensfund.ro\/wp-content\/uploads\/2022\/01\/Povesti-Impact_Stire-1152x768.png 1152w\" loading=\"eager\" style=\"--ratio: 768 \/ 512\" sizes=\"(max-width: 768px) 100vw, 768px\" alt=\"\" title=\"Povesti Impact_Stire\" width=\"768\" height=\"512\"  \/><\/a>\t<\/div>\n<\/div>\n\n\n<div class=\"post-entry-content\">\n\n\t<h3 class=\"entry-title\">\n\t\t<a href=\"https:\/\/activecitizensfund.ro\/en\/in-imagini-de-la-elev-la-angajat-cu-sprijinul-fundatiei-adina-stiftelsen\/\" title=\"De la elev la angajat cu sprijinul Funda\u021biei Adina Stiftelsen\" rel=\"bookmark\">De la elev la angajat cu sprijinul Funda\u021biei Adina Stiftelsen<\/a>\n\t<\/h3>\n\n\t<div class=\"entry-meta\"><span class=\"category-link\"><a href=\"https:\/\/activecitizensfund.ro\/en\/category\/povesti-cu-impact\/incluziunea-tinerilor\/\" >Incluziunea tinerilor<\/a>, <a href=\"https:\/\/activecitizensfund.ro\/en\/category\/povesti-cu-impact\/\" >Pove\u0219ti cu IMPACT<\/a><\/span><a class=\"author vcard\" href=\"https:\/\/activecitizensfund.ro\/en\/author\/acfdmin\/\" title=\"View all posts by Active Citizens Fund\" rel=\"author\">By <span class=\"fn\">Active Citizens Fund<\/span><\/a><a href=\"https:\/\/activecitizensfund.ro\/en\/2022\/02\/28\/\" title=\"11:35 pm\" class=\"data-link\" rel=\"bookmark\"><time class=\"entry-date updated\" datetime=\"2022-02-28T23:35:41+02:00\">February 28, 2022<\/time><\/a><\/div>\n\t<div class=\"entry-excerpt\"><p>Cu misiunea \u201eS\u0103 cl\u0103dim oameni care, pe baza unui sprijin educa\u021bional integrat, \u00ee\u0219i pot dezvolta abilit\u0103\u021bile \u0219i competen\u021bele \u00eencep\u00e2nd de la gr\u0103dini\u021b\u0103 p\u00e2n\u0103 la \u00eencadrarea pe pia\u021ba muncii\u201d, Funda\u021bia Adina Stiftelsen implementeaz\u0103 de 15 ani activit\u0103\u021bi pentru copii, tineri \u0219i familii vulnerabile din zonele rurale ale jud. Dolj.<\/p>\n<\/div>\n\t\n<a href=\"https:\/\/activecitizensfund.ro\/en\/in-imagini-de-la-elev-la-angajat-cu-sprijinul-fundatiei-adina-stiftelsen\/\" class=\"post-details details-type-link\" aria-label=\"Read more about De la elev la angajat cu sprijinul Funda\u021biei Adina Stiftelsen\">Read more<i class=\"dt-icon-the7-arrow-03\" aria-hidden=\"true\"><\/i><\/a>\n\n<\/div><\/article><\/div><\/div><\/div><div class=\"vc_tta-panel\" id=\"1643132479712-ccb2dab8-1058\" data-vc-content=\".vc_tta-panel-body\"><div class=\"vc_tta-panel-heading\"><h4 class=\"vc_tta-panel-title\"><a href=\"#1643132479712-ccb2dab8-1058\" data-vc-accordion data-vc-container=\".vc_tta-container\"><i class=\"vc_tta-icon fas fa-users\"><\/i><span class=\"vc_tta-title-text\">Incluziunea romilor<\/span><\/a><\/h4><\/div><div class=\"vc_tta-panel-body\"><style type=\"text\/css\" data-type=\"the7_shortcodes-inline-css\">.blog-carousel-shortcode.blog-carousel-shortcode-id-67f1829d0a13eb4e1ea22ef23f4385aa.dividers-on.classic-layout-list article {\n  padding-top: 0;\n}\n.blog-carousel-shortcode.blog-carousel-shortcode-id-67f1829d0a13eb4e1ea22ef23f4385aa.dividers-on.classic-layout-list article:first-of-type {\n  margin-top: 0;\n  padding-top: 0;\n}\n.blog-carousel-shortcode.blog-carousel-shortcode-id-67f1829d0a13eb4e1ea22ef23f4385aa.classic-layout-list.mode-list .post-entry-content {\n  width: calc(100% - );\n}\n.blog-carousel-shortcode.blog-carousel-shortcode-id-67f1829d0a13eb4e1ea22ef23f4385aa.classic-layout-list.mode-list .no-img .post-entry-content {\n  width: 100%;\n}\n.blog-carousel-shortcode.blog-carousel-shortcode-id-67f1829d0a13eb4e1ea22ef23f4385aa .filter-bg-decoration .filter-categories a.act {\n  color: #fff;\n}\n.blog-carousel-shortcode.blog-carousel-shortcode-id-67f1829d0a13eb4e1ea22ef23f4385aa:not(.mode-masonry) article:first-of-type,\n.blog-carousel-shortcode.blog-carousel-shortcode-id-67f1829d0a13eb4e1ea22ef23f4385aa:not(.mode-masonry) article.visible.first:not(.product) {\n  margin-top: 0;\n}\n.blog-carousel-shortcode.blog-carousel-shortcode-id-67f1829d0a13eb4e1ea22ef23f4385aa.dividers-on:not(.mode-masonry) article {\n  margin-top: 0;\n}\n.blog-carousel-shortcode.blog-carousel-shortcode-id-67f1829d0a13eb4e1ea22ef23f4385aa.dividers-on:not(.mode-masonry) article:first-of-type,\n.blog-carousel-shortcode.blog-carousel-shortcode-id-67f1829d0a13eb4e1ea22ef23f4385aa.dividers-on:not(.mode-masonry) article.visible.first:not(.product) {\n  margin-top: 0;\n  padding-top: 0;\n}\n.blog-carousel-shortcode.blog-carousel-shortcode-id-67f1829d0a13eb4e1ea22ef23f4385aa .post-thumbnail-wrap {\n  padding: 0px 0px 0px 0px;\n}\n.blog-carousel-shortcode.blog-carousel-shortcode-id-67f1829d0a13eb4e1ea22ef23f4385aa.enable-bg-rollover .post-thumbnail-rollover:after {\n  background: -webkit-linear-gradient();\n  background: linear-gradient();\n}\n.blog-carousel-shortcode.blog-carousel-shortcode-id-67f1829d0a13eb4e1ea22ef23f4385aa .gallery-zoom-ico {\n  width: 44px;\n  height: 44px;\n  line-height: 44px;\n  border-radius: 100px;\n  margin: -22px 0 0 -22px;\n  border-width: 0px;\n  color: #ffffff;\n  background: none;\n}\n.bottom-overlap-layout-list.blog-carousel-shortcode.blog-carousel-shortcode-id-67f1829d0a13eb4e1ea22ef23f4385aa .gallery-zoom-ico {\n  margin-top: -72px;\n}\n.gradient-overlay-layout-list.blog-carousel-shortcode.blog-carousel-shortcode-id-67f1829d0a13eb4e1ea22ef23f4385aa .gallery-zoom-ico,\n.content-rollover-layout-list.blog-carousel-shortcode.blog-carousel-shortcode-id-67f1829d0a13eb4e1ea22ef23f4385aa .gallery-zoom-ico {\n  margin: 0 0 10px;\n}\n.content-align-center.gradient-overlay-layout-list.blog-carousel-shortcode.blog-carousel-shortcode-id-67f1829d0a13eb4e1ea22ef23f4385aa .gallery-zoom-ico,\n.content-align-center.content-rollover-layout-list.blog-carousel-shortcode.blog-carousel-shortcode-id-67f1829d0a13eb4e1ea22ef23f4385aa .gallery-zoom-ico {\n  margin: 0 auto 10px;\n}\n.dt-icon-bg-on.blog-carousel-shortcode.blog-carousel-shortcode-id-67f1829d0a13eb4e1ea22ef23f4385aa .gallery-zoom-ico {\n  background: rgba(255,255,255,0.3);\n  box-shadow: none;\n}\n.blog-carousel-shortcode.blog-carousel-shortcode-id-67f1829d0a13eb4e1ea22ef23f4385aa .gallery-zoom-ico > span,\n.blog-carousel-shortcode.blog-carousel-shortcode-id-67f1829d0a13eb4e1ea22ef23f4385aa .gallery-zoom-ico:before {\n  font-size: 32px;\n  line-height: 44px;\n}\n.blog-carousel-shortcode.blog-carousel-shortcode-id-67f1829d0a13eb4e1ea22ef23f4385aa .gallery-zoom-ico > span,\n.blog-carousel-shortcode.blog-carousel-shortcode-id-67f1829d0a13eb4e1ea22ef23f4385aa .gallery-zoom-ico:before {\n  color: #ffffff;\n  background: none;\n}\n.blog-carousel-shortcode.blog-carousel-shortcode-id-67f1829d0a13eb4e1ea22ef23f4385aa .entry-title,\n.blog-carousel-shortcode.blog-carousel-shortcode-id-67f1829d0a13eb4e1ea22ef23f4385aa.owl-carousel .entry-title {\n  margin-bottom: 5px;\n  font-weight: bold;\n}\n.blog-carousel-shortcode.blog-carousel-shortcode-id-67f1829d0a13eb4e1ea22ef23f4385aa .entry-meta {\n  margin-bottom: 15px;\n}\n.blog-carousel-shortcode.blog-carousel-shortcode-id-67f1829d0a13eb4e1ea22ef23f4385aa .portfolio-categories {\n  margin-bottom: 15px;\n}\n.blog-carousel-shortcode.blog-carousel-shortcode-id-67f1829d0a13eb4e1ea22ef23f4385aa .entry-excerpt {\n  margin-bottom: 5px;\n}\n.blog-carousel-shortcode.blog-carousel-shortcode-id-67f1829d0a13eb4e1ea22ef23f4385aa:not(.centered-layout-list) .post-entry-content {\n  padding: 15px 20px 20px 20px;\n}\n.blog-carousel-shortcode.blog-carousel-shortcode-id-67f1829d0a13eb4e1ea22ef23f4385aa:not(.centered-layout-list):not(.content-bg-on):not(.mode-list) .no-img .post-entry-content {\n  padding: 0;\n}\n@media screen and (max-width: ) {\n  .blog-carousel-shortcode.blog-carousel-shortcode-id-67f1829d0a13eb4e1ea22ef23f4385aa article {\n    -ms-flex-flow: column nowrap;\n    flex-flow: column nowrap;\n    margin-top: 20px;\n  }\n  .blog-carousel-shortcode.blog-carousel-shortcode-id-67f1829d0a13eb4e1ea22ef23f4385aa.dividers-on article {\n    border: none;\n  }\n  .blog-carousel-shortcode.blog-carousel-shortcode-id-67f1829d0a13eb4e1ea22ef23f4385aa.content-bg-on.centered-layout-list article {\n    padding: 0;\n  }\n  .blog-carousel-shortcode.blog-carousel-shortcode-id-67f1829d0a13eb4e1ea22ef23f4385aa.blog-shortcode.dividers-on article,\n  .blog-carousel-shortcode.blog-carousel-shortcode-id-67f1829d0a13eb4e1ea22ef23f4385aa.dividers-on.classic-layout-list article {\n    margin-top: 20px;\n    padding: 0;\n  }\n  .blog-carousel-shortcode.blog-carousel-shortcode-id-67f1829d0a13eb4e1ea22ef23f4385aa.blog-shortcode.dividers-on article:first-of-type,\n  .blog-carousel-shortcode.blog-carousel-shortcode-id-67f1829d0a13eb4e1ea22ef23f4385aa.dividers-on.classic-layout-list article:first-of-type {\n    padding: 0;\n  }\n  #page .blog-carousel-shortcode.blog-carousel-shortcode-id-67f1829d0a13eb4e1ea22ef23f4385aa .post-thumbnail-wrap,\n  #page .blog-carousel-shortcode.blog-carousel-shortcode-id-67f1829d0a13eb4e1ea22ef23f4385aa .post-entry-content {\n    width: 100%;\n    margin: 0;\n    top: 0;\n  }\n  #page .blog-carousel-shortcode.blog-carousel-shortcode-id-67f1829d0a13eb4e1ea22ef23f4385aa .post-thumbnail-wrap {\n    padding: 0;\n  }\n  #page .blog-carousel-shortcode.blog-carousel-shortcode-id-67f1829d0a13eb4e1ea22ef23f4385aa .post-entry-content:after {\n    display: none;\n  }\n  #page .blog-carousel-shortcode.blog-carousel-shortcode-id-67f1829d0a13eb4e1ea22ef23f4385aa .project-even .post-thumbnail-wrap,\n  #page .blog-carousel-shortcode.blog-carousel-shortcode-id-67f1829d0a13eb4e1ea22ef23f4385aa.centered-layout-list .post-thumbnail-wrap {\n    -ms-flex-order: 0;\n    order: 0;\n  }\n  #page .blog-carousel-shortcode.blog-carousel-shortcode-id-67f1829d0a13eb4e1ea22ef23f4385aa.centered-layout-list .post-entry-title-content {\n    -ms-flex-order: 1;\n    order: 1;\n    width: 100%;\n    padding: 20px 20px 0;\n  }\n  #page .blog-carousel-shortcode.blog-carousel-shortcode-id-67f1829d0a13eb4e1ea22ef23f4385aa.centered-layout-list .post-entry-content {\n    -ms-flex-order: 2;\n    order: 2;\n    padding-top: 0;\n  }\n  #page .blog-carousel-shortcode.blog-carousel-shortcode-id-67f1829d0a13eb4e1ea22ef23f4385aa .fancy-categories {\n    top: 10px;\n    left: 10px;\n    bottom: auto;\n    right: auto;\n  }\n  #page .blog-carousel-shortcode.blog-carousel-shortcode-id-67f1829d0a13eb4e1ea22ef23f4385aa .fancy-date a {\n    top: 10px;\n    right: 10px;\n    left: auto;\n    bottom: auto;\n  }\n  #page .blog-carousel-shortcode.blog-carousel-shortcode-id-67f1829d0a13eb4e1ea22ef23f4385aa .post-entry-content {\n    padding: 20px;\n  }\n  #page .blog-carousel-shortcode.blog-carousel-shortcode-id-67f1829d0a13eb4e1ea22ef23f4385aa .entry-title {\n    margin: 3px 0 5px;\n    font-size: 20px;\n    line-height: 26px;\n  }\n  #page .blog-carousel-shortcode.blog-carousel-shortcode-id-67f1829d0a13eb4e1ea22ef23f4385aa .entry-meta {\n    margin: 5px 0 5px;\n  }\n  #page .blog-carousel-shortcode.blog-carousel-shortcode-id-67f1829d0a13eb4e1ea22ef23f4385aa .entry-excerpt {\n    margin: 15px 0 0;\n  }\n  #page .blog-carousel-shortcode.blog-carousel-shortcode-id-67f1829d0a13eb4e1ea22ef23f4385aa .post-details {\n    margin: 5px 0 10px;\n  }\n  #page .blog-carousel-shortcode.blog-carousel-shortcode-id-67f1829d0a13eb4e1ea22ef23f4385aa .post-details.details-type-link {\n    margin-bottom: 2px;\n  }\n}\n.blog-carousel-shortcode.blog-carousel-shortcode-id-67f1829d0a13eb4e1ea22ef23f4385aa.owl-carousel .owl-nav div {\n  width: 36px;\n  height: 36px;\n  border-radius: 500px;\n}\n.dt-arrow-border-on.blog-carousel-shortcode.blog-carousel-shortcode-id-67f1829d0a13eb4e1ea22ef23f4385aa.owl-carousel .owl-nav div:not(:hover):before {\n  border-width: 0px;\n}\n.dt-arrow-hover-border-on.blog-carousel-shortcode.blog-carousel-shortcode-id-67f1829d0a13eb4e1ea22ef23f4385aa.owl-carousel .owl-nav div:hover:after {\n  border-width: 0px;\n}\n.blog-carousel-shortcode.blog-carousel-shortcode-id-67f1829d0a13eb4e1ea22ef23f4385aa.owl-carousel .owl-nav div.owl-prev {\n  top: 50%;\n  transform: translateY(calc(-50% + 0px));\n  left: -43px;\n}\n@media all and (-ms-high-contrast: none) {\n  .blog-carousel-shortcode.blog-carousel-shortcode-id-67f1829d0a13eb4e1ea22ef23f4385aa.owl-carousel .owl-nav div.owl-prev {\n    transform: translateY(-50%);\n    margin-top: 0px;\n  }\n}\n.blog-carousel-shortcode.blog-carousel-shortcode-id-67f1829d0a13eb4e1ea22ef23f4385aa.owl-carousel .owl-nav div.owl-prev i {\n  padding: 0px 0px 0px 0px;\n}\n.blog-carousel-shortcode.blog-carousel-shortcode-id-67f1829d0a13eb4e1ea22ef23f4385aa.owl-carousel .owl-nav div.owl-next {\n  top: 50%;\n  transform: translateY(calc(-50% + 0px));\n  right: -43px;\n}\n@media all and (-ms-high-contrast: none) {\n  .blog-carousel-shortcode.blog-carousel-shortcode-id-67f1829d0a13eb4e1ea22ef23f4385aa.owl-carousel .owl-nav div.owl-next {\n    transform: translateY(-50%);\n    margin-top: 0px;\n  }\n}\n.blog-carousel-shortcode.blog-carousel-shortcode-id-67f1829d0a13eb4e1ea22ef23f4385aa.owl-carousel .owl-nav div.owl-next i {\n  padding: 0px 0px 0px 0px;\n}\n.blog-carousel-shortcode.blog-carousel-shortcode-id-67f1829d0a13eb4e1ea22ef23f4385aa.owl-carousel .owl-nav i {\n  font-size: 18px;\n}\n.blog-carousel-shortcode.blog-carousel-shortcode-id-67f1829d0a13eb4e1ea22ef23f4385aa.owl-carousel .owl-nav div:not(:hover) i,\n.blog-carousel-shortcode.blog-carousel-shortcode-id-67f1829d0a13eb4e1ea22ef23f4385aa.owl-carousel .owl-nav div:not(:hover) i:before {\n  color: #ffffff;\n  background: none;\n}\n.blog-carousel-shortcode.blog-carousel-shortcode-id-67f1829d0a13eb4e1ea22ef23f4385aa.owl-carousel .owl-nav div:hover i,\n.blog-carousel-shortcode.blog-carousel-shortcode-id-67f1829d0a13eb4e1ea22ef23f4385aa.owl-carousel .owl-nav div:hover i:before {\n  color: rgba(255,255,255,0.75);\n  background: none;\n}\n.blog-carousel-shortcode.blog-carousel-shortcode-id-67f1829d0a13eb4e1ea22ef23f4385aa .owl-dots {\n  top: calc(100% + 20px);\n  left: 50%;\n  transform: translateX(calc(-50% + 0px));\n}\n@media all and (-ms-high-contrast: none) {\n  .blog-carousel-shortcode.blog-carousel-shortcode-id-67f1829d0a13eb4e1ea22ef23f4385aa .owl-dots {\n    transform: translateX(-50%);\n    margin-left: 0px;\n  }\n}\n.blog-carousel-shortcode.blog-carousel-shortcode-id-67f1829d0a13eb4e1ea22ef23f4385aa .owl-dot {\n  width: 10px;\n  height: 10px;\n  margin: 0 8px;\n}\n@media screen and (max-width: 778px) {\n  .blog-carousel-shortcode.blog-carousel-shortcode-id-67f1829d0a13eb4e1ea22ef23f4385aa.hide-arrows .owl-nav a {\n    display: none;\n  }\n}\n@media screen and (max-width: 778px) {\n  .blog-carousel-shortcode.blog-carousel-shortcode-id-67f1829d0a13eb4e1ea22ef23f4385aa.reposition-arrows .owl-nav .owl-prev {\n    top: 50%;\n    transform: translateY(calc(-50% + 0px));\n    left: 10px;\n  }\n  .blog-carousel-shortcode.blog-carousel-shortcode-id-67f1829d0a13eb4e1ea22ef23f4385aa.reposition-arrows .owl-nav .owl-next {\n    top: 50%;\n    transform: translateY(calc(-50% + 0px));\n    right: 10px;\n  }\n}\n@media screen and (max-width: 778px) and all and (-ms-high-contrast: none) {\n  .blog-carousel-shortcode.blog-carousel-shortcode-id-67f1829d0a13eb4e1ea22ef23f4385aa.reposition-arrows .owl-nav .owl-prev {\n    transform: translateY(-50%);\n    margin-top: 0px;\n  }\n}\n@media screen and (max-width: 778px) and all and (-ms-high-contrast: none) {\n  .blog-carousel-shortcode.blog-carousel-shortcode-id-67f1829d0a13eb4e1ea22ef23f4385aa.reposition-arrows .owl-nav .owl-next {\n    transform: translateY(-50%);\n    margin-top: 0px;\n  }\n}\n<\/style><div class=\"owl-carousel blog-carousel-shortcode dt-owl-carousel-call blog-carousel-shortcode-id-67f1829d0a13eb4e1ea22ef23f4385aa classic-layout-list content-bg-on scale-img dt-icon-bg-off dt-arrow-border-on dt-arrow-hover-border-on bullets-small-dot-stroke reposition-arrows arrows-bg-on disable-arrows-hover-bg arrows-hover-bg-on  \" data-scroll-mode=\"1\" data-col-num=\"3\" data-wide-col-num=\"4\" data-laptop-col=\"3\" data-h-tablet-columns-num=\"3\" data-v-tablet-columns-num=\"2\" data-phone-columns-num=\"1\" data-auto-height=\"true\" data-col-gap=\"30\" data-stage-padding=\"0\" data-speed=\"600\" data-autoplay=\"false\" data-autoplay_speed=\"6000\" data-arrows=\"true\" data-bullet=\"false\" data-next-icon=\"icon-ar-017-r\" data-prev-icon=\"icon-ar-017-l\"><article class=\"post post-57489 type-post status-publish format-standard has-post-thumbnail hentry category-cresterea-capacitatii-si-incluziunea-romilor category-povesti-cu-impact category-255 category-252\" data-name=\"\u0218URA: Laborator de experimentare \u0219i implicare civic\u0103\" data-date=\"2022-02-28T22:34:35+02:00\">\n\n<div class=\"post-thumbnail-wrap\">\n\t<div class=\"post-thumbnail\">\n\t\t\n\t\t\n\t\t<a href=\"https:\/\/activecitizensfund.ro\/en\/in-imagini-sura-laborator-de-experimentare-si-implicare-civica\/\" class=\"post-thumbnail-rollover layzr-bg\" ><img fetchpriority=\"high\" decoding=\"async\" class=\"preload-me owl-lazy-load aspect\" src=\"data:image\/svg+xml,%3Csvg%20xmlns%3D&#39;http%3A%2F%2Fwww.w3.org%2F2000%2Fsvg&#39;%20viewBox%3D&#39;0%200%20768%20512&#39;%2F%3E\" data-src=\"https:\/\/activecitizensfund.ro\/wp-content\/uploads\/2022\/01\/Povesti-Impact_Stire-768x512.png\" data-srcset=\"https:\/\/activecitizensfund.ro\/wp-content\/uploads\/2022\/01\/Povesti-Impact_Stire-768x512.png 768w, https:\/\/activecitizensfund.ro\/wp-content\/uploads\/2022\/01\/Povesti-Impact_Stire-1152x768.png 1152w\" loading=\"eager\" style=\"--ratio: 768 \/ 512\" sizes=\"(max-width: 768px) 100vw, 768px\" alt=\"\" title=\"Povesti Impact_Stire\" width=\"768\" height=\"512\"  \/><\/a>\t<\/div>\n<\/div>\n\n\n<div class=\"post-entry-content\">\n\n\t<h3 class=\"entry-title\">\n\t\t<a href=\"https:\/\/activecitizensfund.ro\/en\/in-imagini-sura-laborator-de-experimentare-si-implicare-civica\/\" title=\"\u0218URA: Laborator de experimentare \u0219i implicare civic\u0103\" rel=\"bookmark\">\u0218URA: Laborator de experimentare \u0219i implicare civic\u0103<\/a>\n\t<\/h3>\n\n\t<div class=\"entry-meta\"><span class=\"category-link\"><a href=\"https:\/\/activecitizensfund.ro\/en\/category\/povesti-cu-impact\/cresterea-capacitatii-si-incluziunea-romilor\/\" >Cre\u0219terea capacit\u0103\u021bii \u0219i incluziunea romilor<\/a>, <a href=\"https:\/\/activecitizensfund.ro\/en\/category\/povesti-cu-impact\/\" >Pove\u0219ti cu IMPACT<\/a><\/span><a class=\"author vcard\" href=\"https:\/\/activecitizensfund.ro\/en\/author\/acfdmin\/\" title=\"View all posts by Active Citizens Fund\" rel=\"author\">By <span class=\"fn\">Active Citizens Fund<\/span><\/a><a href=\"https:\/\/activecitizensfund.ro\/en\/2022\/02\/28\/\" title=\"10:34 pm\" class=\"data-link\" rel=\"bookmark\"><time class=\"entry-date updated\" datetime=\"2022-02-28T22:34:35+02:00\">February 28, 2022<\/time><\/a><\/div>\n\t<div class=\"entry-excerpt\"><p>La fel ca multe alte momente \u00eent\u00e2mplate \u00een satul Archita, comuna V\u00e2n\u0103tori, jude\u021bul Mure\u0219, \u00een primul an de implementare a proiectului \u201e\u0218URA-Laborator de experimentare \u0219i implicare civic\u0103 incluziv\u0103\u201d, derulat de Funda\u021bia Mihai Eminescu Trust \u00een perioada ianuarie 2021 \u2013 decembrie 2023.<\/p>\n<\/div>\n\t\n<a href=\"https:\/\/activecitizensfund.ro\/en\/in-imagini-sura-laborator-de-experimentare-si-implicare-civica\/\" class=\"post-details details-type-link\" aria-label=\"Read more about \u0218URA: Laborator de experimentare \u0219i implicare civic\u0103\">Read more<i class=\"dt-icon-the7-arrow-03\" aria-hidden=\"true\"><\/i><\/a>\n\n<\/div><\/article><article class=\"post post-57466 type-post status-publish format-standard has-post-thumbnail hentry category-cresterea-capacitatii-si-incluziunea-romilor category-povesti-cu-impact category-255 category-252\" data-name=\"Despre combaterea s\u0103r\u0103ciei \u00een Castelu \u0219i Coroieni\" data-date=\"2022-02-21T23:32:25+02:00\">\n\n<div class=\"post-thumbnail-wrap\">\n\t<div class=\"post-thumbnail\">\n\t\t\n\t\t\n\t\t<a href=\"https:\/\/activecitizensfund.ro\/en\/in-imagini-despre-combaterea-saraciei-in-castelu-si-coroieni\/\" class=\"post-thumbnail-rollover layzr-bg\" ><img fetchpriority=\"high\" decoding=\"async\" class=\"preload-me owl-lazy-load aspect\" src=\"data:image\/svg+xml,%3Csvg%20xmlns%3D&#39;http%3A%2F%2Fwww.w3.org%2F2000%2Fsvg&#39;%20viewBox%3D&#39;0%200%20768%20512&#39;%2F%3E\" data-src=\"https:\/\/activecitizensfund.ro\/wp-content\/uploads\/2022\/01\/Povesti-Impact_Stire-768x512.png\" data-srcset=\"https:\/\/activecitizensfund.ro\/wp-content\/uploads\/2022\/01\/Povesti-Impact_Stire-768x512.png 768w, https:\/\/activecitizensfund.ro\/wp-content\/uploads\/2022\/01\/Povesti-Impact_Stire-1152x768.png 1152w\" loading=\"eager\" style=\"--ratio: 768 \/ 512\" sizes=\"(max-width: 768px) 100vw, 768px\" alt=\"\" title=\"Povesti Impact_Stire\" width=\"768\" height=\"512\"  \/><\/a>\t<\/div>\n<\/div>\n\n\n<div class=\"post-entry-content\">\n\n\t<h3 class=\"entry-title\">\n\t\t<a href=\"https:\/\/activecitizensfund.ro\/en\/in-imagini-despre-combaterea-saraciei-in-castelu-si-coroieni\/\" title=\"Despre combaterea s\u0103r\u0103ciei \u00een Castelu \u0219i Coroieni\" rel=\"bookmark\">Despre combaterea s\u0103r\u0103ciei \u00een Castelu \u0219i Coroieni<\/a>\n\t<\/h3>\n\n\t<div class=\"entry-meta\"><span class=\"category-link\"><a href=\"https:\/\/activecitizensfund.ro\/en\/category\/povesti-cu-impact\/cresterea-capacitatii-si-incluziunea-romilor\/\" >Cre\u0219terea capacit\u0103\u021bii \u0219i incluziunea romilor<\/a>, <a href=\"https:\/\/activecitizensfund.ro\/en\/category\/povesti-cu-impact\/\" >Pove\u0219ti cu IMPACT<\/a><\/span><a class=\"author vcard\" href=\"https:\/\/activecitizensfund.ro\/en\/author\/acfdmin\/\" title=\"View all posts by Active Citizens Fund\" rel=\"author\">By <span class=\"fn\">Active Citizens Fund<\/span><\/a><a href=\"https:\/\/activecitizensfund.ro\/en\/2022\/02\/21\/\" title=\"11:32 pm\" class=\"data-link\" rel=\"bookmark\"><time class=\"entry-date updated\" datetime=\"2022-02-21T23:32:25+02:00\">February 21, 2022<\/time><\/a><\/div>\n\t<div class=\"entry-excerpt\"><p>Din februarie 2021, Asocia\u021bia Reality Check implementeaz\u0103 dou\u0103 proiecte complexe, care \u00eenglobeaz\u0103 \u0219i dezvolt\u0103 toate interven\u021biile anterioare ale organiza\u021biei din Castelu (jud. Constan\u021ba) \u0219i Coroieni (jud. Maramure\u0219): \u201e \u00cempreun\u0103 pentru o via\u021b\u0103 mai bun\u0103 \u00een Castelu\u201d \u0219i \u201e\u00cempreun\u0103 pentru un viitor mai bun \u00een Coroieni\u201d. <\/p>\n<\/div>\n\t\n<a href=\"https:\/\/activecitizensfund.ro\/en\/in-imagini-despre-combaterea-saraciei-in-castelu-si-coroieni\/\" class=\"post-details details-type-link\" aria-label=\"Read more about Despre combaterea s\u0103r\u0103ciei \u00een Castelu \u0219i Coroieni\">Read more<i class=\"dt-icon-the7-arrow-03\" aria-hidden=\"true\"><\/i><\/a>\n\n<\/div><\/article><article class=\"post post-57444 type-post status-publish format-standard has-post-thumbnail hentry category-cresterea-capacitatii-si-incluziunea-romilor category-povesti-cu-impact category-255 category-252\" data-name=\"Valea Viilor, locul \u00een care comunitatea se dezvolt\u0103 \u00een jurul unui model agricol inovator\" data-date=\"2022-02-21T22:49:52+02:00\">\n\n<div class=\"post-thumbnail-wrap\">\n\t<div class=\"post-thumbnail\">\n\t\t\n\t\t\n\t\t<a href=\"https:\/\/activecitizensfund.ro\/en\/in-imagini-valea-viilor-locul-in-care-comunitatea-se-dezvolta-in-jurul-unui-model-agricol-inovator\/\" class=\"post-thumbnail-rollover layzr-bg\" ><img fetchpriority=\"high\" decoding=\"async\" class=\"preload-me owl-lazy-load aspect\" src=\"data:image\/svg+xml,%3Csvg%20xmlns%3D&#39;http%3A%2F%2Fwww.w3.org%2F2000%2Fsvg&#39;%20viewBox%3D&#39;0%200%20768%20512&#39;%2F%3E\" data-src=\"https:\/\/activecitizensfund.ro\/wp-content\/uploads\/2022\/01\/Povesti-Impact_Stire-768x512.png\" data-srcset=\"https:\/\/activecitizensfund.ro\/wp-content\/uploads\/2022\/01\/Povesti-Impact_Stire-768x512.png 768w, https:\/\/activecitizensfund.ro\/wp-content\/uploads\/2022\/01\/Povesti-Impact_Stire-1152x768.png 1152w\" loading=\"eager\" style=\"--ratio: 768 \/ 512\" sizes=\"(max-width: 768px) 100vw, 768px\" alt=\"\" title=\"Povesti Impact_Stire\" width=\"768\" height=\"512\"  \/><\/a>\t<\/div>\n<\/div>\n\n\n<div class=\"post-entry-content\">\n\n\t<h3 class=\"entry-title\">\n\t\t<a href=\"https:\/\/activecitizensfund.ro\/en\/in-imagini-valea-viilor-locul-in-care-comunitatea-se-dezvolta-in-jurul-unui-model-agricol-inovator\/\" title=\"Valea Viilor, locul \u00een care comunitatea se dezvolt\u0103 \u00een jurul unui model agricol inovator\" rel=\"bookmark\">Valea Viilor, locul \u00een care comunitatea se dezvolt\u0103 \u00een jurul unui model agricol inovator<\/a>\n\t<\/h3>\n\n\t<div class=\"entry-meta\"><span class=\"category-link\"><a href=\"https:\/\/activecitizensfund.ro\/en\/category\/povesti-cu-impact\/cresterea-capacitatii-si-incluziunea-romilor\/\" >Cre\u0219terea capacit\u0103\u021bii \u0219i incluziunea romilor<\/a>, <a href=\"https:\/\/activecitizensfund.ro\/en\/category\/povesti-cu-impact\/\" >Pove\u0219ti cu IMPACT<\/a><\/span><a class=\"author vcard\" href=\"https:\/\/activecitizensfund.ro\/en\/author\/acfdmin\/\" title=\"View all posts by Active Citizens Fund\" rel=\"author\">By <span class=\"fn\">Active Citizens Fund<\/span><\/a><a href=\"https:\/\/activecitizensfund.ro\/en\/2022\/02\/21\/\" title=\"10:49 pm\" class=\"data-link\" rel=\"bookmark\"><time class=\"entry-date updated\" datetime=\"2022-02-21T22:49:52+02:00\">February 21, 2022<\/time><\/a><\/div>\n\t<div class=\"entry-excerpt\"><p>Comuna Valea Viilor este o veche a\u0219ezare s\u0103seasc\u0103 din jude\u021bul Sibiu. De\u0219i au trecut aproape 40 de ani de la instalarea \u00een num\u0103r mare a romilor \u00een comunitate, integrarea lor economic\u0103 \u0219i social\u0103 este departe de a fi \u00eendeplinit\u0103.<br \/>\nDar nu imposibil\u0103&#8230;<\/p>\n<\/div>\n\t\n<a href=\"https:\/\/activecitizensfund.ro\/en\/in-imagini-valea-viilor-locul-in-care-comunitatea-se-dezvolta-in-jurul-unui-model-agricol-inovator\/\" class=\"post-details details-type-link\" aria-label=\"Read more about Valea Viilor, locul \u00een care comunitatea se dezvolt\u0103 \u00een jurul unui model agricol inovator\">Read more<i class=\"dt-icon-the7-arrow-03\" aria-hidden=\"true\"><\/i><\/a>\n\n<\/div><\/article><article class=\"post post-57441 type-post status-publish format-standard has-post-thumbnail hentry category-cresterea-capacitatii-si-incluziunea-romilor category-povesti-cu-impact category-255 category-252\" data-name=\"Interviu: Cerasela B\u0103nic\u0103: \u201eLucr\u0103m \u00eempreun\u0103 pentru o Europ\u0103 incluziv\u0103\u201d nu este doar un slogan, ci o realitate pentru mul\u021bi dintre noi, realitate pe care o construim zi de zi.\" data-date=\"2022-02-21T22:43:10+02:00\">\n\n<div class=\"post-thumbnail-wrap\">\n\t<div class=\"post-thumbnail\">\n\t\t\n\t\t\n\t\t<a href=\"https:\/\/activecitizensfund.ro\/en\/cerasela-banica-lucram-impreuna-pentru-o-europa-incluziva-nu-este-doar-un-slogan-ci-o-realitate-pentru-multi-dintre-noi-realitate-pe-care-o-construim-zi-de-zi\/\" class=\"post-thumbnail-rollover layzr-bg\" ><img fetchpriority=\"high\" decoding=\"async\" class=\"preload-me owl-lazy-load aspect\" src=\"data:image\/svg+xml,%3Csvg%20xmlns%3D&#39;http%3A%2F%2Fwww.w3.org%2F2000%2Fsvg&#39;%20viewBox%3D&#39;0%200%20768%20512&#39;%2F%3E\" data-src=\"https:\/\/activecitizensfund.ro\/wp-content\/uploads\/2022\/01\/Povesti-Impact_Stire-768x512.png\" data-srcset=\"https:\/\/activecitizensfund.ro\/wp-content\/uploads\/2022\/01\/Povesti-Impact_Stire-768x512.png 768w, https:\/\/activecitizensfund.ro\/wp-content\/uploads\/2022\/01\/Povesti-Impact_Stire-1152x768.png 1152w\" loading=\"eager\" style=\"--ratio: 768 \/ 512\" sizes=\"(max-width: 768px) 100vw, 768px\" alt=\"\" title=\"Povesti Impact_Stire\" width=\"768\" height=\"512\"  \/><\/a>\t<\/div>\n<\/div>\n\n\n<div class=\"post-entry-content\">\n\n\t<h3 class=\"entry-title\">\n\t\t<a href=\"https:\/\/activecitizensfund.ro\/en\/cerasela-banica-lucram-impreuna-pentru-o-europa-incluziva-nu-este-doar-un-slogan-ci-o-realitate-pentru-multi-dintre-noi-realitate-pe-care-o-construim-zi-de-zi\/\" title=\"Interviu: Cerasela B\u0103nic\u0103: \u201eLucr\u0103m \u00eempreun\u0103 pentru o Europ\u0103 incluziv\u0103\u201d nu este doar un slogan, ci o realitate pentru mul\u021bi dintre noi, realitate pe care o construim zi de zi.\" rel=\"bookmark\">Interviu: Cerasela B\u0103nic\u0103: \u201eLucr\u0103m \u00eempreun\u0103 pentru o Europ\u0103 incluziv\u0103\u201d nu este doar un slogan, ci o realitate pentru mul\u021bi dintre noi, realitate pe care o construim zi de zi.<\/a>\n\t<\/h3>\n\n\t<div class=\"entry-meta\"><span class=\"category-link\"><a href=\"https:\/\/activecitizensfund.ro\/en\/category\/povesti-cu-impact\/cresterea-capacitatii-si-incluziunea-romilor\/\" >Cre\u0219terea capacit\u0103\u021bii \u0219i incluziunea romilor<\/a>, <a href=\"https:\/\/activecitizensfund.ro\/en\/category\/povesti-cu-impact\/\" >Pove\u0219ti cu IMPACT<\/a><\/span><a class=\"author vcard\" href=\"https:\/\/activecitizensfund.ro\/en\/author\/acfdmin\/\" title=\"View all posts by Active Citizens Fund\" rel=\"author\">By <span class=\"fn\">Active Citizens Fund<\/span><\/a><a href=\"https:\/\/activecitizensfund.ro\/en\/2022\/02\/21\/\" title=\"10:43 pm\" class=\"data-link\" rel=\"bookmark\"><time class=\"entry-date updated\" datetime=\"2022-02-21T22:43:10+02:00\">February 21, 2022<\/time><\/a><\/div>\n\t<div class=\"entry-excerpt\"><p>O discu\u021bie cald\u0103 despre segregarea \u0219colar\u0103 cu Cerasela B\u0103nic\u0103, Pre\u0219edinta Asocia\u021biei Centrul de Advocacy \u0219i Drepturile Omului (CADO)<\/p>\n<\/div>\n\t\n<a href=\"https:\/\/activecitizensfund.ro\/en\/cerasela-banica-lucram-impreuna-pentru-o-europa-incluziva-nu-este-doar-un-slogan-ci-o-realitate-pentru-multi-dintre-noi-realitate-pe-care-o-construim-zi-de-zi\/\" class=\"post-details details-type-link\" aria-label=\"Read more about Interviu: Cerasela B\u0103nic\u0103: \u201eLucr\u0103m \u00eempreun\u0103 pentru o Europ\u0103 incluziv\u0103\u201d nu este doar un slogan, ci o realitate pentru mul\u021bi dintre noi, realitate pe care o construim zi de zi.\">Read more<i class=\"dt-icon-the7-arrow-03\" aria-hidden=\"true\"><\/i><\/a>\n\n<\/div><\/article><article class=\"post post-57422 type-post status-publish format-standard has-post-thumbnail hentry category-cresterea-capacitatii-si-incluziunea-romilor category-povesti-cu-impact category-255 category-252\" data-name=\"Interviu: Florin Nasture: \u00cemi doresc ca membrii comunit\u0103\u021bii s\u0103 aib\u0103 o mentalitate \u00een care violen\u021ba domestic\u0103 \u0219i abuzul sunt considerate de neacceptat.\" data-date=\"2022-02-21T22:14:21+02:00\">\n\n<div class=\"post-thumbnail-wrap\">\n\t<div class=\"post-thumbnail\">\n\t\t\n\t\t\n\t\t<a href=\"https:\/\/activecitizensfund.ro\/en\/florin-nasture-imi-doresc-ca-membrii-comunitatii-sa-aiba-o-mentalitate-in-care-violenta-domestica-si-abuzul-sunt-considerate-de-neacceptat\/\" class=\"post-thumbnail-rollover layzr-bg\" ><img fetchpriority=\"high\" decoding=\"async\" class=\"preload-me owl-lazy-load aspect\" src=\"data:image\/svg+xml,%3Csvg%20xmlns%3D&#39;http%3A%2F%2Fwww.w3.org%2F2000%2Fsvg&#39;%20viewBox%3D&#39;0%200%20768%20512&#39;%2F%3E\" data-src=\"https:\/\/activecitizensfund.ro\/wp-content\/uploads\/2022\/01\/Povesti-Impact_Stire-768x512.png\" data-srcset=\"https:\/\/activecitizensfund.ro\/wp-content\/uploads\/2022\/01\/Povesti-Impact_Stire-768x512.png 768w, https:\/\/activecitizensfund.ro\/wp-content\/uploads\/2022\/01\/Povesti-Impact_Stire-1152x768.png 1152w\" loading=\"eager\" style=\"--ratio: 768 \/ 512\" sizes=\"(max-width: 768px) 100vw, 768px\" alt=\"\" title=\"Povesti Impact_Stire\" width=\"768\" height=\"512\"  \/><\/a>\t<\/div>\n<\/div>\n\n\n<div class=\"post-entry-content\">\n\n\t<h3 class=\"entry-title\">\n\t\t<a href=\"https:\/\/activecitizensfund.ro\/en\/florin-nasture-imi-doresc-ca-membrii-comunitatii-sa-aiba-o-mentalitate-in-care-violenta-domestica-si-abuzul-sunt-considerate-de-neacceptat\/\" title=\"Interviu: Florin Nasture: \u00cemi doresc ca membrii comunit\u0103\u021bii s\u0103 aib\u0103 o mentalitate \u00een care violen\u021ba domestic\u0103 \u0219i abuzul sunt considerate de neacceptat.\" rel=\"bookmark\">Interviu: Florin Nasture: \u00cemi doresc ca membrii comunit\u0103\u021bii s\u0103 aib\u0103 o mentalitate \u00een care violen\u021ba domestic\u0103 \u0219i abuzul sunt considerate de neacceptat.<\/a>\n\t<\/h3>\n\n\t<div class=\"entry-meta\"><span class=\"category-link\"><a href=\"https:\/\/activecitizensfund.ro\/en\/category\/povesti-cu-impact\/cresterea-capacitatii-si-incluziunea-romilor\/\" >Cre\u0219terea capacit\u0103\u021bii \u0219i incluziunea romilor<\/a>, <a href=\"https:\/\/activecitizensfund.ro\/en\/category\/povesti-cu-impact\/\" >Pove\u0219ti cu IMPACT<\/a><\/span><a class=\"author vcard\" href=\"https:\/\/activecitizensfund.ro\/en\/author\/acfdmin\/\" title=\"View all posts by Active Citizens Fund\" rel=\"author\">By <span class=\"fn\">Active Citizens Fund<\/span><\/a><a href=\"https:\/\/activecitizensfund.ro\/en\/2022\/02\/21\/\" title=\"10:14 pm\" class=\"data-link\" rel=\"bookmark\"><time class=\"entry-date updated\" datetime=\"2022-02-21T22:14:21+02:00\">February 21, 2022<\/time><\/a><\/div>\n\t<div class=\"entry-excerpt\"><p>O discu\u021bie cald\u0103 despre incluziunea romilor cu Florin Nasture, Pre\u0219edintele Asocia\u021biei Centrul Cultural al Romilor O Del Amen\u00e7a<\/p>\n<\/div>\n\t\n<a href=\"https:\/\/activecitizensfund.ro\/en\/florin-nasture-imi-doresc-ca-membrii-comunitatii-sa-aiba-o-mentalitate-in-care-violenta-domestica-si-abuzul-sunt-considerate-de-neacceptat\/\" class=\"post-details details-type-link\" aria-label=\"Read more about Interviu: Florin Nasture: \u00cemi doresc ca membrii comunit\u0103\u021bii s\u0103 aib\u0103 o mentalitate \u00een care violen\u021ba domestic\u0103 \u0219i abuzul sunt considerate de neacceptat.\">Read more<i class=\"dt-icon-the7-arrow-03\" aria-hidden=\"true\"><\/i><\/a>\n\n<\/div><\/article><\/div><\/div><\/div><\/div><\/div><\/div><\/div><\/div><\/div><\/div><\/div><!-- Row Backgrounds --><div class=\"upb_color\" data-bg-override=\"ex-full\" data-bg-color=\"\" data-fadeout=\"\" data-fadeout-percentage=\"30\" data-parallax-content=\"\" data-parallax-content-sense=\"30\" data-row-effect-mobile-disable=\"true\" data-img-parallax-mobile-disable=\"true\" data-rtl=\"false\"  data-custom-vc-row=\"\"  data-vc=\"7.8\"  data-is_old_vc=\"\"  data-theme-support=\"\"   data-overlay=\"false\" data-overlay-color=\"\" data-overlay-pattern=\"\" data-overlay-pattern-opacity=\"\" data-overlay-pattern-size=\"\"    ><\/div>\n<\/div>","protected":false},"excerpt":{"rendered":"<p>De ce pove\u0219ti?Pentru c\u0103 pove\u0219tile au de cele mai multe ori final fericit.De ce #Impact?Asta define\u0219te munca ONG-urilor \u00een comunit\u0103\u021bi \u2013 este de #Impact. IMPACTCu #Impact sunt \u0219i proiectele implementate cu sprijinul programului Active Citizens Fund Rom\u00e2nia. Fie c\u0103 vorbim despre educa\u021bie \u0219i implicare civic\u0103, democra\u021bie, cet\u0103\u021benie activ\u0103, bun\u0103 guvernare \u0219i transparen\u021b\u0103, sprijin pentru drepturile&hellip;<\/p>","protected":false},"author":1,"featured_media":0,"parent":0,"menu_order":1,"comment_status":"closed","ping_status":"closed","template":"","meta":{"footnotes":""},"class_list":["post-55991","page","type-page","status-publish","hentry","description-off"],"_links":{"self":[{"href":"https:\/\/activecitizensfund.ro\/en\/wp-json\/wp\/v2\/pages\/55991","targetHints":{"allow":["GET"]}}],"collection":[{"href":"https:\/\/activecitizensfund.ro\/en\/wp-json\/wp\/v2\/pages"}],"about":[{"href":"https:\/\/activecitizensfund.ro\/en\/wp-json\/wp\/v2\/types\/page"}],"author":[{"embeddable":true,"href":"https:\/\/activecitizensfund.ro\/en\/wp-json\/wp\/v2\/users\/1"}],"replies":[{"embeddable":true,"href":"https:\/\/activecitizensfund.ro\/en\/wp-json\/wp\/v2\/comments?post=55991"}],"version-history":[{"count":50,"href":"https:\/\/activecitizensfund.ro\/en\/wp-json\/wp\/v2\/pages\/55991\/revisions"}],"predecessor-version":[{"id":58282,"href":"https:\/\/activecitizensfund.ro\/en\/wp-json\/wp\/v2\/pages\/55991\/revisions\/58282"}],"wp:attachment":[{"href":"https:\/\/activecitizensfund.ro\/en\/wp-json\/wp\/v2\/media?parent=55991"}],"curies":[{"name":"wp","href":"https:\/\/api.w.org\/{rel}","templated":true}]}}