{"id":58123,"date":"2024-04-05T14:10:48","date_gmt":"2024-04-05T11:10:48","guid":{"rendered":"https:\/\/activecitizensfund.ro\/?page_id=58123"},"modified":"2024-04-16T14:17:16","modified_gmt":"2024-04-16T11:17:16","slug":"impact3","status":"publish","type":"page","link":"https:\/\/activecitizensfund.ro\/en\/impact3\/","title":{"rendered":"IMPACT3"},"content":{"rendered":"<div class=\"wpb-content-wrapper\"><div class=\"vc_row wpb_row vc_row-fluid dt-default\" style=\"margin-top: 0px;margin-bottom: 0px\"><div class=\"wpb_column vc_column_container vc_col-sm-12\"><div class=\"vc_column-inner\"><div class=\"wpb_wrapper\"><div class=\"vc_row wpb_row vc_inner vc_row-fluid vc_row-o-content-middle vc_row-flex\"><div class=\"wpb_column vc_column_container vc_col-sm-8\"><div class=\"vc_column-inner vc_custom_1712912748396\"><div class=\"wpb_wrapper\"><div class=\"vc_empty_space\"   style=\"height: 32px\"><span class=\"vc_empty_space_inner\"><\/span><\/div>\n\t<div class=\"wpb_text_column wpb_content_element\" >\n\t\t<div class=\"wpb_wrapper\">\n\t\t\t<p>The \u201cBuilding capacity for collective impact and knowledge on CSOs ecosystem\u201d project follows two core complementary objectives:<\/p>\n\n\t\t<\/div>\n\t<\/div>\n<div class=\"standard-number-list bullet-top\"><ul>\n<li>to improve the evidence-based knowledge on the CSO ecosystem in Romania with respect to its size, evolution, values and impact generated at societal level<\/li>\n<li>to build awareness, expertise and practical skills for CSOs on impact measurement with focus on the envisaged change and the power of collective experiences<\/li>\n<\/ul>\n<\/div><div class=\"vc_empty_space\"   style=\"height: 32px\"><span class=\"vc_empty_space_inner\"><\/span><\/div><\/div><\/div><\/div><div class=\"wpb_column vc_column_container vc_col-sm-4\"><div class=\"vc_column-inner\"><div class=\"wpb_wrapper\">\n\t<div  class=\"wpb_single_image wpb_content_element vc_align_left\">\n\t\t\n\t\t<figure class=\"wpb_wrapper vc_figure\">\n\t\t\t<div class=\"vc_single_image-wrapper   vc_box_border_grey\"><img loading=\"lazy\" decoding=\"async\" width=\"1080\" height=\"1080\" src=\"https:\/\/activecitizensfund.ro\/wp-content\/uploads\/2024\/04\/Learning_1.jpg\" class=\"vc_single_image-img attachment-full\" alt=\"\" title=\"Learning_1\" srcset=\"https:\/\/activecitizensfund.ro\/wp-content\/uploads\/2024\/04\/Learning_1.jpg 1080w, https:\/\/activecitizensfund.ro\/wp-content\/uploads\/2024\/04\/Learning_1-300x300.jpg 300w, https:\/\/activecitizensfund.ro\/wp-content\/uploads\/2024\/04\/Learning_1-1024x1024.jpg 1024w, https:\/\/activecitizensfund.ro\/wp-content\/uploads\/2024\/04\/Learning_1-150x150.jpg 150w, https:\/\/activecitizensfund.ro\/wp-content\/uploads\/2024\/04\/Learning_1-768x768.jpg 768w, https:\/\/activecitizensfund.ro\/wp-content\/uploads\/2024\/04\/Learning_1-12x12.jpg 12w\" sizes=\"auto, (max-width: 1080px) 100vw, 1080px\"  data-dt-location=\"https:\/\/activecitizensfund.ro\/en\/impact3\/learning_1\/\" \/><\/div>\n\t\t<\/figure>\n\t<\/div>\n<\/div><\/div><\/div><\/div><div class=\"vc_row wpb_row vc_inner vc_row-fluid\"><div class=\"wpb_column vc_column_container vc_col-sm-12\"><div class=\"vc_column-inner\"><div class=\"wpb_wrapper\">\n\t<div class=\"wpb_text_column wpb_content_element\" >\n\t\t<div class=\"wpb_wrapper\">\n\t\t\t<p>The methodological approach of the programme combines the research and data analysis on the functioning and evolution of the Romanian civil society sector with the learning intervention reaching directly at least 80 CSOs that develop their expertise in impact assessment and working (efficiently) within a network. Thus, the main actions focus on:<\/p>\n\n\t\t<\/div>\n\t<\/div>\n<div class=\"standard-number-list bullet-top\"><ul>\n<li>Documenting the CSO ecosystem in Romania &amp; promoting collective impact practices by conducting a comprehensive study on the Romanian NGO sector (2024) based on the methodology that CSDF has developed in two previous editions (2010 and 2017), with increased focused on quantitative and qualitative analysis of the CSOs work.<\/li>\n<li>Learning lab programme: combining training for at least 80 organizations at local\/ regional level and tailored action planning for development to build\/ reskill their abilities for social impact assessment\/ measuring, to place the organizational impact in the local context and the network of stakeholders relevant for their field of intervention and to agree on collective actions during the programme as part of a community of practice and benefitting of tailored coaching and mentoring.<\/li>\n<\/ul>\n<\/div><div class=\"vc_empty_space\"   style=\"height: 32px\"><span class=\"vc_empty_space_inner\"><\/span><\/div><div class=\"vc_message_box vc_message_box-standard vc_message_box-rounded vc_color-turquoise\" ><div class=\"vc_message_box-icon\"><i class=\"fas fa-info-circle\"><\/i><\/div><p>The project \"Building capacity for collective impact and knowledge on CSOs ecosystem\" benefits from a funding of 300 000 euros through the Active Citizens Fund Romania program, financed by Iceland, Liechtenstein, and Norway through the EEA Grants 2014-2021.<\/p>\n<\/div><div class=\"vc_empty_space\"   style=\"height: 32px\"><span class=\"vc_empty_space_inner\"><\/span><\/div><div id=\"ultimate-heading-599869ee342dd7352\" class=\"uvc-heading ult-adjust-bottom-margin ultimate-heading-599869ee342dd7352 uvc-9238\" data-hspacer=\"no_spacer\"  data-halign=\"left\" style=\"text-align:left\"><div class=\"uvc-heading-spacer no_spacer\" style=\"top\"><\/div><div class=\"uvc-main-heading ult-responsive\"  data-ultimate-target='.uvc-heading.ultimate-heading-599869ee342dd7352 h2'  data-responsive-json-new='{\"font-size\":\"desktop:30px;\",\"line-height\":\"\"}' ><h2 style=\"--font-weight:theme;color:#00875a;\">Read more<\/h2><\/div><\/div><div class=\"vc_empty_space\"   style=\"height: 32px\"><span class=\"vc_empty_space_inner\"><\/span><\/div><style type=\"text\/css\" data-type=\"the7_shortcodes-inline-css\">.blog-shortcode.blog-masonry-shortcode-id-c13a97045bcb965a75c7ca7a3bba2d2b.dividers-on.classic-layout-list article {\n  padding-top: 0;\n}\n.blog-shortcode.blog-masonry-shortcode-id-c13a97045bcb965a75c7ca7a3bba2d2b.dividers-on.classic-layout-list article:first-of-type {\n  margin-top: 0;\n  padding-top: 0;\n}\n.blog-shortcode.blog-masonry-shortcode-id-c13a97045bcb965a75c7ca7a3bba2d2b.classic-layout-list.mode-list .post-entry-content {\n  width: calc(100% - );\n}\n.blog-shortcode.blog-masonry-shortcode-id-c13a97045bcb965a75c7ca7a3bba2d2b.classic-layout-list.mode-list .no-img .post-entry-content {\n  width: 100%;\n}\n.blog-shortcode.blog-masonry-shortcode-id-c13a97045bcb965a75c7ca7a3bba2d2b .filter-bg-decoration .filter-categories a.act {\n  color: #fff;\n}\n.blog-shortcode.blog-masonry-shortcode-id-c13a97045bcb965a75c7ca7a3bba2d2b:not(.mode-masonry) article:first-of-type,\n.blog-shortcode.blog-masonry-shortcode-id-c13a97045bcb965a75c7ca7a3bba2d2b:not(.mode-masonry) article.visible.first:not(.product) {\n  margin-top: 0;\n}\n.blog-shortcode.blog-masonry-shortcode-id-c13a97045bcb965a75c7ca7a3bba2d2b.dividers-on:not(.mode-masonry) article {\n  margin-top: 0;\n}\n.blog-shortcode.blog-masonry-shortcode-id-c13a97045bcb965a75c7ca7a3bba2d2b.dividers-on:not(.mode-masonry) article:first-of-type,\n.blog-shortcode.blog-masonry-shortcode-id-c13a97045bcb965a75c7ca7a3bba2d2b.dividers-on:not(.mode-masonry) article.visible.first:not(.product) {\n  margin-top: 0;\n  padding-top: 0;\n}\n.blog-shortcode.blog-masonry-shortcode-id-c13a97045bcb965a75c7ca7a3bba2d2b .post-thumbnail-wrap {\n  padding: 0px 0px 0px 0px;\n}\n.blog-shortcode.blog-masonry-shortcode-id-c13a97045bcb965a75c7ca7a3bba2d2b.enable-bg-rollover .post-thumbnail-rollover:after {\n  background: -webkit-linear-gradient();\n  background: linear-gradient();\n}\n.blog-shortcode.blog-masonry-shortcode-id-c13a97045bcb965a75c7ca7a3bba2d2b .gallery-zoom-ico {\n  width: 44px;\n  height: 44px;\n  line-height: 44px;\n  border-radius: 100px;\n  margin: -22px 0 0 -22px;\n  border-width: 0px;\n  color: #ffffff;\n}\n.bottom-overlap-layout-list.blog-shortcode.blog-masonry-shortcode-id-c13a97045bcb965a75c7ca7a3bba2d2b .gallery-zoom-ico {\n  margin-top: -72px;\n}\n.gradient-overlay-layout-list.blog-shortcode.blog-masonry-shortcode-id-c13a97045bcb965a75c7ca7a3bba2d2b .gallery-zoom-ico,\n.content-rollover-layout-list.blog-shortcode.blog-masonry-shortcode-id-c13a97045bcb965a75c7ca7a3bba2d2b .gallery-zoom-ico {\n  margin: 0 0 10px;\n}\n.content-align-center.gradient-overlay-layout-list.blog-shortcode.blog-masonry-shortcode-id-c13a97045bcb965a75c7ca7a3bba2d2b .gallery-zoom-ico,\n.content-align-center.content-rollover-layout-list.blog-shortcode.blog-masonry-shortcode-id-c13a97045bcb965a75c7ca7a3bba2d2b .gallery-zoom-ico {\n  margin: 0 auto 10px;\n}\n.dt-icon-bg-on.blog-shortcode.blog-masonry-shortcode-id-c13a97045bcb965a75c7ca7a3bba2d2b .gallery-zoom-ico {\n  background: rgba(255,255,255,0.3);\n  box-shadow: none;\n}\n.blog-shortcode.blog-masonry-shortcode-id-c13a97045bcb965a75c7ca7a3bba2d2b .gallery-zoom-ico > span,\n.blog-shortcode.blog-masonry-shortcode-id-c13a97045bcb965a75c7ca7a3bba2d2b .gallery-zoom-ico:before {\n  font-size: 32px;\n  line-height: 44px;\n}\n.blog-shortcode.blog-masonry-shortcode-id-c13a97045bcb965a75c7ca7a3bba2d2b .gallery-zoom-ico > span,\n.blog-shortcode.blog-masonry-shortcode-id-c13a97045bcb965a75c7ca7a3bba2d2b .gallery-zoom-ico:before {\n  color: #ffffff;\n}\n.blog-shortcode.blog-masonry-shortcode-id-c13a97045bcb965a75c7ca7a3bba2d2b .entry-title,\n.blog-shortcode.blog-masonry-shortcode-id-c13a97045bcb965a75c7ca7a3bba2d2b.owl-carousel .entry-title {\n  margin-bottom: 5px;\n  font-weight: bold;\n}\n.blog-shortcode.blog-masonry-shortcode-id-c13a97045bcb965a75c7ca7a3bba2d2b .entry-meta {\n  margin-bottom: 15px;\n}\n.blog-shortcode.blog-masonry-shortcode-id-c13a97045bcb965a75c7ca7a3bba2d2b .portfolio-categories {\n  margin-bottom: 15px;\n}\n.blog-shortcode.blog-masonry-shortcode-id-c13a97045bcb965a75c7ca7a3bba2d2b .entry-excerpt {\n  margin-bottom: 5px;\n}\n.blog-shortcode.blog-masonry-shortcode-id-c13a97045bcb965a75c7ca7a3bba2d2b:not(.centered-layout-list) .post-entry-content {\n  padding: 25px 30px 30px 30px;\n}\n.blog-shortcode.blog-masonry-shortcode-id-c13a97045bcb965a75c7ca7a3bba2d2b:not(.centered-layout-list):not(.content-bg-on):not(.mode-list) .no-img .post-entry-content {\n  padding: 0;\n}\n@media screen and (max-width: ) {\n  .blog-shortcode.blog-masonry-shortcode-id-c13a97045bcb965a75c7ca7a3bba2d2b article {\n    -ms-flex-flow: column nowrap;\n    flex-flow: column nowrap;\n    margin-top: 20px;\n  }\n  .blog-shortcode.blog-masonry-shortcode-id-c13a97045bcb965a75c7ca7a3bba2d2b.dividers-on article {\n    border: none;\n  }\n  .blog-shortcode.blog-masonry-shortcode-id-c13a97045bcb965a75c7ca7a3bba2d2b.content-bg-on.centered-layout-list article {\n    padding: 0;\n  }\n  .blog-shortcode.blog-masonry-shortcode-id-c13a97045bcb965a75c7ca7a3bba2d2b.blog-shortcode.dividers-on article,\n  .blog-shortcode.blog-masonry-shortcode-id-c13a97045bcb965a75c7ca7a3bba2d2b.dividers-on.classic-layout-list article {\n    margin-top: 20px;\n    padding: 0;\n  }\n  .blog-shortcode.blog-masonry-shortcode-id-c13a97045bcb965a75c7ca7a3bba2d2b.blog-shortcode.dividers-on article:first-of-type,\n  .blog-shortcode.blog-masonry-shortcode-id-c13a97045bcb965a75c7ca7a3bba2d2b.dividers-on.classic-layout-list article:first-of-type {\n    padding: 0;\n  }\n  #page .blog-shortcode.blog-masonry-shortcode-id-c13a97045bcb965a75c7ca7a3bba2d2b .post-thumbnail-wrap,\n  #page .blog-shortcode.blog-masonry-shortcode-id-c13a97045bcb965a75c7ca7a3bba2d2b .post-entry-content {\n    width: 100%;\n    margin: 0;\n    top: 0;\n  }\n  #page .blog-shortcode.blog-masonry-shortcode-id-c13a97045bcb965a75c7ca7a3bba2d2b .post-thumbnail-wrap {\n    padding: 0;\n  }\n  #page .blog-shortcode.blog-masonry-shortcode-id-c13a97045bcb965a75c7ca7a3bba2d2b .post-entry-content:after {\n    display: none;\n  }\n  #page .blog-shortcode.blog-masonry-shortcode-id-c13a97045bcb965a75c7ca7a3bba2d2b .project-even .post-thumbnail-wrap,\n  #page .blog-shortcode.blog-masonry-shortcode-id-c13a97045bcb965a75c7ca7a3bba2d2b.centered-layout-list .post-thumbnail-wrap {\n    -ms-flex-order: 0;\n    order: 0;\n  }\n  #page .blog-shortcode.blog-masonry-shortcode-id-c13a97045bcb965a75c7ca7a3bba2d2b.centered-layout-list .post-entry-title-content {\n    -ms-flex-order: 1;\n    order: 1;\n    width: 100%;\n    padding: 20px 20px 0;\n  }\n  #page .blog-shortcode.blog-masonry-shortcode-id-c13a97045bcb965a75c7ca7a3bba2d2b.centered-layout-list .post-entry-content {\n    -ms-flex-order: 2;\n    order: 2;\n    padding-top: 0;\n  }\n  #page .blog-shortcode.blog-masonry-shortcode-id-c13a97045bcb965a75c7ca7a3bba2d2b .fancy-categories {\n    top: 10px;\n    left: 10px;\n    bottom: auto;\n    right: auto;\n  }\n  #page .blog-shortcode.blog-masonry-shortcode-id-c13a97045bcb965a75c7ca7a3bba2d2b .fancy-date a {\n    top: 10px;\n    right: 10px;\n    left: auto;\n    bottom: auto;\n  }\n  #page .blog-shortcode.blog-masonry-shortcode-id-c13a97045bcb965a75c7ca7a3bba2d2b .post-entry-content {\n    padding: 20px;\n  }\n  #page .blog-shortcode.blog-masonry-shortcode-id-c13a97045bcb965a75c7ca7a3bba2d2b .entry-title {\n    margin: 3px 0 5px;\n    font-size: 20px;\n    line-height: 26px;\n  }\n  #page .blog-shortcode.blog-masonry-shortcode-id-c13a97045bcb965a75c7ca7a3bba2d2b .entry-meta {\n    margin: 5px 0 5px;\n  }\n  #page .blog-shortcode.blog-masonry-shortcode-id-c13a97045bcb965a75c7ca7a3bba2d2b .entry-excerpt {\n    margin: 15px 0 0;\n  }\n  #page .blog-shortcode.blog-masonry-shortcode-id-c13a97045bcb965a75c7ca7a3bba2d2b .post-details {\n    margin: 5px 0 10px;\n  }\n  #page .blog-shortcode.blog-masonry-shortcode-id-c13a97045bcb965a75c7ca7a3bba2d2b .post-details.details-type-link {\n    margin-bottom: 2px;\n  }\n}\n<\/style><div class=\"blog-shortcode blog-masonry-shortcode-id-c13a97045bcb965a75c7ca7a3bba2d2b mode-masonry classic-layout-list content-bg-on jquery-filter scale-img dt-icon-bg-off resize-by-browser-width loading-effect-none description-under-image\" data-padding=\"15px\" data-cur-page=\"1\" data-post-limit=\"-1\" data-pagination-mode=\"none\" data-desktop-columns-num=\"4\" data-v-tablet-columns-num=\"2\" data-h-tablet-columns-num=\"3\" data-phone-columns-num=\"1\" data-width=\"0px\" data-columns=\"0\"><div class=\"iso-container\" ><div class=\"visible wf-cell iso-item\" data-post-id=\"58247\" data-date=\"2024-05-15T21:55:32+03:00\" data-name=\"#impact3: Interviu Kinga Nagy\"><article class=\"post project-odd visible post-58247 type-post status-publish format-standard has-post-thumbnail hentry category-impact3 category-261\" data-name=\"#impact3: Interviu Kinga Nagy\" data-date=\"2024-05-15T21:55:32+03:00\">\n\n<div class=\"post-thumbnail-wrap\">\n\t<div class=\"post-thumbnail\">\n\t\t\n\t\t\n\t\t<a href=\"https:\/\/activecitizensfund.ro\/en\/impact3-interviu-kinga-nagy\/\" class=\"post-thumbnail-rollover layzr-bg layzr-bg\" ><img fetchpriority=\"high\" decoding=\"async\" class=\"iso-lazy-load preload-me iso-lazy-load aspect\" src=\"data:image\/svg+xml,%3Csvg%20xmlns%3D&#39;http%3A%2F%2Fwww.w3.org%2F2000%2Fsvg&#39;%20viewBox%3D&#39;0%200%20768%20512&#39;%2F%3E\" data-src=\"https:\/\/activecitizensfund.ro\/wp-content\/uploads\/2024\/05\/5.-Kinga-RO-768x512.png\" data-srcset=\"https:\/\/activecitizensfund.ro\/wp-content\/uploads\/2024\/05\/5.-Kinga-RO-768x512.png 768w, https:\/\/activecitizensfund.ro\/wp-content\/uploads\/2024\/05\/5.-Kinga-RO-1152x768.png 1152w\" loading=\"eager\" style=\"--ratio: 768 \/ 512\" sizes=\"(max-width: 768px) 100vw, 768px\" alt=\"\" title=\"5. Kinga (RO)\" width=\"768\" height=\"512\"  \/><\/a>\t<\/div>\n<\/div>\n\n\n<div class=\"post-entry-content\">\n\n\t<h3 class=\"entry-title\">\n\t\t<a href=\"https:\/\/activecitizensfund.ro\/en\/impact3-interviu-kinga-nagy\/\" title=\"#impact3: Kinga Nagy interview\" rel=\"bookmark\">#impact3: Kinga Nagy interview<\/a>\n\t<\/h3>\n\n\t<div class=\"entry-meta\"><span class=\"category-link\"><a href=\"https:\/\/activecitizensfund.ro\/en\/category\/impact3\/\" >impact3<\/a><\/span><a class=\"author vcard\" href=\"https:\/\/activecitizensfund.ro\/en\/author\/acfdmin\/\" title=\"View all posts by Active Citizens Fund\" rel=\"author\">By <span class=\"fn\">Active Citizens Fund<\/span><\/a><a href=\"https:\/\/activecitizensfund.ro\/en\/2024\/05\/15\/\" title=\"9:55 pm\" class=\"data-link\" rel=\"bookmark\"><time class=\"entry-date updated\" datetime=\"2024-05-15T21:55:32+03:00\">May 15, 2024<\/time><\/a><\/div>\n\t<div class=\"entry-excerpt\"><p>We continue our series of #Impact3 interviews!\nThis time we talked to Kinga Nagy - communication specialist of the \"Yuppi Camp\" Association. She shared with us some of the results she has had after going through the Impact3 programme, as well as the challenges she faced.<\/p>\n<\/div>\n\t\n<a href=\"https:\/\/activecitizensfund.ro\/en\/impact3-interviu-kinga-nagy\/\" class=\"post-details details-type-link\" aria-label=\"Read more about #impact3: Interviu Kinga Nagy\">Read more<i class=\"dt-icon-the7-arrow-03\" aria-hidden=\"true\"><\/i><\/a>\n\n<\/div><\/article><\/div><div class=\"visible wf-cell iso-item\" data-post-id=\"58245\" data-date=\"2024-05-15T21:47:01+03:00\" data-name=\"#impact3: Interviu Carmen Buc\u0219a\"><article class=\"post project-odd visible post-58245 type-post status-publish format-standard has-post-thumbnail hentry category-impact3 category-261\" data-name=\"#impact3: Interviu Carmen Buc\u0219a\" data-date=\"2024-05-15T21:47:01+03:00\">\n\n<div class=\"post-thumbnail-wrap\">\n\t<div class=\"post-thumbnail\">\n\t\t\n\t\t\n\t\t<a href=\"https:\/\/activecitizensfund.ro\/en\/impact3-interviu-carmen-bucsa\/\" class=\"post-thumbnail-rollover layzr-bg layzr-bg\" ><img decoding=\"async\" class=\"iso-lazy-load preload-me iso-lazy-load aspect\" src=\"data:image\/svg+xml,%3Csvg%20xmlns%3D&#39;http%3A%2F%2Fwww.w3.org%2F2000%2Fsvg&#39;%20viewBox%3D&#39;0%200%20768%20512&#39;%2F%3E\" data-src=\"https:\/\/activecitizensfund.ro\/wp-content\/uploads\/2024\/05\/3.-Carmen-RO-768x512.png\" data-srcset=\"https:\/\/activecitizensfund.ro\/wp-content\/uploads\/2024\/05\/3.-Carmen-RO-768x512.png 768w, https:\/\/activecitizensfund.ro\/wp-content\/uploads\/2024\/05\/3.-Carmen-RO-1152x768.png 1152w\" loading=\"eager\" style=\"--ratio: 768 \/ 512\" sizes=\"(max-width: 768px) 100vw, 768px\" alt=\"\" title=\"3. Carmen (RO)\" width=\"768\" height=\"512\"  \/><\/a>\t<\/div>\n<\/div>\n\n\n<div class=\"post-entry-content\">\n\n\t<h3 class=\"entry-title\">\n\t\t<a href=\"https:\/\/activecitizensfund.ro\/en\/impact3-interviu-carmen-bucsa\/\" title=\"#impact3: Carmen Buc\u0219a interview\" rel=\"bookmark\">#impact3: Carmen Buc\u0219a interview<\/a>\n\t<\/h3>\n\n\t<div class=\"entry-meta\"><span class=\"category-link\"><a href=\"https:\/\/activecitizensfund.ro\/en\/category\/impact3\/\" >impact3<\/a><\/span><a class=\"author vcard\" href=\"https:\/\/activecitizensfund.ro\/en\/author\/acfdmin\/\" title=\"View all posts by Active Citizens Fund\" rel=\"author\">By <span class=\"fn\">Active Citizens Fund<\/span><\/a><a href=\"https:\/\/activecitizensfund.ro\/en\/2024\/05\/15\/\" title=\"9:47 pm\" class=\"data-link\" rel=\"bookmark\"><time class=\"entry-date updated\" datetime=\"2024-05-15T21:47:01+03:00\">May 15, 2024<\/time><\/a><\/div>\n\t<div class=\"entry-excerpt\"><p>We continue our series of #Impact3 interviews!\nThis time we talked to Carmen Buc\u0219a - president of the \"De Poveste\" Association. She shared with us some of the results she had after going through the Impact3 programme, but also the challenges she faced.<\/p>\n<\/div>\n\t\n<a href=\"https:\/\/activecitizensfund.ro\/en\/impact3-interviu-carmen-bucsa\/\" class=\"post-details details-type-link\" aria-label=\"Read more about #impact3: Interviu Carmen Buc\u0219a\">Read more<i class=\"dt-icon-the7-arrow-03\" aria-hidden=\"true\"><\/i><\/a>\n\n<\/div><\/article><\/div><div class=\"visible wf-cell iso-item\" data-post-id=\"58241\" data-date=\"2024-05-15T21:38:05+03:00\" data-name=\"#impact3: Interviu Dora Cerin\"><article class=\"post project-odd visible post-58241 type-post status-publish format-standard has-post-thumbnail hentry category-impact3 category-261\" data-name=\"#impact3: Interviu Dora Cerin\" data-date=\"2024-05-15T21:38:05+03:00\">\n\n<div class=\"post-thumbnail-wrap\">\n\t<div class=\"post-thumbnail\">\n\t\t\n\t\t\n\t\t<a href=\"https:\/\/activecitizensfund.ro\/en\/impact3-interviu-dora-cerin\/\" class=\"post-thumbnail-rollover layzr-bg layzr-bg\" ><img decoding=\"async\" class=\"iso-lazy-load preload-me iso-lazy-load aspect\" src=\"data:image\/svg+xml,%3Csvg%20xmlns%3D&#39;http%3A%2F%2Fwww.w3.org%2F2000%2Fsvg&#39;%20viewBox%3D&#39;0%200%20768%20512&#39;%2F%3E\" data-src=\"https:\/\/activecitizensfund.ro\/wp-content\/uploads\/2024\/05\/4.-Dora-RO-768x512.png\" data-srcset=\"https:\/\/activecitizensfund.ro\/wp-content\/uploads\/2024\/05\/4.-Dora-RO-768x512.png 768w, https:\/\/activecitizensfund.ro\/wp-content\/uploads\/2024\/05\/4.-Dora-RO-1152x768.png 1152w\" loading=\"eager\" style=\"--ratio: 768 \/ 512\" sizes=\"(max-width: 768px) 100vw, 768px\" alt=\"\" title=\"4. Dora (RO)\" width=\"768\" height=\"512\"  \/><\/a>\t<\/div>\n<\/div>\n\n\n<div class=\"post-entry-content\">\n\n\t<h3 class=\"entry-title\">\n\t\t<a href=\"https:\/\/activecitizensfund.ro\/en\/impact3-interviu-dora-cerin\/\" title=\"#impact3: Dora Cerin interview\" rel=\"bookmark\">#impact3: Dora Cerin interview<\/a>\n\t<\/h3>\n\n\t<div class=\"entry-meta\"><span class=\"category-link\"><a href=\"https:\/\/activecitizensfund.ro\/en\/category\/impact3\/\" >impact3<\/a><\/span><a class=\"author vcard\" href=\"https:\/\/activecitizensfund.ro\/en\/author\/acfdmin\/\" title=\"View all posts by Active Citizens Fund\" rel=\"author\">By <span class=\"fn\">Active Citizens Fund<\/span><\/a><a href=\"https:\/\/activecitizensfund.ro\/en\/2024\/05\/15\/\" title=\"9:38 pm\" class=\"data-link\" rel=\"bookmark\"><time class=\"entry-date updated\" datetime=\"2024-05-15T21:38:05+03:00\">May 15, 2024<\/time><\/a><\/div>\n\t<div class=\"entry-excerpt\"><p>We continue our series of #Impact3 interviews!\nThis time we spoke with Dora Cerin - project manager of the \"Cu Alte Cuvinte\" Association. She shared with us some of the results she has had after going through the Impact3 programme, but also the challenges she faced.<\/p>\n<\/div>\n\t\n<a href=\"https:\/\/activecitizensfund.ro\/en\/impact3-interviu-dora-cerin\/\" class=\"post-details details-type-link\" aria-label=\"Read more about #impact3: Interviu Dora Cerin\">Read more<i class=\"dt-icon-the7-arrow-03\" aria-hidden=\"true\"><\/i><\/a>\n\n<\/div><\/article><\/div><div class=\"visible wf-cell iso-item\" data-post-id=\"58238\" data-date=\"2024-05-15T21:29:07+03:00\" data-name=\"#impact3: Interviu Simona Srebov\"><article class=\"post project-odd visible post-58238 type-post status-publish format-standard has-post-thumbnail hentry category-impact3 category-261\" data-name=\"#impact3: Interviu Simona Srebov\" data-date=\"2024-05-15T21:29:07+03:00\">\n\n<div class=\"post-thumbnail-wrap\">\n\t<div class=\"post-thumbnail\">\n\t\t\n\t\t\n\t\t<a href=\"https:\/\/activecitizensfund.ro\/en\/impact3-interviu-simona-srebov\/\" class=\"post-thumbnail-rollover layzr-bg layzr-bg\" ><img decoding=\"async\" class=\"iso-lazy-load preload-me iso-lazy-load aspect\" src=\"data:image\/svg+xml,%3Csvg%20xmlns%3D&#39;http%3A%2F%2Fwww.w3.org%2F2000%2Fsvg&#39;%20viewBox%3D&#39;0%200%20768%20512&#39;%2F%3E\" data-src=\"https:\/\/activecitizensfund.ro\/wp-content\/uploads\/2024\/05\/2.-Simona-RO-768x512.png\" data-srcset=\"https:\/\/activecitizensfund.ro\/wp-content\/uploads\/2024\/05\/2.-Simona-RO-768x512.png 768w, https:\/\/activecitizensfund.ro\/wp-content\/uploads\/2024\/05\/2.-Simona-RO-1152x768.png 1152w\" loading=\"eager\" style=\"--ratio: 768 \/ 512\" sizes=\"(max-width: 768px) 100vw, 768px\" alt=\"\" title=\"2. Simona (RO)\" width=\"768\" height=\"512\"  \/><\/a>\t<\/div>\n<\/div>\n\n\n<div class=\"post-entry-content\">\n\n\t<h3 class=\"entry-title\">\n\t\t<a href=\"https:\/\/activecitizensfund.ro\/en\/impact3-interviu-simona-srebov\/\" title=\"#impact3: Simona Srebov interview\" rel=\"bookmark\">#impact3: Simona Srebov interview<\/a>\n\t<\/h3>\n\n\t<div class=\"entry-meta\"><span class=\"category-link\"><a href=\"https:\/\/activecitizensfund.ro\/en\/category\/impact3\/\" >impact3<\/a><\/span><a class=\"author vcard\" href=\"https:\/\/activecitizensfund.ro\/en\/author\/acfdmin\/\" title=\"View all posts by Active Citizens Fund\" rel=\"author\">By <span class=\"fn\">Active Citizens Fund<\/span><\/a><a href=\"https:\/\/activecitizensfund.ro\/en\/2024\/05\/15\/\" title=\"9:29 pm\" class=\"data-link\" rel=\"bookmark\"><time class=\"entry-date updated\" datetime=\"2024-05-15T21:29:07+03:00\">May 15, 2024<\/time><\/a><\/div>\n\t<div class=\"entry-excerpt\"><p>We continue our series of #Impact3 interviews!\nThis time we spoke with Simona Srebov - program manager of the Federation \"Community Foundations of Romania\" (F.F.C.R.). She shared with us some of the results she had after going through the Impact3 programme, but also the challenges she faced.<\/p>\n<\/div>\n\t\n<a href=\"https:\/\/activecitizensfund.ro\/en\/impact3-interviu-simona-srebov\/\" class=\"post-details details-type-link\" aria-label=\"Read more about #impact3: Interviu Simona Srebov\">Read more<i class=\"dt-icon-the7-arrow-03\" aria-hidden=\"true\"><\/i><\/a>\n\n<\/div><\/article><\/div><div class=\"visible wf-cell iso-item\" data-post-id=\"58255\" data-date=\"2024-04-29T17:19:20+03:00\" data-name=\"Rom\u00e2nia 2024. Sectorul neguvernamental. Profil, tendin\u021be, provoc\u0103ri\"><article class=\"post project-odd visible post-58255 type-post status-publish format-standard has-post-thumbnail hentry category-impact3 category-261\" data-name=\"Rom\u00e2nia 2024. Sectorul neguvernamental. Profil, tendin\u021be, provoc\u0103ri\" data-date=\"2024-04-29T17:19:20+03:00\">\n\n<div class=\"post-thumbnail-wrap\">\n\t<div class=\"post-thumbnail\">\n\t\t\n\t\t\n\t\t<a href=\"https:\/\/activecitizensfund.ro\/en\/romania-2024-sectorul-neguvernamental-profil-tendinte-provocari\/\" class=\"post-thumbnail-rollover layzr-bg layzr-bg\" ><img decoding=\"async\" class=\"iso-lazy-load preload-me iso-lazy-load aspect\" src=\"data:image\/svg+xml,%3Csvg%20xmlns%3D&#39;http%3A%2F%2Fwww.w3.org%2F2000%2Fsvg&#39;%20viewBox%3D&#39;0%200%20454%20303&#39;%2F%3E\" data-src=\"https:\/\/activecitizensfund.ro\/wp-content\/uploads\/2024\/07\/Coperta-ro-e1720693704358-454x303.jpg\" data-srcset=\"https:\/\/activecitizensfund.ro\/wp-content\/uploads\/2024\/07\/Coperta-ro-e1720693704358-454x303.jpg 454w\" loading=\"eager\" style=\"--ratio: 454 \/ 303\" sizes=\"(max-width: 454px) 100vw, 454px\" alt=\"\" title=\"Coperta ro\" width=\"454\" height=\"303\"  \/><\/a>\t<\/div>\n<\/div>\n\n\n<div class=\"post-entry-content\">\n\n\t<h3 class=\"entry-title\">\n\t\t<a href=\"https:\/\/activecitizensfund.ro\/en\/romania-2024-sectorul-neguvernamental-profil-tendinte-provocari\/\" title=\"Romania 2024. The non-governmental sector. Profile, Trends, Challenges\" rel=\"bookmark\">Romania 2024. The non-governmental sector. Profile, Trends, Challenges<\/a>\n\t<\/h3>\n\n\t<div class=\"entry-meta\"><span class=\"category-link\"><a href=\"https:\/\/activecitizensfund.ro\/en\/category\/impact3\/\" >impact3<\/a><\/span><a class=\"author vcard\" href=\"https:\/\/activecitizensfund.ro\/en\/author\/acfdmin\/\" title=\"View all posts by Active Citizens Fund\" rel=\"author\">By <span class=\"fn\">Active Citizens Fund<\/span><\/a><a href=\"https:\/\/activecitizensfund.ro\/en\/2024\/04\/29\/\" title=\"5:19 pm\" class=\"data-link\" rel=\"bookmark\"><time class=\"entry-date updated\" datetime=\"2024-04-29T17:19:20+03:00\">April 29, 2024<\/time><\/a><\/div>\n\t<div class=\"entry-excerpt\"><p>The study \u201cRomania 2024. The Non-Governmental Sector. Profile, Trends, Challenges\u201d (now in its third edition) provides the general public, decision-makers, and the NGO sector with a comprehensive overview of the current state of non-governmental organizations, recent trends, and their capacity to contribute to social development.<\/p>\n<\/div>\n\t\n<a href=\"https:\/\/activecitizensfund.ro\/en\/romania-2024-sectorul-neguvernamental-profil-tendinte-provocari\/\" class=\"post-details details-type-link\" aria-label=\"Read more about Rom\u00e2nia 2024. Sectorul neguvernamental. Profil, tendin\u021be, provoc\u0103ri\">Read more<i class=\"dt-icon-the7-arrow-03\" aria-hidden=\"true\"><\/i><\/a>\n\n<\/div><\/article><\/div><div class=\"visible wf-cell iso-item\" data-post-id=\"58230\" data-date=\"2024-04-20T21:21:54+03:00\" data-name=\"#impact3: Interviu Iulia Dromereschi\"><article class=\"post project-odd visible post-58230 type-post status-publish format-standard has-post-thumbnail hentry category-impact3 category-261\" data-name=\"#impact3: Interviu Iulia Dromereschi\" data-date=\"2024-04-20T21:21:54+03:00\">\n\n<div class=\"post-thumbnail-wrap\">\n\t<div class=\"post-thumbnail\">\n\t\t\n\t\t\n\t\t<a href=\"https:\/\/activecitizensfund.ro\/en\/impact3-interviu-iulia-dromereschi\/\" class=\"post-thumbnail-rollover layzr-bg layzr-bg\" ><img decoding=\"async\" class=\"iso-lazy-load preload-me iso-lazy-load aspect\" src=\"data:image\/svg+xml,%3Csvg%20xmlns%3D&#39;http%3A%2F%2Fwww.w3.org%2F2000%2Fsvg&#39;%20viewBox%3D&#39;0%200%20768%20512&#39;%2F%3E\" data-src=\"https:\/\/activecitizensfund.ro\/wp-content\/uploads\/2024\/05\/1.-Iulia-RO-768x512.jpg\" data-srcset=\"https:\/\/activecitizensfund.ro\/wp-content\/uploads\/2024\/05\/1.-Iulia-RO-768x512.jpg 768w, https:\/\/activecitizensfund.ro\/wp-content\/uploads\/2024\/05\/1.-Iulia-RO-1152x768.jpg 1152w\" loading=\"eager\" style=\"--ratio: 768 \/ 512\" sizes=\"(max-width: 768px) 100vw, 768px\" alt=\"\" title=\"1. Iulia (RO)\" width=\"768\" height=\"512\"  \/><\/a>\t<\/div>\n<\/div>\n\n\n<div class=\"post-entry-content\">\n\n\t<h3 class=\"entry-title\">\n\t\t<a href=\"https:\/\/activecitizensfund.ro\/en\/impact3-interviu-iulia-dromereschi\/\" title=\"#impact3: Iulia Dromereschi interview\" rel=\"bookmark\">#impact3: Iulia Dromereschi interview<\/a>\n\t<\/h3>\n\n\t<div class=\"entry-meta\"><span class=\"category-link\"><a href=\"https:\/\/activecitizensfund.ro\/en\/category\/impact3\/\" >impact3<\/a><\/span><a class=\"author vcard\" href=\"https:\/\/activecitizensfund.ro\/en\/author\/acfdmin\/\" title=\"View all posts by Active Citizens Fund\" rel=\"author\">By <span class=\"fn\">Active Citizens Fund<\/span><\/a><a href=\"https:\/\/activecitizensfund.ro\/en\/2024\/04\/20\/\" title=\"9:21 pm\" class=\"data-link\" rel=\"bookmark\"><time class=\"entry-date updated\" datetime=\"2024-04-20T21:21:54+03:00\">April 20, 2024<\/time><\/a><\/div>\n\t<div class=\"entry-excerpt\"><p>We first spoke to Iulia Dromereschi - president and co-founder of \"Information Association of Voices for Inclusion\". She shared with us some of the results she has had from going through the Impact3 programme, as well as the challenges she faced.<\/p>\n<\/div>\n\t\n<a href=\"https:\/\/activecitizensfund.ro\/en\/impact3-interviu-iulia-dromereschi\/\" class=\"post-details details-type-link\" aria-label=\"Read more about #impact3: Interviu Iulia Dromereschi\">Read more<i class=\"dt-icon-the7-arrow-03\" aria-hidden=\"true\"><\/i><\/a>\n\n<\/div><\/article><\/div><div class=\"visible wf-cell iso-item\" data-post-id=\"58212\" data-date=\"2024-04-16T12:38:35+03:00\" data-name=\"#impact3: cum construim impact colectiv \u00een sectorul societ\u0103\u021bii civile\"><article class=\"post project-odd visible post-58212 type-post status-publish format-standard has-post-thumbnail hentry category-impact3 category-261\" data-name=\"#impact3: cum construim impact colectiv \u00een sectorul societ\u0103\u021bii civile\" data-date=\"2024-04-16T12:38:35+03:00\">\n\n<div class=\"post-thumbnail-wrap\">\n\t<div class=\"post-thumbnail\">\n\t\t\n\t\t\n\t\t<a href=\"https:\/\/activecitizensfund.ro\/en\/impact3-colectiv\/\" class=\"post-thumbnail-rollover layzr-bg layzr-bg\" ><img decoding=\"async\" class=\"iso-lazy-load preload-me iso-lazy-load aspect\" src=\"data:image\/svg+xml,%3Csvg%20xmlns%3D&#39;http%3A%2F%2Fwww.w3.org%2F2000%2Fsvg&#39;%20viewBox%3D&#39;0%200%20768%20512&#39;%2F%3E\" data-src=\"https:\/\/activecitizensfund.ro\/wp-content\/uploads\/2024\/04\/Data_1-768x512.jpg\" data-srcset=\"https:\/\/activecitizensfund.ro\/wp-content\/uploads\/2024\/04\/Data_1-768x512.jpg 768w, https:\/\/activecitizensfund.ro\/wp-content\/uploads\/2024\/04\/Data_1-1080x720.jpg 1080w\" loading=\"eager\" style=\"--ratio: 768 \/ 512\" sizes=\"(max-width: 768px) 100vw, 768px\" alt=\"\" title=\"Data_1\" width=\"768\" height=\"512\"  \/><\/a>\t<\/div>\n<\/div>\n\n\n<div class=\"post-entry-content\">\n\n\t<h3 class=\"entry-title\">\n\t\t<a href=\"https:\/\/activecitizensfund.ro\/en\/impact3-colectiv\/\" title=\"#impact3: cum construim impact colectiv \u00een sectorul societ\u0103\u021bii civile?\" rel=\"bookmark\">#impact3: cum construim impact colectiv \u00een sectorul societ\u0103\u021bii civile?<\/a>\n\t<\/h3>\n\n\t<div class=\"entry-meta\"><span class=\"category-link\"><a href=\"https:\/\/activecitizensfund.ro\/en\/category\/impact3\/\" >impact3<\/a><\/span><a class=\"author vcard\" href=\"https:\/\/activecitizensfund.ro\/en\/author\/acfdmin\/\" title=\"View all posts by Active Citizens Fund\" rel=\"author\">By <span class=\"fn\">Active Citizens Fund<\/span><\/a><a href=\"https:\/\/activecitizensfund.ro\/en\/2024\/04\/16\/\" title=\"12:38 pm\" class=\"data-link\" rel=\"bookmark\"><time class=\"entry-date updated\" datetime=\"2024-04-16T12:38:35+03:00\">April 16, 2024<\/time><\/a><\/div>\n\t<div class=\"entry-excerpt\"><p>We know that nongovernmental organizations in Romania are ready and able to invest in their own development. How do we know it? Over the last 30 years, the Civil Society Development Foundation (CSDF) has worked with and for civil society organizations in Romania and we have constantly noticed their evolution, confirming the fac that the sector is maturing and is motivated towards constant improvement.<\/p>\n<\/div>\n\t\n<a href=\"https:\/\/activecitizensfund.ro\/en\/impact3-colectiv\/\" class=\"post-details details-type-link\" aria-label=\"Read more about #impact3: cum construim impact colectiv \u00een sectorul societ\u0103\u021bii civile\">Read more<i class=\"dt-icon-the7-arrow-03\" aria-hidden=\"true\"><\/i><\/a>\n\n<\/div><\/article><\/div><\/div><!-- iso-container|iso-grid --><\/div><div class=\"vc_empty_space\"   style=\"height: 60px\"><span class=\"vc_empty_space_inner\"><\/span><\/div>\n\t<div class=\"wpb_text_column wpb_content_element\" >\n\t\t<div class=\"wpb_wrapper\">\n\t\t\t<p>For more details, please contact us at: <a href=\"mailto:viorelia.manda@fdsc.ro\">viorelia.manda@fdsc.ro<\/a>, Viorelia Manda.<\/p>\n\n\t\t<\/div>\n\t<\/div>\n<div class=\"vc_empty_space\"   style=\"height: 60px\"><span class=\"vc_empty_space_inner\"><\/span><\/div><\/div><\/div><\/div><\/div><\/div><\/div><\/div><\/div><!-- Row Backgrounds --><div class=\"upb_color\" data-bg-override=\"full\" data-bg-color=\"#e8e8da\" data-fadeout=\"\" data-fadeout-percentage=\"30\" data-parallax-content=\"\" data-parallax-content-sense=\"30\" data-row-effect-mobile-disable=\"true\" data-img-parallax-mobile-disable=\"true\" data-rtl=\"false\"  data-custom-vc-row=\"\"  data-vc=\"7.8\"  data-is_old_vc=\"\"  data-theme-support=\"\"   data-overlay=\"false\" data-overlay-color=\"\" data-overlay-pattern=\"\" data-overlay-pattern-opacity=\"\" data-overlay-pattern-size=\"\"    ><\/div>\n<\/div>","protected":false},"excerpt":{"rendered":"<p>Proiectul \u201eBuilding capacity for collective impact and knowledge on CSOs ecosystem\u201d urm\u0103re\u0219te dou\u0103 obiective principale: s\u0103 \u00eembun\u0103t\u0103\u021beasc\u0103 cuno\u0219tin\u021bele bazate pe dovezi cu privire la ecosistemul ONG-urilor din Rom\u00e2nia \u00een ceea ce prive\u0219te dimensiunea sectorului, evolu\u021bia, valorile \u0219i impactul generat la nivel societal s\u0103 creeze con\u0219tientizare, expertiz\u0103 \u0219i abilit\u0103\u021bi practice pentru ONG-uri cu privire la m\u0103surarea&hellip;<\/p>","protected":false},"author":1,"featured_media":0,"parent":0,"menu_order":0,"comment_status":"closed","ping_status":"closed","template":"","meta":{"footnotes":""},"class_list":["post-58123","page","type-page","status-publish","hentry","description-off"],"_links":{"self":[{"href":"https:\/\/activecitizensfund.ro\/en\/wp-json\/wp\/v2\/pages\/58123","targetHints":{"allow":["GET"]}}],"collection":[{"href":"https:\/\/activecitizensfund.ro\/en\/wp-json\/wp\/v2\/pages"}],"about":[{"href":"https:\/\/activecitizensfund.ro\/en\/wp-json\/wp\/v2\/types\/page"}],"author":[{"embeddable":true,"href":"https:\/\/activecitizensfund.ro\/en\/wp-json\/wp\/v2\/users\/1"}],"replies":[{"embeddable":true,"href":"https:\/\/activecitizensfund.ro\/en\/wp-json\/wp\/v2\/comments?post=58123"}],"version-history":[{"count":88,"href":"https:\/\/activecitizensfund.ro\/en\/wp-json\/wp\/v2\/pages\/58123\/revisions"}],"predecessor-version":[{"id":58125,"href":"https:\/\/activecitizensfund.ro\/en\/wp-json\/wp\/v2\/pages\/58123\/revisions\/58125"}],"wp:attachment":[{"href":"https:\/\/activecitizensfund.ro\/en\/wp-json\/wp\/v2\/media?parent=58123"}],"curies":[{"name":"wp","href":"https:\/\/api.w.org\/{rel}","templated":true}]}}